{"id":25984,"date":"2020-06-03T12:50:03","date_gmt":"2020-06-03T12:50:03","guid":{"rendered":"https:\/\/elportillord.com\/homepage-4\/"},"modified":"2026-04-14T15:12:01","modified_gmt":"2026-04-14T15:12:01","slug":"homepage-4","status":"publish","type":"page","link":"https:\/\/elportillord.com\/fr\/","title":{"rendered":"Accueil"},"content":{"rendered":"\t\t<div data-elementor-type=\"wp-page\" data-elementor-id=\"25984\" class=\"elementor elementor-25984 elementor-18593\">\n\t\t\t\t<div class=\"elementor-element elementor-element-b2a8f77 e-flex e-con-boxed e-con e-parent\" data-id=\"b2a8f77\" data-element_type=\"container\" data-e-type=\"container\" data-settings=\"{&quot;background_background&quot;:&quot;classic&quot;}\">\n\t\t\t\t\t<div class=\"e-con-inner\">\n\t\t<div class=\"elementor-element elementor-element-a1e163d e-con-full elementor-hidden-tablet elementor-hidden-mobile e-flex e-con e-child\" data-id=\"a1e163d\" data-element_type=\"container\" data-e-type=\"container\">\n\t\t\t\t<\/div>\n\t\t<div class=\"elementor-element elementor-element-c9e73fa e-flex e-con-boxed e-con e-child\" data-id=\"c9e73fa\" data-element_type=\"container\" data-e-type=\"container\" data-settings=\"{&quot;background_background&quot;:&quot;classic&quot;}\">\n\t\t\t\t\t<div class=\"e-con-inner\">\n\t\t<div class=\"elementor-element elementor-element-3c9c73a e-con-full e-flex e-con e-child\" data-id=\"3c9c73a\" data-element_type=\"container\" data-e-type=\"container\" data-settings=\"{&quot;background_background&quot;:&quot;classic&quot;}\">\n\t\t<div class=\"elementor-element elementor-element-ae9117f e-con-full e-flex e-con e-child\" data-id=\"ae9117f\" data-element_type=\"container\" data-e-type=\"container\">\n\t\t\t\t<div class=\"elementor-element elementor-element-f0d5c12 elementor-widget__width-initial elementor-widget elementor-widget-heading\" data-id=\"f0d5c12\" data-element_type=\"widget\" data-e-type=\"widget\" data-widget_type=\"heading.default\">\n\t\t\t\t\t<h1 class=\"elementor-heading-title elementor-size-default\">El Portillo Real Estate<\/h1>\t\t\t\t<\/div>\n\t\t\t\t<\/div>\n\t\t<div class=\"elementor-element elementor-element-b269c63 e-con-full e-flex elementor-invisible e-con e-child\" data-id=\"b269c63\" data-element_type=\"container\" data-e-type=\"container\" data-settings=\"{&quot;animation&quot;:&quot;fadeIn&quot;}\">\n\t\t\t\t<div class=\"elementor-element elementor-element-926d4ea elementor-widget-mobile__width-initial elementor-widget elementor-widget-text-editor\" data-id=\"926d4ea\" data-element_type=\"widget\" data-e-type=\"widget\" data-widget_type=\"text-editor.default\">\n\t\t\t\t\t\t\t\t\t<p class=\"p1\">Le luxe pieds nus. Le joyau cach\u00e9 des Cara\u00efbes. La vraie vie en bord de mer.  <\/p>\t\t\t\t\t\t\t\t<\/div>\n\t\t\t\t<div class=\"elementor-element elementor-element-97129a6 elementor-align-center elementor-widget elementor-widget-button\" data-id=\"97129a6\" data-element_type=\"widget\" data-e-type=\"widget\" data-widget_type=\"button.default\">\n\t\t\t\t\t\t\t\t\t\t<a class=\"elementor-button elementor-button-link elementor-size-sm\" href=\"#the-villas\">\n\t\t\t\t\t\t<span class=\"elementor-button-content-wrapper\">\n\t\t\t\t\t\t\t\t\t<span class=\"elementor-button-text\">D\u00e9couvrez nos propri\u00e9t\u00e9s<\/span>\n\t\t\t\t\t<\/span>\n\t\t\t\t\t<\/a>\n\t\t\t\t\t\t\t\t<\/div>\n\t\t\t\t<\/div>\n\t\t\t\t<\/div>\n\t\t\t\t\t<\/div>\n\t\t\t\t<\/div>\n\t\t\t\t\t<\/div>\n\t\t\t\t<\/div>\n\t\t<div class=\"elementor-element elementor-element-4ecdb80 e-flex e-con-boxed e-con e-child\" data-id=\"4ecdb80\" data-element_type=\"container\" data-e-type=\"container\" id=\"the-villas\" data-settings=\"{&quot;background_background&quot;:&quot;classic&quot;}\">\n\t\t\t\t\t<div class=\"e-con-inner\">\n\t\t\t\t<div class=\"elementor-element elementor-element-ded01ec elementor-widget-mobile__width-initial elementor-invisible elementor-widget elementor-widget-heading\" data-id=\"ded01ec\" data-element_type=\"widget\" data-e-type=\"widget\" data-settings=\"{&quot;_animation&quot;:&quot;fadeIn&quot;}\" data-widget_type=\"heading.default\">\n\t\t\t\t\t<h2 class=\"elementor-heading-title elementor-size-default\">D\u00e9couvrez la vie exclusive au bord de la mer dans les Cara\u00efbes<\/h2>\t\t\t\t<\/div>\n\t\t\t\t<div class=\"elementor-element elementor-element-2a9bcac elementor-widget__width-initial elementor-widget elementor-widget-text-editor\" data-id=\"2a9bcac\" data-element_type=\"widget\" data-e-type=\"widget\" data-widget_type=\"text-editor.default\">\n\t\t\t\t\t\t\t\t\t<p class=\"p1\">D\u00e9couvrez une collection exclusive de propri\u00e9t\u00e9s de luxe \u00e0 El Portillo, Las Terrenas, \u00e0 quelques pas des eaux turquoise et du sable blanc. Chaque r\u00e9sidence offre intimit\u00e9, confort et design raffin\u00e9, avec un acc\u00e8s imm\u00e9diat aux meilleurs spots de sports nautiques de Saman\u00e1, v\u00e9ritable paradis du kitesurf et du wingfoil. Que vous recherchiez une retraite paisible ou une escapade active dans les Cara\u00efbes en famille ou entre amis, ces propri\u00e9t\u00e9s offrent le cadre id\u00e9al pour des moments inoubliables au paradis.  <\/p>\t\t\t\t\t\t\t\t<\/div>\n\t\t\t\t\t<\/div>\n\t\t\t\t<\/div>\n\t\t<div class=\"elementor-element elementor-element-5a4c186 e-flex e-con-boxed e-con e-child\" data-id=\"5a4c186\" data-element_type=\"container\" data-e-type=\"container\" data-settings=\"{&quot;background_background&quot;:&quot;classic&quot;}\">\n\t\t\t\t\t<div class=\"e-con-inner\">\n\t\t\t\t<div class=\"elementor-element elementor-element-8e3397a elementor-hidden-desktop elementor-widget elementor-widget-WpResidenc_Items_Slider\" data-id=\"8e3397a\" data-element_type=\"widget\" data-e-type=\"widget\" data-widget_type=\"WpResidenc_Items_Slider.default\">\n\t\t\t\t<div class=\"elementor-widget-container\">\n\t\t\t\t\t<div class=\" slider_container bottom-properties nobutton  \" ><div class=\"shortcode_slider_wrapper\" ><div class=\"shortcode_slider_list   slider_no2894 arrow_class_top\"   data-items-per-row=\"3\"   data-auto=\"0\" >  \n\n<div class=\"col-lg-4 col-12 col-sm-6 col-md-6   listing_wrapper  property_unit_type8\" \n    data-org=\"4\"   \n    data-main-modal=\"https:\/\/elportillord.com\/wp-content\/uploads\/2026\/02\/IMG_92591-835x467.jpg\"\n    data-modal-title=\"Casa Arena 6 chambres\"\n    data-modal-link=\"https:\/\/elportillord.com\/fr\/properties\/casa-arena\/\"\n    data-listid=\"26585\"> \n    \n    <div class=\"property_listing property_unit_type8 \" \n         data-link=\"\">\n\n                    <div class=\"listing-unit-img-wrapper\">\n                <div class=\"featured_gradient\"><\/div>\n                    <div id=\"property_unit_carousel_69f43c12b378f\" class=\"carousel property_unit_carousel slide\" data-bs-interval=\"false\">\n        <div class=\"carousel-inner\">\n           \n            <div class=\"carousel-item active\">\n                <a href=\"https:\/\/elportillord.com\/fr\/properties\/casa-arena\/\" target=\"_self\">\n                    <img decoding=\"async\" width=\"525px\" height=\"420px\" src=\"https:\/\/elportillord.com\/wp-content\/uploads\/2026\/02\/IMG_92591-525x420.jpg\" alt=\"Casa Arena 6 chambres\" class=\"d-block w-100 img-fluid\" loading=\"lazy\" \/>\n                <\/a>\n            <\/div><div class=\"carousel-item \">\n                <a href=\"https:\/\/elportillord.com\/fr\/properties\/casa-arena\/\" target=\"_self\">\n                    <img decoding=\"async\" width=\"525px\" height=\"420px\" src=\"https:\/\/elportillord.com\/wp-content\/uploads\/2026\/02\/IMG_9338-525x420.jpg\" alt=\"Casa Arena 6 chambres\" class=\"d-block w-100 img-fluid\" loading=\"lazy\" \/>\n                <\/a>\n            <\/div><div class=\"carousel-item \">\n                <a href=\"https:\/\/elportillord.com\/fr\/properties\/casa-arena\/\" target=\"_self\">\n                    <img decoding=\"async\" width=\"525px\" height=\"420px\" src=\"https:\/\/elportillord.com\/wp-content\/uploads\/2026\/02\/IMG_9313-525x420.jpg\" alt=\"Casa Arena 6 chambres\" class=\"d-block w-100 img-fluid\" loading=\"lazy\" \/>\n                <\/a>\n            <\/div><div class=\"carousel-item \">\n                <a href=\"https:\/\/elportillord.com\/fr\/properties\/casa-arena\/\" target=\"_self\">\n                    <img decoding=\"async\" width=\"525px\" height=\"420px\" src=\"https:\/\/elportillord.com\/wp-content\/uploads\/2026\/02\/IMG_9212-525x420.jpg\" alt=\"Casa Arena 6 chambres\" class=\"d-block w-100 img-fluid\" loading=\"lazy\" \/>\n                <\/a>\n            <\/div><div class=\"carousel-item \">\n                <a href=\"https:\/\/elportillord.com\/fr\/properties\/casa-arena\/\" target=\"_self\">\n                    <img decoding=\"async\" width=\"525px\" height=\"420px\" src=\"https:\/\/elportillord.com\/wp-content\/uploads\/2026\/02\/IMG_9227-525x420.jpg\" alt=\"Casa Arena 6 chambres\" class=\"d-block w-100 img-fluid\" loading=\"lazy\" \/>\n                <\/a>\n            <\/div>        <\/div>\n                    <button class=\"carousel-control-prev\" type=\"button\" data-bs-target=\"#property_unit_carousel_69f43c12b378f\" data-bs-slide=\"prev\">\n                <span class=\"carousel-control-prev-icon\" aria-hidden=\"true\"><\/span>\n                <span class=\"visually-hidden\">Previous<\/span>\n            <\/button>\n            <button class=\"carousel-control-next\" type=\"button\" data-bs-target=\"#property_unit_carousel_69f43c12b378f\" data-bs-slide=\"next\">\n                <span class=\"carousel-control-next-icon\" aria-hidden=\"true\"><\/span>\n                <span class=\"visually-hidden\">Next<\/span>\n            <\/button>\n            <\/div>\n                    <div class=\"tag-wrapper\">\n    <div class=\"status-wrapper\">\n    <div class=\"action_tag_wrapper Locations\">Locations<\/div><div class=\"ribbon-inside actif\">actif<\/div><\/div>\n<\/div>                \n                \n<div class=\"property_agent_wrapper\">\n    \n    <\/div>\n                            <\/div>\n    \n            <div class=\"property-unit-information-wrapper\">\n            <h4>\n  <a href=\"https:\/\/elportillord.com\/fr\/properties\/casa-arena\/\" >Casa Arena 6 chambres<\/a>\n<\/h4><div class=\"property_card_categories_wrapper\"><a href=\"https:\/\/elportillord.com\/fr\/categorie_propriete\/maisons\/\" rel=\"tag\">Maisons<\/a> &#183; <a href=\"https:\/\/elportillord.com\/fr\/type_doperation\/locations\/\" rel=\"tag\">Locations<\/a> &#183; <a href=\"https:\/\/elportillord.com\/fr\/Statut%20de%20la%20propriete\/actif\/\" rel=\"tag\">actif<\/a><\/div><div class=\"property_details_type1_wrapper\">\n    <span class=\"property_details_type1_rooms\"><span class=\"property_details_type1_value\">6<\/span> Chambres<\/span> <span>&#183;<\/span> <span class=\"property_details_type1_baths\"><span class=\"property_details_type1_value\">8<\/span> Salles de bains<\/span><\/div><div class=\"listing_unit_price_wrapper\">\n    <span class=\"price_label price_label_before\">De<\/span> $ 900 <span class=\"price_label\">par nuit<\/span><\/div>            <\/div>\n            <\/div>    \n<\/div>  \n\n<div class=\"col-lg-4 col-12 col-sm-6 col-md-6   listing_wrapper  property_unit_type8\" \n    data-org=\"4\"   \n    data-main-modal=\"https:\/\/elportillord.com\/wp-content\/uploads\/2026\/02\/IMG_4405-2-835x467.jpg\"\n    data-modal-title=\"Villa Angela\"\n    data-modal-link=\"https:\/\/elportillord.com\/fr\/properties\/villa-angela\/\"\n    data-listid=\"26659\"> \n    \n    <div class=\"property_listing property_unit_type8 \" \n         data-link=\"\">\n\n                    <div class=\"listing-unit-img-wrapper\">\n                <div class=\"featured_gradient\"><\/div>\n                    <div id=\"property_unit_carousel_69f43c12b8dee\" class=\"carousel property_unit_carousel slide\" data-bs-interval=\"false\">\n        <div class=\"carousel-inner\">\n           \n            <div class=\"carousel-item active\">\n                <a href=\"https:\/\/elportillord.com\/fr\/properties\/villa-angela\/\" target=\"_self\">\n                    <img decoding=\"async\" width=\"525px\" height=\"420px\" src=\"https:\/\/elportillord.com\/wp-content\/uploads\/2026\/02\/IMG_4405-2-525x420.jpg\" alt=\"Villa Angela\" class=\"d-block w-100 img-fluid\" loading=\"lazy\" \/>\n                <\/a>\n            <\/div><div class=\"carousel-item \">\n                <a href=\"https:\/\/elportillord.com\/fr\/properties\/villa-angela\/\" target=\"_self\">\n                    <img decoding=\"async\" width=\"525px\" height=\"420px\" src=\"https:\/\/elportillord.com\/wp-content\/uploads\/2026\/02\/IMG_4405-2-525x420.jpg\" alt=\"Villa Angela\" class=\"d-block w-100 img-fluid\" loading=\"lazy\" \/>\n                <\/a>\n            <\/div><div class=\"carousel-item \">\n                <a href=\"https:\/\/elportillord.com\/fr\/properties\/villa-angela\/\" target=\"_self\">\n                    <img decoding=\"async\" width=\"525px\" height=\"420px\" src=\"https:\/\/elportillord.com\/wp-content\/uploads\/2026\/02\/IMG_4369-2-525x420.jpg\" alt=\"Villa Angela\" class=\"d-block w-100 img-fluid\" loading=\"lazy\" \/>\n                <\/a>\n            <\/div><div class=\"carousel-item \">\n                <a href=\"https:\/\/elportillord.com\/fr\/properties\/villa-angela\/\" target=\"_self\">\n                    <img decoding=\"async\" width=\"525px\" height=\"420px\" src=\"https:\/\/elportillord.com\/wp-content\/uploads\/2026\/02\/IMG_4370-3-525x420.jpg\" alt=\"Villa Angela\" class=\"d-block w-100 img-fluid\" loading=\"lazy\" \/>\n                <\/a>\n            <\/div><div class=\"carousel-item \">\n                <a href=\"https:\/\/elportillord.com\/fr\/properties\/villa-angela\/\" target=\"_self\">\n                    <img decoding=\"async\" width=\"525px\" height=\"420px\" src=\"https:\/\/elportillord.com\/wp-content\/uploads\/2026\/02\/IMG_4371-2-525x420.jpg\" alt=\"Villa Angela\" class=\"d-block w-100 img-fluid\" loading=\"lazy\" \/>\n                <\/a>\n            <\/div>        <\/div>\n                    <button class=\"carousel-control-prev\" type=\"button\" data-bs-target=\"#property_unit_carousel_69f43c12b8dee\" data-bs-slide=\"prev\">\n                <span class=\"carousel-control-prev-icon\" aria-hidden=\"true\"><\/span>\n                <span class=\"visually-hidden\">Previous<\/span>\n            <\/button>\n            <button class=\"carousel-control-next\" type=\"button\" data-bs-target=\"#property_unit_carousel_69f43c12b8dee\" data-bs-slide=\"next\">\n                <span class=\"carousel-control-next-icon\" aria-hidden=\"true\"><\/span>\n                <span class=\"visually-hidden\">Next<\/span>\n            <\/button>\n            <\/div>\n                    <div class=\"tag-wrapper\">\n    <div class=\"status-wrapper\">\n    <div class=\"action_tag_wrapper Locations\">Locations<\/div><div class=\"ribbon-inside actif\">actif<\/div><\/div>\n<\/div>                \n                \n<div class=\"property_agent_wrapper\">\n    \n    <\/div>\n                            <\/div>\n    \n            <div class=\"property-unit-information-wrapper\">\n            <h4>\n  <a href=\"https:\/\/elportillord.com\/fr\/properties\/villa-angela\/\" >Villa Angela<\/a>\n<\/h4><div class=\"property_card_categories_wrapper\"><a href=\"https:\/\/elportillord.com\/fr\/categorie_propriete\/maisons\/\" rel=\"tag\">Maisons<\/a> &#183; <a href=\"https:\/\/elportillord.com\/fr\/type_doperation\/locations\/\" rel=\"tag\">Locations<\/a> &#183; <a href=\"https:\/\/elportillord.com\/fr\/Statut%20de%20la%20propriete\/actif\/\" rel=\"tag\">actif<\/a><\/div><div class=\"property_details_type1_wrapper\">\n    <span class=\"property_details_type1_rooms\"><span class=\"property_details_type1_value\">5<\/span> Chambres<\/span> <span>&#183;<\/span> <span class=\"property_details_type1_baths\"><span class=\"property_details_type1_value\">6<\/span> Salles de bains<\/span><\/div><div class=\"listing_unit_price_wrapper\">\n    <span class=\"price_label price_label_before\">From<\/span> $ 900 <span class=\"price_label\">per night<\/span><\/div>            <\/div>\n            <\/div>    \n<\/div>  \n\n<div class=\"col-lg-4 col-12 col-sm-6 col-md-6   listing_wrapper  property_unit_type8\" \n    data-org=\"4\"   \n    data-main-modal=\"https:\/\/elportillord.com\/wp-content\/uploads\/2026\/04\/IMG_9233-cut-835x467.webp\"\n    data-modal-title=\"Casa Arena 3 chambres\"\n    data-modal-link=\"https:\/\/elportillord.com\/fr\/properties\/casa-arena-chica\/\"\n    data-listid=\"26838\"> \n    \n    <div class=\"property_listing property_unit_type8 \" \n         data-link=\"\">\n\n                    <div class=\"listing-unit-img-wrapper\">\n                <div class=\"featured_gradient\"><\/div>\n                    <div id=\"property_unit_carousel_69f43c12ba1a5\" class=\"carousel property_unit_carousel slide\" data-bs-interval=\"false\">\n        <div class=\"carousel-inner\">\n           \n            <div class=\"carousel-item active\">\n                <a href=\"https:\/\/elportillord.com\/fr\/properties\/casa-arena-chica\/\" target=\"_self\">\n                    <img decoding=\"async\" width=\"525px\" height=\"420px\" src=\"https:\/\/elportillord.com\/wp-content\/uploads\/2026\/04\/IMG_9233-cut-525x420.webp\" alt=\"Casa Arena 3 chambres\" class=\"d-block w-100 img-fluid\" loading=\"lazy\" \/>\n                <\/a>\n            <\/div><div class=\"carousel-item \">\n                <a href=\"https:\/\/elportillord.com\/fr\/properties\/casa-arena-chica\/\" target=\"_self\">\n                    <img decoding=\"async\" width=\"525px\" height=\"420px\" src=\"https:\/\/elportillord.com\/wp-content\/uploads\/2026\/04\/IMG_9233-cut-525x420.webp\" alt=\"Casa Arena 3 chambres\" class=\"d-block w-100 img-fluid\" loading=\"lazy\" \/>\n                <\/a>\n            <\/div><div class=\"carousel-item \">\n                <a href=\"https:\/\/elportillord.com\/fr\/properties\/casa-arena-chica\/\" target=\"_self\">\n                    <img decoding=\"async\" width=\"525px\" height=\"420px\" src=\"https:\/\/elportillord.com\/wp-content\/uploads\/2026\/02\/IMG_9338-525x420.jpg\" alt=\"Casa Arena 3 chambres\" class=\"d-block w-100 img-fluid\" loading=\"lazy\" \/>\n                <\/a>\n            <\/div><div class=\"carousel-item \">\n                <a href=\"https:\/\/elportillord.com\/fr\/properties\/casa-arena-chica\/\" target=\"_self\">\n                    <img decoding=\"async\" width=\"525px\" height=\"420px\" src=\"https:\/\/elportillord.com\/wp-content\/uploads\/2026\/02\/IMG_9340-525x420.jpg\" alt=\"Casa Arena 3 chambres\" class=\"d-block w-100 img-fluid\" loading=\"lazy\" \/>\n                <\/a>\n            <\/div><div class=\"carousel-item \">\n                <a href=\"https:\/\/elportillord.com\/fr\/properties\/casa-arena-chica\/\" target=\"_self\">\n                    <img decoding=\"async\" width=\"525px\" height=\"420px\" src=\"https:\/\/elportillord.com\/wp-content\/uploads\/2026\/02\/IMG_9222-525x420.jpg\" alt=\"Casa Arena 3 chambres\" class=\"d-block w-100 img-fluid\" loading=\"lazy\" \/>\n                <\/a>\n            <\/div>        <\/div>\n                    <button class=\"carousel-control-prev\" type=\"button\" data-bs-target=\"#property_unit_carousel_69f43c12ba1a5\" data-bs-slide=\"prev\">\n                <span class=\"carousel-control-prev-icon\" aria-hidden=\"true\"><\/span>\n                <span class=\"visually-hidden\">Previous<\/span>\n            <\/button>\n            <button class=\"carousel-control-next\" type=\"button\" data-bs-target=\"#property_unit_carousel_69f43c12ba1a5\" data-bs-slide=\"next\">\n                <span class=\"carousel-control-next-icon\" aria-hidden=\"true\"><\/span>\n                <span class=\"visually-hidden\">Next<\/span>\n            <\/button>\n            <\/div>\n                    <div class=\"tag-wrapper\">\n    <div class=\"status-wrapper\">\n    <div class=\"action_tag_wrapper Locations\">Locations<\/div><div class=\"ribbon-inside actif\">actif<\/div><\/div>\n<\/div>                \n                \n<div class=\"property_agent_wrapper\">\n    \n    <\/div>\n                            <\/div>\n    \n            <div class=\"property-unit-information-wrapper\">\n            <h4>\n  <a href=\"https:\/\/elportillord.com\/fr\/properties\/casa-arena-chica\/\" >Casa Arena 3 chambres<\/a>\n<\/h4><div class=\"property_card_categories_wrapper\"><a href=\"https:\/\/elportillord.com\/fr\/categorie_propriete\/maisons\/\" rel=\"tag\">Maisons<\/a> &#183; <a href=\"https:\/\/elportillord.com\/fr\/type_doperation\/locations\/\" rel=\"tag\">Locations<\/a> &#183; <a href=\"https:\/\/elportillord.com\/fr\/Statut%20de%20la%20propriete\/actif\/\" rel=\"tag\">actif<\/a><\/div><div class=\"property_details_type1_wrapper\">\n    <span class=\"property_details_type1_rooms\"><span class=\"property_details_type1_value\">3<\/span> Chambres<\/span> <span>&#183;<\/span> <span class=\"property_details_type1_baths\"><span class=\"property_details_type1_value\">4<\/span> Salles de bains<\/span><\/div><div class=\"listing_unit_price_wrapper\">\n    <span class=\"price_label price_label_before\">De<\/span> $ 600 <span class=\"price_label\">par nuit<\/span><\/div>            <\/div>\n            <\/div>    \n<\/div>  \n\n<div class=\"col-lg-4 col-12 col-sm-6 col-md-6   listing_wrapper  property_unit_type8\" \n    data-org=\"4\"   \n    data-main-modal=\"https:\/\/elportillord.com\/wp-content\/uploads\/2026\/02\/IMG_9100-835x467.jpg\"\n    data-modal-title=\"Villa 4\"\n    data-modal-link=\"https:\/\/elportillord.com\/fr\/properties\/villa-4\/\"\n    data-listid=\"26629\"> \n    \n    <div class=\"property_listing property_unit_type8 \" \n         data-link=\"\">\n\n                    <div class=\"listing-unit-img-wrapper\">\n                <div class=\"featured_gradient\"><\/div>\n                    <div id=\"property_unit_carousel_69f43c12bb21a\" class=\"carousel property_unit_carousel slide\" data-bs-interval=\"false\">\n        <div class=\"carousel-inner\">\n           \n            <div class=\"carousel-item active\">\n                <a href=\"https:\/\/elportillord.com\/fr\/properties\/villa-4\/\" target=\"_self\">\n                    <img decoding=\"async\" width=\"525px\" height=\"420px\" src=\"https:\/\/elportillord.com\/wp-content\/uploads\/2026\/02\/IMG_9100-525x420.jpg\" alt=\"Villa 4\" class=\"d-block w-100 img-fluid\" loading=\"lazy\" \/>\n                <\/a>\n            <\/div><div class=\"carousel-item \">\n                <a href=\"https:\/\/elportillord.com\/fr\/properties\/villa-4\/\" target=\"_self\">\n                    <img decoding=\"async\" width=\"525px\" height=\"420px\" src=\"https:\/\/elportillord.com\/wp-content\/uploads\/2026\/02\/IMG_9100-525x420.jpg\" alt=\"Villa 4\" class=\"d-block w-100 img-fluid\" loading=\"lazy\" \/>\n                <\/a>\n            <\/div><div class=\"carousel-item \">\n                <a href=\"https:\/\/elportillord.com\/fr\/properties\/villa-4\/\" target=\"_self\">\n                    <img decoding=\"async\" width=\"525px\" height=\"420px\" src=\"https:\/\/elportillord.com\/wp-content\/uploads\/2026\/02\/IMG_9083-525x420.jpg\" alt=\"Villa 4\" class=\"d-block w-100 img-fluid\" loading=\"lazy\" \/>\n                <\/a>\n            <\/div><div class=\"carousel-item \">\n                <a href=\"https:\/\/elportillord.com\/fr\/properties\/villa-4\/\" target=\"_self\">\n                    <img decoding=\"async\" width=\"525px\" height=\"420px\" src=\"https:\/\/elportillord.com\/wp-content\/uploads\/2026\/02\/IMG_9034-525x420.jpg\" alt=\"Villa 4\" class=\"d-block w-100 img-fluid\" loading=\"lazy\" \/>\n                <\/a>\n            <\/div><div class=\"carousel-item \">\n                <a href=\"https:\/\/elportillord.com\/fr\/properties\/villa-4\/\" target=\"_self\">\n                    <img decoding=\"async\" width=\"525px\" height=\"420px\" src=\"https:\/\/elportillord.com\/wp-content\/uploads\/2026\/02\/IMG_9029-525x420.jpg\" alt=\"Villa 4\" class=\"d-block w-100 img-fluid\" loading=\"lazy\" \/>\n                <\/a>\n            <\/div>        <\/div>\n                    <button class=\"carousel-control-prev\" type=\"button\" data-bs-target=\"#property_unit_carousel_69f43c12bb21a\" data-bs-slide=\"prev\">\n                <span class=\"carousel-control-prev-icon\" aria-hidden=\"true\"><\/span>\n                <span class=\"visually-hidden\">Previous<\/span>\n            <\/button>\n            <button class=\"carousel-control-next\" type=\"button\" data-bs-target=\"#property_unit_carousel_69f43c12bb21a\" data-bs-slide=\"next\">\n                <span class=\"carousel-control-next-icon\" aria-hidden=\"true\"><\/span>\n                <span class=\"visually-hidden\">Next<\/span>\n            <\/button>\n            <\/div>\n                    <div class=\"tag-wrapper\">\n    <div class=\"status-wrapper\">\n    <div class=\"action_tag_wrapper Locations\">Locations<\/div><div class=\"ribbon-inside actif\">actif<\/div><\/div>\n<\/div>                \n                \n<div class=\"property_agent_wrapper\">\n    \n    <\/div>\n                            <\/div>\n    \n            <div class=\"property-unit-information-wrapper\">\n            <h4>\n  <a href=\"https:\/\/elportillord.com\/fr\/properties\/villa-4\/\" >Villa 4<\/a>\n<\/h4><div class=\"property_card_categories_wrapper\"><a href=\"https:\/\/elportillord.com\/fr\/categorie_propriete\/maisons\/\" rel=\"tag\">Maisons<\/a> &#183; <a href=\"https:\/\/elportillord.com\/fr\/type_doperation\/locations\/\" rel=\"tag\">Locations<\/a> &#183; <a href=\"https:\/\/elportillord.com\/fr\/Statut%20de%20la%20propriete\/actif\/\" rel=\"tag\">actif<\/a><\/div><div class=\"property_details_type1_wrapper\">\n    <span class=\"property_details_type1_rooms\"><span class=\"property_details_type1_value\">4<\/span> Chambres<\/span> <span>&#183;<\/span> <span class=\"property_details_type1_baths\"><span class=\"property_details_type1_value\">4<\/span> Salles de bains<\/span><\/div><div class=\"listing_unit_price_wrapper\">\n    <span class=\"price_label price_label_before\">From<\/span> $ 500 <span class=\"price_label\">per night<\/span><\/div>            <\/div>\n            <\/div>    \n<\/div><\/div><\/div><\/div>\n    <script type=\"text\/javascript\">\n        \/\/<![CDATA[\n        jQuery(document).ready(function(){\n           wpestate_enble_slick_slider_list();\n        });\n        \/\/]]>\n    <\/script>\t\t\t\t<\/div>\n\t\t\t\t<\/div>\n\t\t\t\t<div class=\"elementor-element elementor-element-839f892 elementor-hidden-mobile elementor-hidden-tablet elementor-hidden-desktop elementor-widget elementor-widget-WpResidence_Property_Slider\" data-id=\"839f892\" data-element_type=\"widget\" data-e-type=\"widget\" data-widget_type=\"WpResidence_Property_Slider.default\">\n\t\t\t\t<div class=\"elementor-widget-container\">\n\t\t\t\t\t<div class=\"property_slider2_wrapper owl-carousel owl-theme\" id=\"estate-property_slider2\"><div class=\"item active\" data-hash=\"item0\" data-href=\"https:\/\/elportillord.com\/?post_type=estate_property&#038;p=25634\">\n    <div class=\"image_div\" style=\"background-image:url(https:\/\/elportillord.com\/wp-content\/uploads\/2025\/09\/IMG_6339-1-835x467.jpg);\">\n        <div class=\"featured_gradient\"><\/div>\n                <div class=\"status-wrapper\"><div class=\"ribbon-wrapper-default ribbon-wrapper-active\"><div class=\"ribbon-inside active\">active<\/div><\/div><\/div>        <div class=\"featured_secondline\">\n                            <div class=\"agent_face\" style=\"background-image:url(https:\/\/elportillord.com\/wp-content\/uploads\/2014\/05\/Diseno-sin-titulo-120x120.png)\"><\/div>\n                        <a href=\"https:\/\/elportillord.com\/agents\/el-portillo-real-estate\/\">El Portillo Real Estate<\/a>\n        <\/div>\n    <\/div>\n\n    <div class=\"property_slider2_info_wrapper\">\n        <div class=\"property_slider2_info_price\">\n            <span class=\"price_label price_label_before\">From<\/span> $ 400 <span class=\"price_label\">per night<\/span>        <\/div>\n        <a href=\"https:\/\/elportillord.com\/?post_type=estate_property&#038;p=25634\" target=\"_blank\"><h2>Villa Mery<\/h2><\/a>\n        <div class=\"property_slider_sec_row\">\n                            <div class=\"inforoom_unit_type5\">3 BD<\/div>\n                                        <div class=\"inforoom_unit_type5\">4 BA<span><\/span><\/div>\n                                <\/div>\n        <div class=\"property_slider2_content\">\n            This beautiful modern villa features a large terrace overlooking a spacious tropical garden and a private pool with relaxing bubble effects. Fully furnished and equipped, <a href=\"https:\/\/elportillord.com\/?post_type=estate_property&#038;p=25634\" class=\"unit_more_x\"> ...<\/a>        <\/div>\n    <\/div>\n<\/div><div class=\"item \" data-hash=\"item1\" data-href=\"https:\/\/elportillord.com\/?post_type=estate_property&#038;p=25686\">\n    <div class=\"image_div\" style=\"background-image:url(https:\/\/elportillord.com\/wp-content\/uploads\/2025\/09\/Bellavista_IMG_6115-835x467.jpg);\">\n        <div class=\"featured_gradient\"><\/div>\n                <div class=\"status-wrapper\"><div class=\"ribbon-wrapper-default ribbon-wrapper-active\"><div class=\"ribbon-inside active\">active<\/div><\/div><\/div>        <div class=\"featured_secondline\">\n                            <div class=\"agent_face\" style=\"background-image:url(https:\/\/elportillord.com\/wp-content\/uploads\/2014\/05\/Diseno-sin-titulo-120x120.png)\"><\/div>\n                        <a href=\"https:\/\/elportillord.com\/agents\/el-portillo-real-estate\/\">El Portillo Real Estate<\/a>\n        <\/div>\n    <\/div>\n\n    <div class=\"property_slider2_info_wrapper\">\n        <div class=\"property_slider2_info_price\">\n            <span class=\"price_label price_label_before\">From<\/span> $ 550 <span class=\"price_label\">per night<\/span>        <\/div>\n        <a href=\"https:\/\/elportillord.com\/?post_type=estate_property&#038;p=25686\" target=\"_blank\"><h2>Villa Bellavista<\/h2><\/a>\n        <div class=\"property_slider_sec_row\">\n                            <div class=\"inforoom_unit_type5\">4 BD<\/div>\n                                        <div class=\"inforoom_unit_type5\">3 BA<span><\/span><\/div>\n                                <\/div>\n        <div class=\"property_slider2_content\">\n            Embrace the essence of Caribbean living in this spacious beachfront villa, designed with generous interiors and a large terrace that opens onto a private pool and lush tr <a href=\"https:\/\/elportillord.com\/?post_type=estate_property&#038;p=25686\" class=\"unit_more_x\"> ...<\/a>        <\/div>\n    <\/div>\n<\/div><div class=\"item \" data-hash=\"item2\" data-href=\"https:\/\/elportillord.com\/?post_type=estate_property&#038;p=25002\">\n    <div class=\"image_div\" style=\"background-image:url(https:\/\/elportillord.com\/wp-content\/uploads\/2025\/09\/IMG_1958-835x467.jpg);\">\n        <div class=\"featured_gradient\"><\/div>\n                <div class=\"status-wrapper\"><div class=\"ribbon-wrapper-default ribbon-wrapper-active\"><div class=\"ribbon-inside active\">active<\/div><\/div><\/div>        <div class=\"featured_secondline\">\n                            <div class=\"agent_face\" style=\"background-image:url(https:\/\/elportillord.com\/wp-content\/uploads\/2014\/05\/Diseno-sin-titulo-120x120.png)\"><\/div>\n                        <a href=\"https:\/\/elportillord.com\/agents\/el-portillo-real-estate\/\">El Portillo Real Estate<\/a>\n        <\/div>\n    <\/div>\n\n    <div class=\"property_slider2_info_wrapper\">\n        <div class=\"property_slider2_info_price\">\n            <span class=\"price_label price_label_before\">From<\/span> $ 200 <span class=\"price_label\">per night<\/span>        <\/div>\n        <a href=\"https:\/\/elportillord.com\/?post_type=estate_property&#038;p=25002\" target=\"_blank\"><h2>Villa Girasol<\/h2><\/a>\n        <div class=\"property_slider_sec_row\">\n                            <div class=\"inforoom_unit_type5\">2 BD<\/div>\n                                        <div class=\"inforoom_unit_type5\">2 BA<span><\/span><\/div>\n                                <\/div>\n        <div class=\"property_slider2_content\">\n            This charming modern villa, newly built in 2023, offers stylish one-level living with a spacious terrace overlooking a lush tropical garden and a private saltwater pool.  <a href=\"https:\/\/elportillord.com\/?post_type=estate_property&#038;p=25002\" class=\"unit_more_x\"> ...<\/a>        <\/div>\n    <\/div>\n<\/div><div class=\"item \" data-hash=\"item3\" data-href=\"https:\/\/elportillord.com\/?post_type=estate_property&#038;p=24958\">\n    <div class=\"image_div\" style=\"background-image:url(https:\/\/elportillord.com\/wp-content\/uploads\/2025\/09\/IMG_2512-835x467.jpg);\">\n        <div class=\"featured_gradient\"><\/div>\n                <div class=\"status-wrapper\"><div class=\"ribbon-wrapper-default ribbon-wrapper-active\"><div class=\"ribbon-inside active\">active<\/div><\/div><\/div>        <div class=\"featured_secondline\">\n                            <div class=\"agent_face\" style=\"background-image:url(https:\/\/elportillord.com\/wp-content\/uploads\/2014\/05\/Diseno-sin-titulo-120x120.png)\"><\/div>\n                        <a href=\"https:\/\/elportillord.com\/agents\/el-portillo-real-estate\/\">El Portillo Real Estate<\/a>\n        <\/div>\n    <\/div>\n\n    <div class=\"property_slider2_info_wrapper\">\n        <div class=\"property_slider2_info_price\">\n            <span class=\"price_label price_label_before\">From<\/span> $ 400 <span class=\"price_label\">per night<\/span>        <\/div>\n        <a href=\"https:\/\/elportillord.com\/?post_type=estate_property&#038;p=24958\" target=\"_blank\"><h2>Villa Popy<\/h2><\/a>\n        <div class=\"property_slider_sec_row\">\n                            <div class=\"inforoom_unit_type5\">4 BD<\/div>\n                                        <div class=\"inforoom_unit_type5\">3 BA<span><\/span><\/div>\n                                <\/div>\n        <div class=\"property_slider2_content\">\n            This elegant architect-designed villa, fully renovated in 2024, offers spacious two-level living with wide openings that seamlessly blend indoor comfort with the tropical <a href=\"https:\/\/elportillord.com\/?post_type=estate_property&#038;p=24958\" class=\"unit_more_x\"> ...<\/a>        <\/div>\n    <\/div>\n<\/div><div class=\"item \" data-hash=\"item4\" data-href=\"https:\/\/elportillord.com\/?post_type=estate_property&#038;p=24888\">\n    <div class=\"image_div\" style=\"background-image:url(https:\/\/elportillord.com\/wp-content\/uploads\/2025\/08\/IMG_0969-835x467.jpg);\">\n        <div class=\"featured_gradient\"><\/div>\n                <div class=\"status-wrapper\"><div class=\"ribbon-wrapper-default ribbon-wrapper-active\"><div class=\"ribbon-inside active\">active<\/div><\/div><\/div>        <div class=\"featured_secondline\">\n                            <div class=\"agent_face\" style=\"background-image:url(https:\/\/elportillord.com\/wp-content\/uploads\/2014\/05\/Diseno-sin-titulo-120x120.png)\"><\/div>\n                        <a href=\"https:\/\/elportillord.com\/agents\/el-portillo-real-estate\/\">El Portillo Real Estate<\/a>\n        <\/div>\n    <\/div>\n\n    <div class=\"property_slider2_info_wrapper\">\n        <div class=\"property_slider2_info_price\">\n            <span class=\"price_label price_label_before\">From<\/span> $ 400 <span class=\"price_label\">per night<\/span>        <\/div>\n        <a href=\"https:\/\/elportillord.com\/?post_type=estate_property&#038;p=24888\" target=\"_blank\"><h2>Villa Colibri<\/h2><\/a>\n        <div class=\"property_slider_sec_row\">\n                            <div class=\"inforoom_unit_type5\">4 BD<\/div>\n                                        <div class=\"inforoom_unit_type5\">3 BA<span><\/span><\/div>\n                                <\/div>\n        <div class=\"property_slider2_content\">\n            Villa Colibr\u00ed is an exclusive, fully independent villa designed to ensure total privacy, surrounded by a lush tropical garden and its own private saltwater pool. Perfectl <a href=\"https:\/\/elportillord.com\/?post_type=estate_property&#038;p=24888\" class=\"unit_more_x\"> ...<\/a>        <\/div>\n    <\/div>\n<\/div><div class=\"item \" data-hash=\"item5\" data-href=\"https:\/\/elportillord.com\/?post_type=estate_property&#038;p=25055\">\n    <div class=\"image_div\" style=\"background-image:url(https:\/\/elportillord.com\/wp-content\/uploads\/2025\/09\/IMG_2133-835x467.jpg);\">\n        <div class=\"featured_gradient\"><\/div>\n                <div class=\"status-wrapper\"><div class=\"ribbon-wrapper-default ribbon-wrapper-active\"><div class=\"ribbon-inside active\">active<\/div><\/div><\/div>        <div class=\"featured_secondline\">\n                            <div class=\"agent_face\" style=\"background-image:url(https:\/\/elportillord.com\/wp-content\/uploads\/2014\/05\/Diseno-sin-titulo-120x120.png)\"><\/div>\n                        <a href=\"https:\/\/elportillord.com\/agents\/el-portillo-real-estate\/\">El Portillo Real Estate<\/a>\n        <\/div>\n    <\/div>\n\n    <div class=\"property_slider2_info_wrapper\">\n        <div class=\"property_slider2_info_price\">\n            <span class=\"price_label price_label_before\">From<\/span> $ 400 <span class=\"price_label\">per night<\/span>        <\/div>\n        <a href=\"https:\/\/elportillord.com\/?post_type=estate_property&#038;p=25055\" target=\"_blank\"><h2>Villa Antonia<\/h2><\/a>\n        <div class=\"property_slider_sec_row\">\n                            <div class=\"inforoom_unit_type5\">4 BD<\/div>\n                                        <div class=\"inforoom_unit_type5\">3 BA<span><\/span><\/div>\n                                <\/div>\n        <div class=\"property_slider2_content\">\n            Experience modern elegance in this Greek-style villa, featuring clean architectural lines, spacious interiors, and a large terrace that flows seamlessly to the pool and l <a href=\"https:\/\/elportillord.com\/?post_type=estate_property&#038;p=25055\" class=\"unit_more_x\"> ...<\/a>        <\/div>\n    <\/div>\n<\/div><div class=\"item \" data-hash=\"item6\" data-href=\"https:\/\/elportillord.com\/?post_type=estate_property&#038;p=24790\">\n    <div class=\"image_div\" style=\"background-image:url(https:\/\/elportillord.com\/wp-content\/uploads\/2025\/08\/Joyosa_IMG_0398-2-835x467.jpg);\">\n        <div class=\"featured_gradient\"><\/div>\n                <div class=\"status-wrapper\"><div class=\"ribbon-wrapper-default ribbon-wrapper-active\"><div class=\"ribbon-inside active\">active<\/div><\/div><\/div>        <div class=\"featured_secondline\">\n                            <div class=\"agent_face\" style=\"background-image:url(https:\/\/elportillord.com\/wp-content\/uploads\/2014\/05\/Diseno-sin-titulo-120x120.png)\"><\/div>\n                        <a href=\"https:\/\/elportillord.com\/agents\/el-portillo-real-estate\/\">El Portillo Real Estate<\/a>\n        <\/div>\n    <\/div>\n\n    <div class=\"property_slider2_info_wrapper\">\n        <div class=\"property_slider2_info_price\">\n            <span class=\"price_label price_label_before\">From<\/span> $ 350 <span class=\"price_label\">per night<\/span>        <\/div>\n        <a href=\"https:\/\/elportillord.com\/?post_type=estate_property&#038;p=24790\" target=\"_blank\"><h2>Villa Joyosa<\/h2><\/a>\n        <div class=\"property_slider_sec_row\">\n                            <div class=\"inforoom_unit_type5\">3 BD<\/div>\n                                        <div class=\"inforoom_unit_type5\">2 BA<span><\/span><\/div>\n                                <\/div>\n        <div class=\"property_slider2_content\">\n            Villa Joyosa is an elegant contemporary villa, all on one level, featuring an expansive terrace that opens onto a lush tropical garden and a private salt water pool. Tast <a href=\"https:\/\/elportillord.com\/?post_type=estate_property&#038;p=24790\" class=\"unit_more_x\"> ...<\/a>        <\/div>\n    <\/div>\n<\/div><\/div><ol class=\"theme_slider_3_carousel-indicators\"><a data-target=\"#estate-property_slider2\" href=\"#item0\" class=\"button secondary url active\"><\/a><a data-target=\"#estate-property_slider2\" href=\"#item1\" class=\"button secondary url \"><\/a><a data-target=\"#estate-property_slider2\" href=\"#item2\" class=\"button secondary url \"><\/a><a data-target=\"#estate-property_slider2\" href=\"#item3\" class=\"button secondary url \"><\/a><a data-target=\"#estate-property_slider2\" href=\"#item4\" class=\"button secondary url \"><\/a><a data-target=\"#estate-property_slider2\" href=\"#item5\" class=\"button secondary url \"><\/a><a data-target=\"#estate-property_slider2\" href=\"#item6\" class=\"button secondary url \"><\/a><\/ol><script type=\"text\/javascript\">\n       jQuery(document).ready(function(){\n          wpestate_property_slider_2();\n       });\n   <\/script>\t\t\t\t<\/div>\n\t\t\t\t<\/div>\n\t\t\t\t<div class=\"elementor-element elementor-element-0a8261c elementor-hidden-mobile elementor-hidden-tablet elementor-widget elementor-widget-WpResidence_Items_List\" data-id=\"0a8261c\" data-element_type=\"widget\" data-e-type=\"widget\" data-widget_type=\"WpResidence_Items_List.default\">\n\t\t\t\t<div class=\"elementor-widget-container\">\n\t\t\t\t\t<div id=\"wpestate_sh_anime_391\" class=\"wpresidence_shortcode_listings_wrapper wpestate_anime wpestate_latest_listings_sh bottom-estate_property  wpestate_grid_view_wrapper \" data-type=\"estate_property\" data-category_ids=\"70\" data-action_ids=\"\" data-city_ids=\"\" data-area_ids=\"\" data-state_ids=\"\" data-status_ids=\"\" data-features_ids=\"\" data-number=\"4\" data-row-number=\"4\" data-card-version=\"\" data-align=\"vertical\" data-show_featured_only=\"no\" data-random_pick=\"no\" data-featured_first=\"no\" data-sort-by=\"1\" data-display-grid=\"yes\" data-agent-id=\"\" data-page=\"1\"><div class=\"items_shortcode_wrapper_grid\" data-row-number=\"4\"><div class=\"shortcode_wrapper_grid_item\">  \n\n<div class=\" listing_wrapper  property_unit_type8\" \n    data-org=\"\"   \n    data-main-modal=\"https:\/\/elportillord.com\/wp-content\/uploads\/2026\/02\/IMG_92591-835x467.jpg\"\n    data-modal-title=\"Casa Arena 6 chambres\"\n    data-modal-link=\"https:\/\/elportillord.com\/fr\/properties\/casa-arena\/\"\n    data-listid=\"26585\"> \n    \n    <div class=\"property_listing property_unit_type8 \" \n         data-link=\"\">\n\n                    <div class=\"listing-unit-img-wrapper\">\n                <div class=\"featured_gradient\"><\/div>\n                    <div id=\"property_unit_carousel_69f43c12caa70\" class=\"carousel property_unit_carousel slide\" data-bs-interval=\"false\">\n        <div class=\"carousel-inner\">\n           \n            <div class=\"carousel-item active\">\n                <a href=\"https:\/\/elportillord.com\/fr\/properties\/casa-arena\/\" target=\"_self\">\n                    <img decoding=\"async\" width=\"525px\" height=\"420px\" src=\"https:\/\/elportillord.com\/wp-content\/uploads\/2026\/02\/IMG_92591-525x420.jpg\" alt=\"Casa Arena 6 chambres\" class=\"d-block w-100 img-fluid\" loading=\"lazy\" \/>\n                <\/a>\n            <\/div><div class=\"carousel-item \">\n                <a href=\"https:\/\/elportillord.com\/fr\/properties\/casa-arena\/\" target=\"_self\">\n                    <img decoding=\"async\" width=\"525px\" height=\"420px\" src=\"https:\/\/elportillord.com\/wp-content\/uploads\/2026\/02\/IMG_9338-525x420.jpg\" alt=\"Casa Arena 6 chambres\" class=\"d-block w-100 img-fluid\" loading=\"lazy\" \/>\n                <\/a>\n            <\/div><div class=\"carousel-item \">\n                <a href=\"https:\/\/elportillord.com\/fr\/properties\/casa-arena\/\" target=\"_self\">\n                    <img decoding=\"async\" width=\"525px\" height=\"420px\" src=\"https:\/\/elportillord.com\/wp-content\/uploads\/2026\/02\/IMG_9313-525x420.jpg\" alt=\"Casa Arena 6 chambres\" class=\"d-block w-100 img-fluid\" loading=\"lazy\" \/>\n                <\/a>\n            <\/div><div class=\"carousel-item \">\n                <a href=\"https:\/\/elportillord.com\/fr\/properties\/casa-arena\/\" target=\"_self\">\n                    <img decoding=\"async\" width=\"525px\" height=\"420px\" src=\"https:\/\/elportillord.com\/wp-content\/uploads\/2026\/02\/IMG_9212-525x420.jpg\" alt=\"Casa Arena 6 chambres\" class=\"d-block w-100 img-fluid\" loading=\"lazy\" \/>\n                <\/a>\n            <\/div><div class=\"carousel-item \">\n                <a href=\"https:\/\/elportillord.com\/fr\/properties\/casa-arena\/\" target=\"_self\">\n                    <img decoding=\"async\" width=\"525px\" height=\"420px\" src=\"https:\/\/elportillord.com\/wp-content\/uploads\/2026\/02\/IMG_9227-525x420.jpg\" alt=\"Casa Arena 6 chambres\" class=\"d-block w-100 img-fluid\" loading=\"lazy\" \/>\n                <\/a>\n            <\/div>        <\/div>\n                    <button class=\"carousel-control-prev\" type=\"button\" data-bs-target=\"#property_unit_carousel_69f43c12caa70\" data-bs-slide=\"prev\">\n                <span class=\"carousel-control-prev-icon\" aria-hidden=\"true\"><\/span>\n                <span class=\"visually-hidden\">Previous<\/span>\n            <\/button>\n            <button class=\"carousel-control-next\" type=\"button\" data-bs-target=\"#property_unit_carousel_69f43c12caa70\" data-bs-slide=\"next\">\n                <span class=\"carousel-control-next-icon\" aria-hidden=\"true\"><\/span>\n                <span class=\"visually-hidden\">Next<\/span>\n            <\/button>\n            <\/div>\n                    <div class=\"tag-wrapper\">\n    <div class=\"status-wrapper\">\n    <div class=\"action_tag_wrapper Locations\">Locations<\/div><div class=\"ribbon-inside actif\">actif<\/div><\/div>\n<\/div>                \n                \n<div class=\"property_agent_wrapper\">\n    \n    <\/div>\n                            <\/div>\n    \n            <div class=\"property-unit-information-wrapper\">\n            <h4>\n  <a href=\"https:\/\/elportillord.com\/fr\/properties\/casa-arena\/\" >Casa Arena 6 chambres<\/a>\n<\/h4><div class=\"property_card_categories_wrapper\"><a href=\"https:\/\/elportillord.com\/fr\/categorie_propriete\/maisons\/\" rel=\"tag\">Maisons<\/a> &#183; <a href=\"https:\/\/elportillord.com\/fr\/type_doperation\/locations\/\" rel=\"tag\">Locations<\/a> &#183; <a href=\"https:\/\/elportillord.com\/fr\/Statut%20de%20la%20propriete\/actif\/\" rel=\"tag\">actif<\/a><\/div><div class=\"property_details_type1_wrapper\">\n    <span class=\"property_details_type1_rooms\"><span class=\"property_details_type1_value\">6<\/span> Chambres<\/span> <span>&#183;<\/span> <span class=\"property_details_type1_baths\"><span class=\"property_details_type1_value\">8<\/span> Salles de bains<\/span><\/div><div class=\"listing_unit_price_wrapper\">\n    <span class=\"price_label price_label_before\">De<\/span> $ 900 <span class=\"price_label\">par nuit<\/span><\/div>            <\/div>\n            <\/div>    \n<\/div><\/div><div class=\"shortcode_wrapper_grid_item\">  \n\n<div class=\" listing_wrapper  property_unit_type8\" \n    data-org=\"\"   \n    data-main-modal=\"https:\/\/elportillord.com\/wp-content\/uploads\/2026\/02\/IMG_4405-2-835x467.jpg\"\n    data-modal-title=\"Villa Angela\"\n    data-modal-link=\"https:\/\/elportillord.com\/fr\/properties\/villa-angela\/\"\n    data-listid=\"26659\"> \n    \n    <div class=\"property_listing property_unit_type8 \" \n         data-link=\"\">\n\n                    <div class=\"listing-unit-img-wrapper\">\n                <div class=\"featured_gradient\"><\/div>\n                    <div id=\"property_unit_carousel_69f43c12cb2b4\" class=\"carousel property_unit_carousel slide\" data-bs-interval=\"false\">\n        <div class=\"carousel-inner\">\n           \n            <div class=\"carousel-item active\">\n                <a href=\"https:\/\/elportillord.com\/fr\/properties\/villa-angela\/\" target=\"_self\">\n                    <img decoding=\"async\" width=\"525px\" height=\"420px\" src=\"https:\/\/elportillord.com\/wp-content\/uploads\/2026\/02\/IMG_4405-2-525x420.jpg\" alt=\"Villa Angela\" class=\"d-block w-100 img-fluid\" loading=\"lazy\" \/>\n                <\/a>\n            <\/div><div class=\"carousel-item \">\n                <a href=\"https:\/\/elportillord.com\/fr\/properties\/villa-angela\/\" target=\"_self\">\n                    <img decoding=\"async\" width=\"525px\" height=\"420px\" src=\"https:\/\/elportillord.com\/wp-content\/uploads\/2026\/02\/IMG_4405-2-525x420.jpg\" alt=\"Villa Angela\" class=\"d-block w-100 img-fluid\" loading=\"lazy\" \/>\n                <\/a>\n            <\/div><div class=\"carousel-item \">\n                <a href=\"https:\/\/elportillord.com\/fr\/properties\/villa-angela\/\" target=\"_self\">\n                    <img decoding=\"async\" width=\"525px\" height=\"420px\" src=\"https:\/\/elportillord.com\/wp-content\/uploads\/2026\/02\/IMG_4369-2-525x420.jpg\" alt=\"Villa Angela\" class=\"d-block w-100 img-fluid\" loading=\"lazy\" \/>\n                <\/a>\n            <\/div><div class=\"carousel-item \">\n                <a href=\"https:\/\/elportillord.com\/fr\/properties\/villa-angela\/\" target=\"_self\">\n                    <img decoding=\"async\" width=\"525px\" height=\"420px\" src=\"https:\/\/elportillord.com\/wp-content\/uploads\/2026\/02\/IMG_4370-3-525x420.jpg\" alt=\"Villa Angela\" class=\"d-block w-100 img-fluid\" loading=\"lazy\" \/>\n                <\/a>\n            <\/div><div class=\"carousel-item \">\n                <a href=\"https:\/\/elportillord.com\/fr\/properties\/villa-angela\/\" target=\"_self\">\n                    <img decoding=\"async\" width=\"525px\" height=\"420px\" src=\"https:\/\/elportillord.com\/wp-content\/uploads\/2026\/02\/IMG_4371-2-525x420.jpg\" alt=\"Villa Angela\" class=\"d-block w-100 img-fluid\" loading=\"lazy\" \/>\n                <\/a>\n            <\/div>        <\/div>\n                    <button class=\"carousel-control-prev\" type=\"button\" data-bs-target=\"#property_unit_carousel_69f43c12cb2b4\" data-bs-slide=\"prev\">\n                <span class=\"carousel-control-prev-icon\" aria-hidden=\"true\"><\/span>\n                <span class=\"visually-hidden\">Previous<\/span>\n            <\/button>\n            <button class=\"carousel-control-next\" type=\"button\" data-bs-target=\"#property_unit_carousel_69f43c12cb2b4\" data-bs-slide=\"next\">\n                <span class=\"carousel-control-next-icon\" aria-hidden=\"true\"><\/span>\n                <span class=\"visually-hidden\">Next<\/span>\n            <\/button>\n            <\/div>\n                    <div class=\"tag-wrapper\">\n    <div class=\"status-wrapper\">\n    <div class=\"action_tag_wrapper Locations\">Locations<\/div><div class=\"ribbon-inside actif\">actif<\/div><\/div>\n<\/div>                \n                \n<div class=\"property_agent_wrapper\">\n    \n    <\/div>\n                            <\/div>\n    \n            <div class=\"property-unit-information-wrapper\">\n            <h4>\n  <a href=\"https:\/\/elportillord.com\/fr\/properties\/villa-angela\/\" >Villa Angela<\/a>\n<\/h4><div class=\"property_card_categories_wrapper\"><a href=\"https:\/\/elportillord.com\/fr\/categorie_propriete\/maisons\/\" rel=\"tag\">Maisons<\/a> &#183; <a href=\"https:\/\/elportillord.com\/fr\/type_doperation\/locations\/\" rel=\"tag\">Locations<\/a> &#183; <a href=\"https:\/\/elportillord.com\/fr\/Statut%20de%20la%20propriete\/actif\/\" rel=\"tag\">actif<\/a><\/div><div class=\"property_details_type1_wrapper\">\n    <span class=\"property_details_type1_rooms\"><span class=\"property_details_type1_value\">5<\/span> Chambres<\/span> <span>&#183;<\/span> <span class=\"property_details_type1_baths\"><span class=\"property_details_type1_value\">6<\/span> Salles de bains<\/span><\/div><div class=\"listing_unit_price_wrapper\">\n    <span class=\"price_label price_label_before\">From<\/span> $ 900 <span class=\"price_label\">per night<\/span><\/div>            <\/div>\n            <\/div>    \n<\/div><\/div><div class=\"shortcode_wrapper_grid_item\">  \n\n<div class=\" listing_wrapper  property_unit_type8\" \n    data-org=\"\"   \n    data-main-modal=\"https:\/\/elportillord.com\/wp-content\/uploads\/2026\/04\/IMG_9233-cut-835x467.webp\"\n    data-modal-title=\"Casa Arena 3 chambres\"\n    data-modal-link=\"https:\/\/elportillord.com\/fr\/properties\/casa-arena-chica\/\"\n    data-listid=\"26838\"> \n    \n    <div class=\"property_listing property_unit_type8 \" \n         data-link=\"\">\n\n                    <div class=\"listing-unit-img-wrapper\">\n                <div class=\"featured_gradient\"><\/div>\n                    <div id=\"property_unit_carousel_69f43c12cb9c9\" class=\"carousel property_unit_carousel slide\" data-bs-interval=\"false\">\n        <div class=\"carousel-inner\">\n           \n            <div class=\"carousel-item active\">\n                <a href=\"https:\/\/elportillord.com\/fr\/properties\/casa-arena-chica\/\" target=\"_self\">\n                    <img decoding=\"async\" width=\"525px\" height=\"420px\" src=\"https:\/\/elportillord.com\/wp-content\/uploads\/2026\/04\/IMG_9233-cut-525x420.webp\" alt=\"Casa Arena 3 chambres\" class=\"d-block w-100 img-fluid\" loading=\"lazy\" \/>\n                <\/a>\n            <\/div><div class=\"carousel-item \">\n                <a href=\"https:\/\/elportillord.com\/fr\/properties\/casa-arena-chica\/\" target=\"_self\">\n                    <img decoding=\"async\" width=\"525px\" height=\"420px\" src=\"https:\/\/elportillord.com\/wp-content\/uploads\/2026\/04\/IMG_9233-cut-525x420.webp\" alt=\"Casa Arena 3 chambres\" class=\"d-block w-100 img-fluid\" loading=\"lazy\" \/>\n                <\/a>\n            <\/div><div class=\"carousel-item \">\n                <a href=\"https:\/\/elportillord.com\/fr\/properties\/casa-arena-chica\/\" target=\"_self\">\n                    <img decoding=\"async\" width=\"525px\" height=\"420px\" src=\"https:\/\/elportillord.com\/wp-content\/uploads\/2026\/02\/IMG_9338-525x420.jpg\" alt=\"Casa Arena 3 chambres\" class=\"d-block w-100 img-fluid\" loading=\"lazy\" \/>\n                <\/a>\n            <\/div><div class=\"carousel-item \">\n                <a href=\"https:\/\/elportillord.com\/fr\/properties\/casa-arena-chica\/\" target=\"_self\">\n                    <img decoding=\"async\" width=\"525px\" height=\"420px\" src=\"https:\/\/elportillord.com\/wp-content\/uploads\/2026\/02\/IMG_9340-525x420.jpg\" alt=\"Casa Arena 3 chambres\" class=\"d-block w-100 img-fluid\" loading=\"lazy\" \/>\n                <\/a>\n            <\/div><div class=\"carousel-item \">\n                <a href=\"https:\/\/elportillord.com\/fr\/properties\/casa-arena-chica\/\" target=\"_self\">\n                    <img decoding=\"async\" width=\"525px\" height=\"420px\" src=\"https:\/\/elportillord.com\/wp-content\/uploads\/2026\/02\/IMG_9222-525x420.jpg\" alt=\"Casa Arena 3 chambres\" class=\"d-block w-100 img-fluid\" loading=\"lazy\" \/>\n                <\/a>\n            <\/div>        <\/div>\n                    <button class=\"carousel-control-prev\" type=\"button\" data-bs-target=\"#property_unit_carousel_69f43c12cb9c9\" data-bs-slide=\"prev\">\n                <span class=\"carousel-control-prev-icon\" aria-hidden=\"true\"><\/span>\n                <span class=\"visually-hidden\">Previous<\/span>\n            <\/button>\n            <button class=\"carousel-control-next\" type=\"button\" data-bs-target=\"#property_unit_carousel_69f43c12cb9c9\" data-bs-slide=\"next\">\n                <span class=\"carousel-control-next-icon\" aria-hidden=\"true\"><\/span>\n                <span class=\"visually-hidden\">Next<\/span>\n            <\/button>\n            <\/div>\n                    <div class=\"tag-wrapper\">\n    <div class=\"status-wrapper\">\n    <div class=\"action_tag_wrapper Locations\">Locations<\/div><div class=\"ribbon-inside actif\">actif<\/div><\/div>\n<\/div>                \n                \n<div class=\"property_agent_wrapper\">\n    \n    <\/div>\n                            <\/div>\n    \n            <div class=\"property-unit-information-wrapper\">\n            <h4>\n  <a href=\"https:\/\/elportillord.com\/fr\/properties\/casa-arena-chica\/\" >Casa Arena 3 chambres<\/a>\n<\/h4><div class=\"property_card_categories_wrapper\"><a href=\"https:\/\/elportillord.com\/fr\/categorie_propriete\/maisons\/\" rel=\"tag\">Maisons<\/a> &#183; <a href=\"https:\/\/elportillord.com\/fr\/type_doperation\/locations\/\" rel=\"tag\">Locations<\/a> &#183; <a href=\"https:\/\/elportillord.com\/fr\/Statut%20de%20la%20propriete\/actif\/\" rel=\"tag\">actif<\/a><\/div><div class=\"property_details_type1_wrapper\">\n    <span class=\"property_details_type1_rooms\"><span class=\"property_details_type1_value\">3<\/span> Chambres<\/span> <span>&#183;<\/span> <span class=\"property_details_type1_baths\"><span class=\"property_details_type1_value\">4<\/span> Salles de bains<\/span><\/div><div class=\"listing_unit_price_wrapper\">\n    <span class=\"price_label price_label_before\">De<\/span> $ 600 <span class=\"price_label\">par nuit<\/span><\/div>            <\/div>\n            <\/div>    \n<\/div><\/div><div class=\"shortcode_wrapper_grid_item\">  \n\n<div class=\" listing_wrapper  property_unit_type8\" \n    data-org=\"\"   \n    data-main-modal=\"https:\/\/elportillord.com\/wp-content\/uploads\/2026\/02\/IMG_9100-835x467.jpg\"\n    data-modal-title=\"Villa 4\"\n    data-modal-link=\"https:\/\/elportillord.com\/fr\/properties\/villa-4\/\"\n    data-listid=\"26629\"> \n    \n    <div class=\"property_listing property_unit_type8 \" \n         data-link=\"\">\n\n                    <div class=\"listing-unit-img-wrapper\">\n                <div class=\"featured_gradient\"><\/div>\n                    <div id=\"property_unit_carousel_69f43c12cc02a\" class=\"carousel property_unit_carousel slide\" data-bs-interval=\"false\">\n        <div class=\"carousel-inner\">\n           \n            <div class=\"carousel-item active\">\n                <a href=\"https:\/\/elportillord.com\/fr\/properties\/villa-4\/\" target=\"_self\">\n                    <img decoding=\"async\" width=\"525px\" height=\"420px\" src=\"https:\/\/elportillord.com\/wp-content\/uploads\/2026\/02\/IMG_9100-525x420.jpg\" alt=\"Villa 4\" class=\"d-block w-100 img-fluid\" loading=\"lazy\" \/>\n                <\/a>\n            <\/div><div class=\"carousel-item \">\n                <a href=\"https:\/\/elportillord.com\/fr\/properties\/villa-4\/\" target=\"_self\">\n                    <img decoding=\"async\" width=\"525px\" height=\"420px\" src=\"https:\/\/elportillord.com\/wp-content\/uploads\/2026\/02\/IMG_9100-525x420.jpg\" alt=\"Villa 4\" class=\"d-block w-100 img-fluid\" loading=\"lazy\" \/>\n                <\/a>\n            <\/div><div class=\"carousel-item \">\n                <a href=\"https:\/\/elportillord.com\/fr\/properties\/villa-4\/\" target=\"_self\">\n                    <img decoding=\"async\" width=\"525px\" height=\"420px\" src=\"https:\/\/elportillord.com\/wp-content\/uploads\/2026\/02\/IMG_9083-525x420.jpg\" alt=\"Villa 4\" class=\"d-block w-100 img-fluid\" loading=\"lazy\" \/>\n                <\/a>\n            <\/div><div class=\"carousel-item \">\n                <a href=\"https:\/\/elportillord.com\/fr\/properties\/villa-4\/\" target=\"_self\">\n                    <img decoding=\"async\" width=\"525px\" height=\"420px\" src=\"https:\/\/elportillord.com\/wp-content\/uploads\/2026\/02\/IMG_9034-525x420.jpg\" alt=\"Villa 4\" class=\"d-block w-100 img-fluid\" loading=\"lazy\" \/>\n                <\/a>\n            <\/div><div class=\"carousel-item \">\n                <a href=\"https:\/\/elportillord.com\/fr\/properties\/villa-4\/\" target=\"_self\">\n                    <img decoding=\"async\" width=\"525px\" height=\"420px\" src=\"https:\/\/elportillord.com\/wp-content\/uploads\/2026\/02\/IMG_9029-525x420.jpg\" alt=\"Villa 4\" class=\"d-block w-100 img-fluid\" loading=\"lazy\" \/>\n                <\/a>\n            <\/div>        <\/div>\n                    <button class=\"carousel-control-prev\" type=\"button\" data-bs-target=\"#property_unit_carousel_69f43c12cc02a\" data-bs-slide=\"prev\">\n                <span class=\"carousel-control-prev-icon\" aria-hidden=\"true\"><\/span>\n                <span class=\"visually-hidden\">Previous<\/span>\n            <\/button>\n            <button class=\"carousel-control-next\" type=\"button\" data-bs-target=\"#property_unit_carousel_69f43c12cc02a\" data-bs-slide=\"next\">\n                <span class=\"carousel-control-next-icon\" aria-hidden=\"true\"><\/span>\n                <span class=\"visually-hidden\">Next<\/span>\n            <\/button>\n            <\/div>\n                    <div class=\"tag-wrapper\">\n    <div class=\"status-wrapper\">\n    <div class=\"action_tag_wrapper Locations\">Locations<\/div><div class=\"ribbon-inside actif\">actif<\/div><\/div>\n<\/div>                \n                \n<div class=\"property_agent_wrapper\">\n    \n    <\/div>\n                            <\/div>\n    \n            <div class=\"property-unit-information-wrapper\">\n            <h4>\n  <a href=\"https:\/\/elportillord.com\/fr\/properties\/villa-4\/\" >Villa 4<\/a>\n<\/h4><div class=\"property_card_categories_wrapper\"><a href=\"https:\/\/elportillord.com\/fr\/categorie_propriete\/maisons\/\" rel=\"tag\">Maisons<\/a> &#183; <a href=\"https:\/\/elportillord.com\/fr\/type_doperation\/locations\/\" rel=\"tag\">Locations<\/a> &#183; <a href=\"https:\/\/elportillord.com\/fr\/Statut%20de%20la%20propriete\/actif\/\" rel=\"tag\">actif<\/a><\/div><div class=\"property_details_type1_wrapper\">\n    <span class=\"property_details_type1_rooms\"><span class=\"property_details_type1_value\">4<\/span> Chambres<\/span> <span>&#183;<\/span> <span class=\"property_details_type1_baths\"><span class=\"property_details_type1_value\">4<\/span> Salles de bains<\/span><\/div><div class=\"listing_unit_price_wrapper\">\n    <span class=\"price_label price_label_before\">From<\/span> $ 500 <span class=\"price_label\">per night<\/span><\/div>            <\/div>\n            <\/div>    \n<\/div><\/div><\/div><div class=\"wpestate_listing_sh_loader\"><div class=\"new_prelader\"><\/div><\/div><div class=\"listinglink-wrapper_sh_listings exclude-rtl\"><span class=\"wpresidence_button wpestate_item_list_sh\">D\u00e9couvrir<\/span><\/div><\/div>\t\t\t\t<\/div>\n\t\t\t\t<\/div>\n\t\t\t\t<div class=\"elementor-element elementor-element-40ab159 elementor-align-center elementor-widget elementor-widget-button\" data-id=\"40ab159\" data-element_type=\"widget\" data-e-type=\"widget\" data-widget_type=\"button.default\">\n\t\t\t\t\t\t\t\t\t\t<a class=\"elementor-button elementor-button-link elementor-size-sm\" href=\"https:\/\/elportillord.com\/fr\/villas-a-loer-a-el-portillo\/\">\n\t\t\t\t\t\t<span class=\"elementor-button-content-wrapper\">\n\t\t\t\t\t\t\t\t\t<span class=\"elementor-button-text\">Voir toutes les villas \u00e0 louer<\/span>\n\t\t\t\t\t<\/span>\n\t\t\t\t\t<\/a>\n\t\t\t\t\t\t\t\t<\/div>\n\t\t\t\t\t<\/div>\n\t\t\t\t<\/div>\n\t\t<div class=\"elementor-element elementor-element-edb83cc e-flex e-con-boxed e-con e-child\" data-id=\"edb83cc\" data-element_type=\"container\" data-e-type=\"container\" data-settings=\"{&quot;background_background&quot;:&quot;classic&quot;}\">\n\t\t\t\t\t<div class=\"e-con-inner\">\n\t\t\t\t<div class=\"elementor-element elementor-element-8d1b266 elementor-hidden-desktop elementor-widget elementor-widget-WpResidenc_Items_Slider\" data-id=\"8d1b266\" data-element_type=\"widget\" data-e-type=\"widget\" data-widget_type=\"WpResidenc_Items_Slider.default\">\n\t\t\t\t<div class=\"elementor-widget-container\">\n\t\t\t\t\t<div class=\" slider_container bottom-properties nobutton  \" ><div class=\"shortcode_slider_wrapper\" ><div class=\"shortcode_slider_list   slider_no92133 arrow_class_top\"   data-items-per-row=\"3\"   data-auto=\"0\" >  \n\n<div class=\"col-lg-4 col-12 col-sm-6 col-md-6   listing_wrapper  property_unit_type8\" \n    data-org=\"4\"   \n    data-main-modal=\"https:\/\/elportillord.com\/wp-content\/uploads\/2026\/04\/IMG_0230-835x467.jpg\"\n    data-modal-title=\"3 chambres \u00e0 coucher avec vue sur l&rsquo;oc\u00e9an\"\n    data-modal-link=\"https:\/\/elportillord.com\/fr\/properties\/3-chambres-a-coucher-avec-vue-sur-locean\/\"\n    data-listid=\"26896\"> \n    \n    <div class=\"property_listing property_unit_type8 \" \n         data-link=\"\">\n\n                    <div class=\"listing-unit-img-wrapper\">\n                <div class=\"featured_gradient\"><\/div>\n                    <div id=\"property_unit_carousel_69f43c12e93a8\" class=\"carousel property_unit_carousel slide\" data-bs-interval=\"false\">\n        <div class=\"carousel-inner\">\n           \n            <div class=\"carousel-item active\">\n                <a href=\"https:\/\/elportillord.com\/fr\/properties\/3-chambres-a-coucher-avec-vue-sur-locean\/\" target=\"_self\">\n                    <img decoding=\"async\" width=\"525px\" height=\"420px\" src=\"https:\/\/elportillord.com\/wp-content\/uploads\/2026\/04\/IMG_0230-525x420.jpg\" alt=\"3 chambres \u00e0 coucher avec vue sur l&rsquo;oc\u00e9an\" class=\"d-block w-100 img-fluid\" loading=\"lazy\" \/>\n                <\/a>\n            <\/div><div class=\"carousel-item \">\n                <a href=\"https:\/\/elportillord.com\/fr\/properties\/3-chambres-a-coucher-avec-vue-sur-locean\/\" target=\"_self\">\n                    <img decoding=\"async\" width=\"525px\" height=\"420px\" src=\"https:\/\/elportillord.com\/wp-content\/uploads\/2026\/04\/IMG_0230-525x420.jpg\" alt=\"3 chambres \u00e0 coucher avec vue sur l&rsquo;oc\u00e9an\" class=\"d-block w-100 img-fluid\" loading=\"lazy\" \/>\n                <\/a>\n            <\/div><div class=\"carousel-item \">\n                <a href=\"https:\/\/elportillord.com\/fr\/properties\/3-chambres-a-coucher-avec-vue-sur-locean\/\" target=\"_self\">\n                    <img decoding=\"async\" width=\"525px\" height=\"420px\" src=\"https:\/\/elportillord.com\/wp-content\/uploads\/2026\/04\/IMG_0157-525x420.jpg\" alt=\"3 chambres \u00e0 coucher avec vue sur l&rsquo;oc\u00e9an\" class=\"d-block w-100 img-fluid\" loading=\"lazy\" \/>\n                <\/a>\n            <\/div><div class=\"carousel-item \">\n                <a href=\"https:\/\/elportillord.com\/fr\/properties\/3-chambres-a-coucher-avec-vue-sur-locean\/\" target=\"_self\">\n                    <img decoding=\"async\" width=\"525px\" height=\"420px\" src=\"https:\/\/elportillord.com\/wp-content\/uploads\/2026\/04\/IMG_0195-525x420.jpg\" alt=\"3 chambres \u00e0 coucher avec vue sur l&rsquo;oc\u00e9an\" class=\"d-block w-100 img-fluid\" loading=\"lazy\" \/>\n                <\/a>\n            <\/div><div class=\"carousel-item \">\n                <a href=\"https:\/\/elportillord.com\/fr\/properties\/3-chambres-a-coucher-avec-vue-sur-locean\/\" target=\"_self\">\n                    <img decoding=\"async\" width=\"525px\" height=\"420px\" src=\"https:\/\/elportillord.com\/wp-content\/uploads\/2026\/04\/IMG_0209-525x420.jpg\" alt=\"3 chambres \u00e0 coucher avec vue sur l&rsquo;oc\u00e9an\" class=\"d-block w-100 img-fluid\" loading=\"lazy\" \/>\n                <\/a>\n            <\/div>        <\/div>\n                    <button class=\"carousel-control-prev\" type=\"button\" data-bs-target=\"#property_unit_carousel_69f43c12e93a8\" data-bs-slide=\"prev\">\n                <span class=\"carousel-control-prev-icon\" aria-hidden=\"true\"><\/span>\n                <span class=\"visually-hidden\">Previous<\/span>\n            <\/button>\n            <button class=\"carousel-control-next\" type=\"button\" data-bs-target=\"#property_unit_carousel_69f43c12e93a8\" data-bs-slide=\"next\">\n                <span class=\"carousel-control-next-icon\" aria-hidden=\"true\"><\/span>\n                <span class=\"visually-hidden\">Next<\/span>\n            <\/button>\n            <\/div>\n                    <div class=\"tag-wrapper\">\n    <div class=\"status-wrapper\">\n    <div class=\"action_tag_wrapper Locations\">Locations<\/div><div class=\"ribbon-inside actif\">actif<\/div><\/div>\n<\/div>                \n                \n<div class=\"property_agent_wrapper\">\n    \n    <\/div>\n                            <\/div>\n    \n            <div class=\"property-unit-information-wrapper\">\n            <h4>\n  <a href=\"https:\/\/elportillord.com\/fr\/properties\/3-chambres-a-coucher-avec-vue-sur-locean\/\" >3 chambres \u00e0 coucher avec vue sur l&rsquo;oc...<\/a>\n<\/h4><div class=\"property_card_categories_wrapper\"><a href=\"https:\/\/elportillord.com\/fr\/categorie_propriete\/appartements\/\" rel=\"tag\">Appartements<\/a> &#183; <a href=\"https:\/\/elportillord.com\/fr\/type_doperation\/locations\/\" rel=\"tag\">Locations<\/a> &#183; <a href=\"https:\/\/elportillord.com\/fr\/Statut%20de%20la%20propriete\/actif\/\" rel=\"tag\">actif<\/a><\/div><div class=\"property_details_type1_wrapper\">\n    <span class=\"property_details_type1_rooms\"><span class=\"property_details_type1_value\">3<\/span> Chambres<\/span> <span>&#183;<\/span> <span class=\"property_details_type1_baths\"><span class=\"property_details_type1_value\">3<\/span> Salles de bains<\/span><\/div><div class=\"listing_unit_price_wrapper\">\n    <span class=\"price_label price_label_before\">De<\/span> $ 350 <span class=\"price_label\">par nuit<\/span><\/div>            <\/div>\n            <\/div>    \n<\/div>  \n\n<div class=\"col-lg-4 col-12 col-sm-6 col-md-6   listing_wrapper  property_unit_type8\" \n    data-org=\"4\"   \n    data-main-modal=\"https:\/\/elportillord.com\/wp-content\/uploads\/2026\/04\/IMG_0417-835x467.jpg\"\n    data-modal-title=\"2 chambres mezzanine\"\n    data-modal-link=\"https:\/\/elportillord.com\/fr\/properties\/appartement-de-2-chambres-avec-vue-sur-le-lac\/\"\n    data-listid=\"26860\"> \n    \n    <div class=\"property_listing property_unit_type8 \" \n         data-link=\"\">\n\n                    <div class=\"listing-unit-img-wrapper\">\n                <div class=\"featured_gradient\"><\/div>\n                    <div id=\"property_unit_carousel_69f43c1308439\" class=\"carousel property_unit_carousel slide\" data-bs-interval=\"false\">\n        <div class=\"carousel-inner\">\n           \n            <div class=\"carousel-item active\">\n                <a href=\"https:\/\/elportillord.com\/fr\/properties\/appartement-de-2-chambres-avec-vue-sur-le-lac\/\" target=\"_self\">\n                    <img decoding=\"async\" width=\"525px\" height=\"420px\" src=\"https:\/\/elportillord.com\/wp-content\/uploads\/2026\/04\/IMG_0417-525x420.jpg\" alt=\"2 chambres mezzanine\" class=\"d-block w-100 img-fluid\" loading=\"lazy\" \/>\n                <\/a>\n            <\/div><div class=\"carousel-item \">\n                <a href=\"https:\/\/elportillord.com\/fr\/properties\/appartement-de-2-chambres-avec-vue-sur-le-lac\/\" target=\"_self\">\n                    <img decoding=\"async\" width=\"525px\" height=\"420px\" src=\"https:\/\/elportillord.com\/wp-content\/uploads\/2026\/04\/IMG_0417-525x420.jpg\" alt=\"2 chambres mezzanine\" class=\"d-block w-100 img-fluid\" loading=\"lazy\" \/>\n                <\/a>\n            <\/div><div class=\"carousel-item \">\n                <a href=\"https:\/\/elportillord.com\/fr\/properties\/appartement-de-2-chambres-avec-vue-sur-le-lac\/\" target=\"_self\">\n                    <img decoding=\"async\" width=\"525px\" height=\"420px\" src=\"https:\/\/elportillord.com\/wp-content\/uploads\/2026\/04\/IMG_0379-525x420.jpg\" alt=\"2 chambres mezzanine\" class=\"d-block w-100 img-fluid\" loading=\"lazy\" \/>\n                <\/a>\n            <\/div><div class=\"carousel-item \">\n                <a href=\"https:\/\/elportillord.com\/fr\/properties\/appartement-de-2-chambres-avec-vue-sur-le-lac\/\" target=\"_self\">\n                    <img decoding=\"async\" width=\"525px\" height=\"420px\" src=\"https:\/\/elportillord.com\/wp-content\/uploads\/2026\/04\/IMG_0394-525x420.jpg\" alt=\"2 chambres mezzanine\" class=\"d-block w-100 img-fluid\" loading=\"lazy\" \/>\n                <\/a>\n            <\/div><div class=\"carousel-item \">\n                <a href=\"https:\/\/elportillord.com\/fr\/properties\/appartement-de-2-chambres-avec-vue-sur-le-lac\/\" target=\"_self\">\n                    <img decoding=\"async\" width=\"525px\" height=\"420px\" src=\"https:\/\/elportillord.com\/wp-content\/uploads\/2026\/04\/IMG_0409-525x420.jpg\" alt=\"2 chambres mezzanine\" class=\"d-block w-100 img-fluid\" loading=\"lazy\" \/>\n                <\/a>\n            <\/div>        <\/div>\n                    <button class=\"carousel-control-prev\" type=\"button\" data-bs-target=\"#property_unit_carousel_69f43c1308439\" data-bs-slide=\"prev\">\n                <span class=\"carousel-control-prev-icon\" aria-hidden=\"true\"><\/span>\n                <span class=\"visually-hidden\">Previous<\/span>\n            <\/button>\n            <button class=\"carousel-control-next\" type=\"button\" data-bs-target=\"#property_unit_carousel_69f43c1308439\" data-bs-slide=\"next\">\n                <span class=\"carousel-control-next-icon\" aria-hidden=\"true\"><\/span>\n                <span class=\"visually-hidden\">Next<\/span>\n            <\/button>\n            <\/div>\n                    <div class=\"tag-wrapper\">\n    <div class=\"status-wrapper\">\n    <div class=\"action_tag_wrapper Locations\">Locations<\/div><div class=\"ribbon-inside actif\">actif<\/div><\/div>\n<\/div>                \n                \n<div class=\"property_agent_wrapper\">\n    \n    <\/div>\n                            <\/div>\n    \n            <div class=\"property-unit-information-wrapper\">\n            <h4>\n  <a href=\"https:\/\/elportillord.com\/fr\/properties\/appartement-de-2-chambres-avec-vue-sur-le-lac\/\" >2 chambres mezzanine<\/a>\n<\/h4><div class=\"property_card_categories_wrapper\"><a href=\"https:\/\/elportillord.com\/fr\/categorie_propriete\/appartements\/\" rel=\"tag\">Appartements<\/a> &#183; <a href=\"https:\/\/elportillord.com\/fr\/type_doperation\/locations\/\" rel=\"tag\">Locations<\/a> &#183; <a href=\"https:\/\/elportillord.com\/fr\/Statut%20de%20la%20propriete\/actif\/\" rel=\"tag\">actif<\/a><\/div><div class=\"property_details_type1_wrapper\">\n    <span class=\"property_details_type1_rooms\"><span class=\"property_details_type1_value\">2<\/span> Chambres<\/span> <span>&#183;<\/span> <span class=\"property_details_type1_baths\"><span class=\"property_details_type1_value\">2<\/span> Salles de bains<\/span><\/div><div class=\"listing_unit_price_wrapper\">\n    <span class=\"price_label price_label_before\">De<\/span> $ 180 <span class=\"price_label\">par nuit<\/span><\/div>            <\/div>\n            <\/div>    \n<\/div>  \n\n<div class=\"col-lg-4 col-12 col-sm-6 col-md-6   listing_wrapper  property_unit_type8\" \n    data-org=\"4\"   \n    data-main-modal=\"https:\/\/elportillord.com\/wp-content\/uploads\/2026\/04\/IMG_9910-835x467.jpg\"\n    data-modal-title=\"Appartement 2 chambres avec vue sur le lac\"\n    data-modal-link=\"https:\/\/elportillord.com\/fr\/properties\/appartement-2-chambres-avec-vue-sur-le-lac\/\"\n    data-listid=\"26952\"> \n    \n    <div class=\"property_listing property_unit_type8 \" \n         data-link=\"\">\n\n                    <div class=\"listing-unit-img-wrapper\">\n                <div class=\"featured_gradient\"><\/div>\n                    <div id=\"property_unit_carousel_69f43c1318980\" class=\"carousel property_unit_carousel slide\" data-bs-interval=\"false\">\n        <div class=\"carousel-inner\">\n           \n            <div class=\"carousel-item active\">\n                <a href=\"https:\/\/elportillord.com\/fr\/properties\/appartement-2-chambres-avec-vue-sur-le-lac\/\" target=\"_self\">\n                    <img decoding=\"async\" width=\"525px\" height=\"420px\" src=\"https:\/\/elportillord.com\/wp-content\/uploads\/2026\/04\/IMG_9910-525x420.jpg\" alt=\"Appartement 2 chambres avec vue sur le lac\" class=\"d-block w-100 img-fluid\" loading=\"lazy\" \/>\n                <\/a>\n            <\/div><div class=\"carousel-item \">\n                <a href=\"https:\/\/elportillord.com\/fr\/properties\/appartement-2-chambres-avec-vue-sur-le-lac\/\" target=\"_self\">\n                    <img decoding=\"async\" width=\"525px\" height=\"420px\" src=\"https:\/\/elportillord.com\/wp-content\/uploads\/2026\/04\/IMG_9910-525x420.jpg\" alt=\"Appartement 2 chambres avec vue sur le lac\" class=\"d-block w-100 img-fluid\" loading=\"lazy\" \/>\n                <\/a>\n            <\/div><div class=\"carousel-item \">\n                <a href=\"https:\/\/elportillord.com\/fr\/properties\/appartement-2-chambres-avec-vue-sur-le-lac\/\" target=\"_self\">\n                    <img decoding=\"async\" width=\"525px\" height=\"420px\" src=\"https:\/\/elportillord.com\/wp-content\/uploads\/2026\/04\/IMG_0004-525x420.jpg\" alt=\"Appartement 2 chambres avec vue sur le lac\" class=\"d-block w-100 img-fluid\" loading=\"lazy\" \/>\n                <\/a>\n            <\/div><div class=\"carousel-item \">\n                <a href=\"https:\/\/elportillord.com\/fr\/properties\/appartement-2-chambres-avec-vue-sur-le-lac\/\" target=\"_self\">\n                    <img decoding=\"async\" width=\"525px\" height=\"420px\" src=\"https:\/\/elportillord.com\/wp-content\/uploads\/2026\/04\/IMG_9956-525x420.jpg\" alt=\"Appartement 2 chambres avec vue sur le lac\" class=\"d-block w-100 img-fluid\" loading=\"lazy\" \/>\n                <\/a>\n            <\/div><div class=\"carousel-item \">\n                <a href=\"https:\/\/elportillord.com\/fr\/properties\/appartement-2-chambres-avec-vue-sur-le-lac\/\" target=\"_self\">\n                    <img decoding=\"async\" width=\"525px\" height=\"420px\" src=\"https:\/\/elportillord.com\/wp-content\/uploads\/2026\/04\/IMG_9958-525x420.jpg\" alt=\"Appartement 2 chambres avec vue sur le lac\" class=\"d-block w-100 img-fluid\" loading=\"lazy\" \/>\n                <\/a>\n            <\/div>        <\/div>\n                    <button class=\"carousel-control-prev\" type=\"button\" data-bs-target=\"#property_unit_carousel_69f43c1318980\" data-bs-slide=\"prev\">\n                <span class=\"carousel-control-prev-icon\" aria-hidden=\"true\"><\/span>\n                <span class=\"visually-hidden\">Previous<\/span>\n            <\/button>\n            <button class=\"carousel-control-next\" type=\"button\" data-bs-target=\"#property_unit_carousel_69f43c1318980\" data-bs-slide=\"next\">\n                <span class=\"carousel-control-next-icon\" aria-hidden=\"true\"><\/span>\n                <span class=\"visually-hidden\">Next<\/span>\n            <\/button>\n            <\/div>\n                    <div class=\"tag-wrapper\">\n    <div class=\"status-wrapper\">\n    <div class=\"action_tag_wrapper Locations\">Locations<\/div><div class=\"ribbon-inside actif\">actif<\/div><\/div>\n<\/div>                \n                \n<div class=\"property_agent_wrapper\">\n    \n    <\/div>\n                            <\/div>\n    \n            <div class=\"property-unit-information-wrapper\">\n            <h4>\n  <a href=\"https:\/\/elportillord.com\/fr\/properties\/appartement-2-chambres-avec-vue-sur-le-lac\/\" >Appartement 2 chambres avec vue sur le lac<\/a>\n<\/h4><div class=\"property_card_categories_wrapper\"><a href=\"https:\/\/elportillord.com\/fr\/categorie_propriete\/appartements\/\" rel=\"tag\">Appartements<\/a> &#183; <a href=\"https:\/\/elportillord.com\/fr\/type_doperation\/locations\/\" rel=\"tag\">Locations<\/a> &#183; <a href=\"https:\/\/elportillord.com\/fr\/Statut%20de%20la%20propriete\/actif\/\" rel=\"tag\">actif<\/a><\/div><div class=\"property_details_type1_wrapper\">\n    <span class=\"property_details_type1_rooms\"><span class=\"property_details_type1_value\">2<\/span> Chambres<\/span> <span>&#183;<\/span> <span class=\"property_details_type1_baths\"><span class=\"property_details_type1_value\">2<\/span> Salles de bains<\/span><\/div><div class=\"listing_unit_price_wrapper\">\n    <span class=\"price_label price_label_before\">De<\/span> $ 180 <span class=\"price_label\">par nuit<\/span><\/div>            <\/div>\n            <\/div>    \n<\/div>  \n\n<div class=\"col-lg-4 col-12 col-sm-6 col-md-6   listing_wrapper  property_unit_type8\" \n    data-org=\"4\"   \n    data-main-modal=\"https:\/\/elportillord.com\/wp-content\/uploads\/2026\/04\/IMG_9788-835x467.jpg\"\n    data-modal-title=\"3 chambres \u00e0 coucher duplex avec vue sur le lac\"\n    data-modal-link=\"https:\/\/elportillord.com\/fr\/properties\/3-chambres-a-coucher-duplex-avec-vue-sur-le-lac\/\"\n    data-listid=\"26931\"> \n    \n    <div class=\"property_listing property_unit_type8 \" \n         data-link=\"\">\n\n                    <div class=\"listing-unit-img-wrapper\">\n                <div class=\"featured_gradient\"><\/div>\n                    <div id=\"property_unit_carousel_69f43c132f9f1\" class=\"carousel property_unit_carousel slide\" data-bs-interval=\"false\">\n        <div class=\"carousel-inner\">\n           \n            <div class=\"carousel-item active\">\n                <a href=\"https:\/\/elportillord.com\/fr\/properties\/3-chambres-a-coucher-duplex-avec-vue-sur-le-lac\/\" target=\"_self\">\n                    <img decoding=\"async\" width=\"525px\" height=\"420px\" src=\"https:\/\/elportillord.com\/wp-content\/uploads\/2026\/04\/IMG_9788-525x420.jpg\" alt=\"3 chambres \u00e0 coucher duplex avec vue sur le lac\" class=\"d-block w-100 img-fluid\" loading=\"lazy\" \/>\n                <\/a>\n            <\/div><div class=\"carousel-item \">\n                <a href=\"https:\/\/elportillord.com\/fr\/properties\/3-chambres-a-coucher-duplex-avec-vue-sur-le-lac\/\" target=\"_self\">\n                    <img decoding=\"async\" width=\"525px\" height=\"420px\" src=\"https:\/\/elportillord.com\/wp-content\/uploads\/2026\/04\/IMG_9788-525x420.jpg\" alt=\"3 chambres \u00e0 coucher duplex avec vue sur le lac\" class=\"d-block w-100 img-fluid\" loading=\"lazy\" \/>\n                <\/a>\n            <\/div><div class=\"carousel-item \">\n                <a href=\"https:\/\/elportillord.com\/fr\/properties\/3-chambres-a-coucher-duplex-avec-vue-sur-le-lac\/\" target=\"_self\">\n                    <img decoding=\"async\" width=\"525px\" height=\"420px\" src=\"https:\/\/elportillord.com\/wp-content\/uploads\/2026\/04\/IMG_9787-525x420.jpg\" alt=\"3 chambres \u00e0 coucher duplex avec vue sur le lac\" class=\"d-block w-100 img-fluid\" loading=\"lazy\" \/>\n                <\/a>\n            <\/div><div class=\"carousel-item \">\n                <a href=\"https:\/\/elportillord.com\/fr\/properties\/3-chambres-a-coucher-duplex-avec-vue-sur-le-lac\/\" target=\"_self\">\n                    <img decoding=\"async\" width=\"525px\" height=\"420px\" src=\"https:\/\/elportillord.com\/wp-content\/uploads\/2026\/04\/IMG_9790-525x420.jpg\" alt=\"3 chambres \u00e0 coucher duplex avec vue sur le lac\" class=\"d-block w-100 img-fluid\" loading=\"lazy\" \/>\n                <\/a>\n            <\/div><div class=\"carousel-item \">\n                <a href=\"https:\/\/elportillord.com\/fr\/properties\/3-chambres-a-coucher-duplex-avec-vue-sur-le-lac\/\" target=\"_self\">\n                    <img decoding=\"async\" width=\"525px\" height=\"420px\" src=\"https:\/\/elportillord.com\/wp-content\/uploads\/2026\/04\/IMG_9841-525x420.jpg\" alt=\"3 chambres \u00e0 coucher duplex avec vue sur le lac\" class=\"d-block w-100 img-fluid\" loading=\"lazy\" \/>\n                <\/a>\n            <\/div>        <\/div>\n                    <button class=\"carousel-control-prev\" type=\"button\" data-bs-target=\"#property_unit_carousel_69f43c132f9f1\" data-bs-slide=\"prev\">\n                <span class=\"carousel-control-prev-icon\" aria-hidden=\"true\"><\/span>\n                <span class=\"visually-hidden\">Previous<\/span>\n            <\/button>\n            <button class=\"carousel-control-next\" type=\"button\" data-bs-target=\"#property_unit_carousel_69f43c132f9f1\" data-bs-slide=\"next\">\n                <span class=\"carousel-control-next-icon\" aria-hidden=\"true\"><\/span>\n                <span class=\"visually-hidden\">Next<\/span>\n            <\/button>\n            <\/div>\n                    <div class=\"tag-wrapper\">\n    <div class=\"status-wrapper\">\n    <div class=\"action_tag_wrapper Locations\">Locations<\/div><div class=\"ribbon-inside actif\">actif<\/div><\/div>\n<\/div>                \n                \n<div class=\"property_agent_wrapper\">\n    \n    <\/div>\n                            <\/div>\n    \n            <div class=\"property-unit-information-wrapper\">\n            <h4>\n  <a href=\"https:\/\/elportillord.com\/fr\/properties\/3-chambres-a-coucher-duplex-avec-vue-sur-le-lac\/\" >3 chambres \u00e0 coucher duplex avec vue sur le ...<\/a>\n<\/h4><div class=\"property_card_categories_wrapper\"><a href=\"https:\/\/elportillord.com\/fr\/categorie_propriete\/appartements\/\" rel=\"tag\">Appartements<\/a> &#183; <a href=\"https:\/\/elportillord.com\/fr\/type_doperation\/locations\/\" rel=\"tag\">Locations<\/a> &#183; <a href=\"https:\/\/elportillord.com\/fr\/Statut%20de%20la%20propriete\/actif\/\" rel=\"tag\">actif<\/a><\/div><div class=\"property_details_type1_wrapper\">\n    <span class=\"property_details_type1_rooms\"><span class=\"property_details_type1_value\">3<\/span> Chambres<\/span> <span>&#183;<\/span> <span class=\"property_details_type1_baths\"><span class=\"property_details_type1_value\">3<\/span> Salles de bains<\/span><\/div><div class=\"listing_unit_price_wrapper\">\n    <span class=\"price_label price_label_before\">De<\/span> $ 150 <span class=\"price_label\">par nuit<\/span><\/div>            <\/div>\n            <\/div>    \n<\/div><\/div><\/div><\/div>\n    <script type=\"text\/javascript\">\n        \/\/<![CDATA[\n        jQuery(document).ready(function(){\n           wpestate_enble_slick_slider_list();\n        });\n        \/\/]]>\n    <\/script>\t\t\t\t<\/div>\n\t\t\t\t<\/div>\n\t\t\t\t<div class=\"elementor-element elementor-element-8b0a5bd elementor-hidden-mobile elementor-hidden-tablet elementor-hidden-desktop elementor-widget elementor-widget-WpResidence_Property_Slider\" data-id=\"8b0a5bd\" data-element_type=\"widget\" data-e-type=\"widget\" data-widget_type=\"WpResidence_Property_Slider.default\">\n\t\t\t\t<div class=\"elementor-widget-container\">\n\t\t\t\t\t<div class=\"property_slider2_wrapper owl-carousel owl-theme\" id=\"estate-property_slider2\"><div class=\"item active\" data-hash=\"item0\" data-href=\"https:\/\/elportillord.com\/?post_type=estate_property&#038;p=25634\">\n    <div class=\"image_div\" style=\"background-image:url(https:\/\/elportillord.com\/wp-content\/uploads\/2025\/09\/IMG_6339-1-835x467.jpg);\">\n        <div class=\"featured_gradient\"><\/div>\n                <div class=\"status-wrapper\"><div class=\"ribbon-wrapper-default ribbon-wrapper-active\"><div class=\"ribbon-inside active\">active<\/div><\/div><\/div>        <div class=\"featured_secondline\">\n                            <div class=\"agent_face\" style=\"background-image:url(https:\/\/elportillord.com\/wp-content\/uploads\/2014\/05\/Diseno-sin-titulo-120x120.png)\"><\/div>\n                        <a href=\"https:\/\/elportillord.com\/agents\/el-portillo-real-estate\/\">El Portillo Real Estate<\/a>\n        <\/div>\n    <\/div>\n\n    <div class=\"property_slider2_info_wrapper\">\n        <div class=\"property_slider2_info_price\">\n            <span class=\"price_label price_label_before\">From<\/span> $ 400 <span class=\"price_label\">per night<\/span>        <\/div>\n        <a href=\"https:\/\/elportillord.com\/?post_type=estate_property&#038;p=25634\" target=\"_blank\"><h2>Villa Mery<\/h2><\/a>\n        <div class=\"property_slider_sec_row\">\n                            <div class=\"inforoom_unit_type5\">3 BD<\/div>\n                                        <div class=\"inforoom_unit_type5\">4 BA<span><\/span><\/div>\n                                <\/div>\n        <div class=\"property_slider2_content\">\n            This beautiful modern villa features a large terrace overlooking a spacious tropical garden and a private pool with relaxing bubble effects. Fully furnished and equipped, <a href=\"https:\/\/elportillord.com\/?post_type=estate_property&#038;p=25634\" class=\"unit_more_x\"> ...<\/a>        <\/div>\n    <\/div>\n<\/div><div class=\"item \" data-hash=\"item1\" data-href=\"https:\/\/elportillord.com\/?post_type=estate_property&#038;p=25686\">\n    <div class=\"image_div\" style=\"background-image:url(https:\/\/elportillord.com\/wp-content\/uploads\/2025\/09\/Bellavista_IMG_6115-835x467.jpg);\">\n        <div class=\"featured_gradient\"><\/div>\n                <div class=\"status-wrapper\"><div class=\"ribbon-wrapper-default ribbon-wrapper-active\"><div class=\"ribbon-inside active\">active<\/div><\/div><\/div>        <div class=\"featured_secondline\">\n                            <div class=\"agent_face\" style=\"background-image:url(https:\/\/elportillord.com\/wp-content\/uploads\/2014\/05\/Diseno-sin-titulo-120x120.png)\"><\/div>\n                        <a href=\"https:\/\/elportillord.com\/agents\/el-portillo-real-estate\/\">El Portillo Real Estate<\/a>\n        <\/div>\n    <\/div>\n\n    <div class=\"property_slider2_info_wrapper\">\n        <div class=\"property_slider2_info_price\">\n            <span class=\"price_label price_label_before\">From<\/span> $ 550 <span class=\"price_label\">per night<\/span>        <\/div>\n        <a href=\"https:\/\/elportillord.com\/?post_type=estate_property&#038;p=25686\" target=\"_blank\"><h2>Villa Bellavista<\/h2><\/a>\n        <div class=\"property_slider_sec_row\">\n                            <div class=\"inforoom_unit_type5\">4 BD<\/div>\n                                        <div class=\"inforoom_unit_type5\">3 BA<span><\/span><\/div>\n                                <\/div>\n        <div class=\"property_slider2_content\">\n            Embrace the essence of Caribbean living in this spacious beachfront villa, designed with generous interiors and a large terrace that opens onto a private pool and lush tr <a href=\"https:\/\/elportillord.com\/?post_type=estate_property&#038;p=25686\" class=\"unit_more_x\"> ...<\/a>        <\/div>\n    <\/div>\n<\/div><div class=\"item \" data-hash=\"item2\" data-href=\"https:\/\/elportillord.com\/?post_type=estate_property&#038;p=25002\">\n    <div class=\"image_div\" style=\"background-image:url(https:\/\/elportillord.com\/wp-content\/uploads\/2025\/09\/IMG_1958-835x467.jpg);\">\n        <div class=\"featured_gradient\"><\/div>\n                <div class=\"status-wrapper\"><div class=\"ribbon-wrapper-default ribbon-wrapper-active\"><div class=\"ribbon-inside active\">active<\/div><\/div><\/div>        <div class=\"featured_secondline\">\n                            <div class=\"agent_face\" style=\"background-image:url(https:\/\/elportillord.com\/wp-content\/uploads\/2014\/05\/Diseno-sin-titulo-120x120.png)\"><\/div>\n                        <a href=\"https:\/\/elportillord.com\/agents\/el-portillo-real-estate\/\">El Portillo Real Estate<\/a>\n        <\/div>\n    <\/div>\n\n    <div class=\"property_slider2_info_wrapper\">\n        <div class=\"property_slider2_info_price\">\n            <span class=\"price_label price_label_before\">From<\/span> $ 200 <span class=\"price_label\">per night<\/span>        <\/div>\n        <a href=\"https:\/\/elportillord.com\/?post_type=estate_property&#038;p=25002\" target=\"_blank\"><h2>Villa Girasol<\/h2><\/a>\n        <div class=\"property_slider_sec_row\">\n                            <div class=\"inforoom_unit_type5\">2 BD<\/div>\n                                        <div class=\"inforoom_unit_type5\">2 BA<span><\/span><\/div>\n                                <\/div>\n        <div class=\"property_slider2_content\">\n            This charming modern villa, newly built in 2023, offers stylish one-level living with a spacious terrace overlooking a lush tropical garden and a private saltwater pool.  <a href=\"https:\/\/elportillord.com\/?post_type=estate_property&#038;p=25002\" class=\"unit_more_x\"> ...<\/a>        <\/div>\n    <\/div>\n<\/div><div class=\"item \" data-hash=\"item3\" data-href=\"https:\/\/elportillord.com\/?post_type=estate_property&#038;p=24958\">\n    <div class=\"image_div\" style=\"background-image:url(https:\/\/elportillord.com\/wp-content\/uploads\/2025\/09\/IMG_2512-835x467.jpg);\">\n        <div class=\"featured_gradient\"><\/div>\n                <div class=\"status-wrapper\"><div class=\"ribbon-wrapper-default ribbon-wrapper-active\"><div class=\"ribbon-inside active\">active<\/div><\/div><\/div>        <div class=\"featured_secondline\">\n                            <div class=\"agent_face\" style=\"background-image:url(https:\/\/elportillord.com\/wp-content\/uploads\/2014\/05\/Diseno-sin-titulo-120x120.png)\"><\/div>\n                        <a href=\"https:\/\/elportillord.com\/agents\/el-portillo-real-estate\/\">El Portillo Real Estate<\/a>\n        <\/div>\n    <\/div>\n\n    <div class=\"property_slider2_info_wrapper\">\n        <div class=\"property_slider2_info_price\">\n            <span class=\"price_label price_label_before\">From<\/span> $ 400 <span class=\"price_label\">per night<\/span>        <\/div>\n        <a href=\"https:\/\/elportillord.com\/?post_type=estate_property&#038;p=24958\" target=\"_blank\"><h2>Villa Popy<\/h2><\/a>\n        <div class=\"property_slider_sec_row\">\n                            <div class=\"inforoom_unit_type5\">4 BD<\/div>\n                                        <div class=\"inforoom_unit_type5\">3 BA<span><\/span><\/div>\n                                <\/div>\n        <div class=\"property_slider2_content\">\n            This elegant architect-designed villa, fully renovated in 2024, offers spacious two-level living with wide openings that seamlessly blend indoor comfort with the tropical <a href=\"https:\/\/elportillord.com\/?post_type=estate_property&#038;p=24958\" class=\"unit_more_x\"> ...<\/a>        <\/div>\n    <\/div>\n<\/div><div class=\"item \" data-hash=\"item4\" data-href=\"https:\/\/elportillord.com\/?post_type=estate_property&#038;p=24888\">\n    <div class=\"image_div\" style=\"background-image:url(https:\/\/elportillord.com\/wp-content\/uploads\/2025\/08\/IMG_0969-835x467.jpg);\">\n        <div class=\"featured_gradient\"><\/div>\n                <div class=\"status-wrapper\"><div class=\"ribbon-wrapper-default ribbon-wrapper-active\"><div class=\"ribbon-inside active\">active<\/div><\/div><\/div>        <div class=\"featured_secondline\">\n                            <div class=\"agent_face\" style=\"background-image:url(https:\/\/elportillord.com\/wp-content\/uploads\/2014\/05\/Diseno-sin-titulo-120x120.png)\"><\/div>\n                        <a href=\"https:\/\/elportillord.com\/agents\/el-portillo-real-estate\/\">El Portillo Real Estate<\/a>\n        <\/div>\n    <\/div>\n\n    <div class=\"property_slider2_info_wrapper\">\n        <div class=\"property_slider2_info_price\">\n            <span class=\"price_label price_label_before\">From<\/span> $ 400 <span class=\"price_label\">per night<\/span>        <\/div>\n        <a href=\"https:\/\/elportillord.com\/?post_type=estate_property&#038;p=24888\" target=\"_blank\"><h2>Villa Colibri<\/h2><\/a>\n        <div class=\"property_slider_sec_row\">\n                            <div class=\"inforoom_unit_type5\">4 BD<\/div>\n                                        <div class=\"inforoom_unit_type5\">3 BA<span><\/span><\/div>\n                                <\/div>\n        <div class=\"property_slider2_content\">\n            Villa Colibr\u00ed is an exclusive, fully independent villa designed to ensure total privacy, surrounded by a lush tropical garden and its own private saltwater pool. Perfectl <a href=\"https:\/\/elportillord.com\/?post_type=estate_property&#038;p=24888\" class=\"unit_more_x\"> ...<\/a>        <\/div>\n    <\/div>\n<\/div><div class=\"item \" data-hash=\"item5\" data-href=\"https:\/\/elportillord.com\/?post_type=estate_property&#038;p=25055\">\n    <div class=\"image_div\" style=\"background-image:url(https:\/\/elportillord.com\/wp-content\/uploads\/2025\/09\/IMG_2133-835x467.jpg);\">\n        <div class=\"featured_gradient\"><\/div>\n                <div class=\"status-wrapper\"><div class=\"ribbon-wrapper-default ribbon-wrapper-active\"><div class=\"ribbon-inside active\">active<\/div><\/div><\/div>        <div class=\"featured_secondline\">\n                            <div class=\"agent_face\" style=\"background-image:url(https:\/\/elportillord.com\/wp-content\/uploads\/2014\/05\/Diseno-sin-titulo-120x120.png)\"><\/div>\n                        <a href=\"https:\/\/elportillord.com\/agents\/el-portillo-real-estate\/\">El Portillo Real Estate<\/a>\n        <\/div>\n    <\/div>\n\n    <div class=\"property_slider2_info_wrapper\">\n        <div class=\"property_slider2_info_price\">\n            <span class=\"price_label price_label_before\">From<\/span> $ 400 <span class=\"price_label\">per night<\/span>        <\/div>\n        <a href=\"https:\/\/elportillord.com\/?post_type=estate_property&#038;p=25055\" target=\"_blank\"><h2>Villa Antonia<\/h2><\/a>\n        <div class=\"property_slider_sec_row\">\n                            <div class=\"inforoom_unit_type5\">4 BD<\/div>\n                                        <div class=\"inforoom_unit_type5\">3 BA<span><\/span><\/div>\n                                <\/div>\n        <div class=\"property_slider2_content\">\n            Experience modern elegance in this Greek-style villa, featuring clean architectural lines, spacious interiors, and a large terrace that flows seamlessly to the pool and l <a href=\"https:\/\/elportillord.com\/?post_type=estate_property&#038;p=25055\" class=\"unit_more_x\"> ...<\/a>        <\/div>\n    <\/div>\n<\/div><div class=\"item \" data-hash=\"item6\" data-href=\"https:\/\/elportillord.com\/?post_type=estate_property&#038;p=24790\">\n    <div class=\"image_div\" style=\"background-image:url(https:\/\/elportillord.com\/wp-content\/uploads\/2025\/08\/Joyosa_IMG_0398-2-835x467.jpg);\">\n        <div class=\"featured_gradient\"><\/div>\n                <div class=\"status-wrapper\"><div class=\"ribbon-wrapper-default ribbon-wrapper-active\"><div class=\"ribbon-inside active\">active<\/div><\/div><\/div>        <div class=\"featured_secondline\">\n                            <div class=\"agent_face\" style=\"background-image:url(https:\/\/elportillord.com\/wp-content\/uploads\/2014\/05\/Diseno-sin-titulo-120x120.png)\"><\/div>\n                        <a href=\"https:\/\/elportillord.com\/agents\/el-portillo-real-estate\/\">El Portillo Real Estate<\/a>\n        <\/div>\n    <\/div>\n\n    <div class=\"property_slider2_info_wrapper\">\n        <div class=\"property_slider2_info_price\">\n            <span class=\"price_label price_label_before\">From<\/span> $ 350 <span class=\"price_label\">per night<\/span>        <\/div>\n        <a href=\"https:\/\/elportillord.com\/?post_type=estate_property&#038;p=24790\" target=\"_blank\"><h2>Villa Joyosa<\/h2><\/a>\n        <div class=\"property_slider_sec_row\">\n                            <div class=\"inforoom_unit_type5\">3 BD<\/div>\n                                        <div class=\"inforoom_unit_type5\">2 BA<span><\/span><\/div>\n                                <\/div>\n        <div class=\"property_slider2_content\">\n            Villa Joyosa is an elegant contemporary villa, all on one level, featuring an expansive terrace that opens onto a lush tropical garden and a private salt water pool. Tast <a href=\"https:\/\/elportillord.com\/?post_type=estate_property&#038;p=24790\" class=\"unit_more_x\"> ...<\/a>        <\/div>\n    <\/div>\n<\/div><\/div><ol class=\"theme_slider_3_carousel-indicators\"><a data-target=\"#estate-property_slider2\" href=\"#item0\" class=\"button secondary url active\"><\/a><a data-target=\"#estate-property_slider2\" href=\"#item1\" class=\"button secondary url \"><\/a><a data-target=\"#estate-property_slider2\" href=\"#item2\" class=\"button secondary url \"><\/a><a data-target=\"#estate-property_slider2\" href=\"#item3\" class=\"button secondary url \"><\/a><a data-target=\"#estate-property_slider2\" href=\"#item4\" class=\"button secondary url \"><\/a><a data-target=\"#estate-property_slider2\" href=\"#item5\" class=\"button secondary url \"><\/a><a data-target=\"#estate-property_slider2\" href=\"#item6\" class=\"button secondary url \"><\/a><\/ol><script type=\"text\/javascript\">\n       jQuery(document).ready(function(){\n          wpestate_property_slider_2();\n       });\n   <\/script>\t\t\t\t<\/div>\n\t\t\t\t<\/div>\n\t\t\t\t<div class=\"elementor-element elementor-element-8cd9231 elementor-hidden-mobile elementor-hidden-tablet elementor-widget elementor-widget-WpResidence_Items_List\" data-id=\"8cd9231\" data-element_type=\"widget\" data-e-type=\"widget\" data-widget_type=\"WpResidence_Items_List.default\">\n\t\t\t\t<div class=\"elementor-widget-container\">\n\t\t\t\t\t<div id=\"wpestate_sh_anime_191\" class=\"wpresidence_shortcode_listings_wrapper wpestate_anime wpestate_latest_listings_sh bottom-estate_property  wpestate_grid_view_wrapper \" data-type=\"estate_property\" data-category_ids=\"215\" data-action_ids=\"\" data-city_ids=\"\" data-area_ids=\"\" data-state_ids=\"\" data-status_ids=\"\" data-features_ids=\"\" data-number=\"4\" data-row-number=\"4\" data-card-version=\"\" data-align=\"vertical\" data-show_featured_only=\"no\" data-random_pick=\"no\" data-featured_first=\"no\" data-sort-by=\"1\" data-display-grid=\"yes\" data-agent-id=\"\" data-page=\"1\"><div class=\"items_shortcode_wrapper_grid\" data-row-number=\"4\"><div class=\"shortcode_wrapper_grid_item\">  \n\n<div class=\" listing_wrapper  property_unit_type8\" \n    data-org=\"\"   \n    data-main-modal=\"https:\/\/elportillord.com\/wp-content\/uploads\/2026\/04\/IMG_0230-835x467.jpg\"\n    data-modal-title=\"3 chambres \u00e0 coucher avec vue sur l&rsquo;oc\u00e9an\"\n    data-modal-link=\"https:\/\/elportillord.com\/fr\/properties\/3-chambres-a-coucher-avec-vue-sur-locean\/\"\n    data-listid=\"26896\"> \n    \n    <div class=\"property_listing property_unit_type8 \" \n         data-link=\"\">\n\n                    <div class=\"listing-unit-img-wrapper\">\n                <div class=\"featured_gradient\"><\/div>\n                    <div id=\"property_unit_carousel_69f43c13368c0\" class=\"carousel property_unit_carousel slide\" data-bs-interval=\"false\">\n        <div class=\"carousel-inner\">\n           \n            <div class=\"carousel-item active\">\n                <a href=\"https:\/\/elportillord.com\/fr\/properties\/3-chambres-a-coucher-avec-vue-sur-locean\/\" target=\"_self\">\n                    <img decoding=\"async\" width=\"525px\" height=\"420px\" src=\"https:\/\/elportillord.com\/wp-content\/uploads\/2026\/04\/IMG_0230-525x420.jpg\" alt=\"3 chambres \u00e0 coucher avec vue sur l&rsquo;oc\u00e9an\" class=\"d-block w-100 img-fluid\" loading=\"lazy\" \/>\n                <\/a>\n            <\/div><div class=\"carousel-item \">\n                <a href=\"https:\/\/elportillord.com\/fr\/properties\/3-chambres-a-coucher-avec-vue-sur-locean\/\" target=\"_self\">\n                    <img decoding=\"async\" width=\"525px\" height=\"420px\" src=\"https:\/\/elportillord.com\/wp-content\/uploads\/2026\/04\/IMG_0230-525x420.jpg\" alt=\"3 chambres \u00e0 coucher avec vue sur l&rsquo;oc\u00e9an\" class=\"d-block w-100 img-fluid\" loading=\"lazy\" \/>\n                <\/a>\n            <\/div><div class=\"carousel-item \">\n                <a href=\"https:\/\/elportillord.com\/fr\/properties\/3-chambres-a-coucher-avec-vue-sur-locean\/\" target=\"_self\">\n                    <img decoding=\"async\" width=\"525px\" height=\"420px\" src=\"https:\/\/elportillord.com\/wp-content\/uploads\/2026\/04\/IMG_0157-525x420.jpg\" alt=\"3 chambres \u00e0 coucher avec vue sur l&rsquo;oc\u00e9an\" class=\"d-block w-100 img-fluid\" loading=\"lazy\" \/>\n                <\/a>\n            <\/div><div class=\"carousel-item \">\n                <a href=\"https:\/\/elportillord.com\/fr\/properties\/3-chambres-a-coucher-avec-vue-sur-locean\/\" target=\"_self\">\n                    <img decoding=\"async\" width=\"525px\" height=\"420px\" src=\"https:\/\/elportillord.com\/wp-content\/uploads\/2026\/04\/IMG_0195-525x420.jpg\" alt=\"3 chambres \u00e0 coucher avec vue sur l&rsquo;oc\u00e9an\" class=\"d-block w-100 img-fluid\" loading=\"lazy\" \/>\n                <\/a>\n            <\/div><div class=\"carousel-item \">\n                <a href=\"https:\/\/elportillord.com\/fr\/properties\/3-chambres-a-coucher-avec-vue-sur-locean\/\" target=\"_self\">\n                    <img decoding=\"async\" width=\"525px\" height=\"420px\" src=\"https:\/\/elportillord.com\/wp-content\/uploads\/2026\/04\/IMG_0209-525x420.jpg\" alt=\"3 chambres \u00e0 coucher avec vue sur l&rsquo;oc\u00e9an\" class=\"d-block w-100 img-fluid\" loading=\"lazy\" \/>\n                <\/a>\n            <\/div>        <\/div>\n                    <button class=\"carousel-control-prev\" type=\"button\" data-bs-target=\"#property_unit_carousel_69f43c13368c0\" data-bs-slide=\"prev\">\n                <span class=\"carousel-control-prev-icon\" aria-hidden=\"true\"><\/span>\n                <span class=\"visually-hidden\">Previous<\/span>\n            <\/button>\n            <button class=\"carousel-control-next\" type=\"button\" data-bs-target=\"#property_unit_carousel_69f43c13368c0\" data-bs-slide=\"next\">\n                <span class=\"carousel-control-next-icon\" aria-hidden=\"true\"><\/span>\n                <span class=\"visually-hidden\">Next<\/span>\n            <\/button>\n            <\/div>\n                    <div class=\"tag-wrapper\">\n    <div class=\"status-wrapper\">\n    <div class=\"action_tag_wrapper Locations\">Locations<\/div><div class=\"ribbon-inside actif\">actif<\/div><\/div>\n<\/div>                \n                \n<div class=\"property_agent_wrapper\">\n    \n    <\/div>\n                            <\/div>\n    \n            <div class=\"property-unit-information-wrapper\">\n            <h4>\n  <a href=\"https:\/\/elportillord.com\/fr\/properties\/3-chambres-a-coucher-avec-vue-sur-locean\/\" >3 chambres \u00e0 coucher avec vue sur l&rsquo;oc...<\/a>\n<\/h4><div class=\"property_card_categories_wrapper\"><a href=\"https:\/\/elportillord.com\/fr\/categorie_propriete\/appartements\/\" rel=\"tag\">Appartements<\/a> &#183; <a href=\"https:\/\/elportillord.com\/fr\/type_doperation\/locations\/\" rel=\"tag\">Locations<\/a> &#183; <a href=\"https:\/\/elportillord.com\/fr\/Statut%20de%20la%20propriete\/actif\/\" rel=\"tag\">actif<\/a><\/div><div class=\"property_details_type1_wrapper\">\n    <span class=\"property_details_type1_rooms\"><span class=\"property_details_type1_value\">3<\/span> Chambres<\/span> <span>&#183;<\/span> <span class=\"property_details_type1_baths\"><span class=\"property_details_type1_value\">3<\/span> Salles de bains<\/span><\/div><div class=\"listing_unit_price_wrapper\">\n    <span class=\"price_label price_label_before\">De<\/span> $ 350 <span class=\"price_label\">par nuit<\/span><\/div>            <\/div>\n            <\/div>    \n<\/div><\/div><div class=\"shortcode_wrapper_grid_item\">  \n\n<div class=\" listing_wrapper  property_unit_type8\" \n    data-org=\"\"   \n    data-main-modal=\"https:\/\/elportillord.com\/wp-content\/uploads\/2026\/04\/IMG_0417-835x467.jpg\"\n    data-modal-title=\"2 chambres mezzanine\"\n    data-modal-link=\"https:\/\/elportillord.com\/fr\/properties\/appartement-de-2-chambres-avec-vue-sur-le-lac\/\"\n    data-listid=\"26860\"> \n    \n    <div class=\"property_listing property_unit_type8 \" \n         data-link=\"\">\n\n                    <div class=\"listing-unit-img-wrapper\">\n                <div class=\"featured_gradient\"><\/div>\n                    <div id=\"property_unit_carousel_69f43c1337019\" class=\"carousel property_unit_carousel slide\" data-bs-interval=\"false\">\n        <div class=\"carousel-inner\">\n           \n            <div class=\"carousel-item active\">\n                <a href=\"https:\/\/elportillord.com\/fr\/properties\/appartement-de-2-chambres-avec-vue-sur-le-lac\/\" target=\"_self\">\n                    <img decoding=\"async\" width=\"525px\" height=\"420px\" src=\"https:\/\/elportillord.com\/wp-content\/uploads\/2026\/04\/IMG_0417-525x420.jpg\" alt=\"2 chambres mezzanine\" class=\"d-block w-100 img-fluid\" loading=\"lazy\" \/>\n                <\/a>\n            <\/div><div class=\"carousel-item \">\n                <a href=\"https:\/\/elportillord.com\/fr\/properties\/appartement-de-2-chambres-avec-vue-sur-le-lac\/\" target=\"_self\">\n                    <img decoding=\"async\" width=\"525px\" height=\"420px\" src=\"https:\/\/elportillord.com\/wp-content\/uploads\/2026\/04\/IMG_0417-525x420.jpg\" alt=\"2 chambres mezzanine\" class=\"d-block w-100 img-fluid\" loading=\"lazy\" \/>\n                <\/a>\n            <\/div><div class=\"carousel-item \">\n                <a href=\"https:\/\/elportillord.com\/fr\/properties\/appartement-de-2-chambres-avec-vue-sur-le-lac\/\" target=\"_self\">\n                    <img decoding=\"async\" width=\"525px\" height=\"420px\" src=\"https:\/\/elportillord.com\/wp-content\/uploads\/2026\/04\/IMG_0379-525x420.jpg\" alt=\"2 chambres mezzanine\" class=\"d-block w-100 img-fluid\" loading=\"lazy\" \/>\n                <\/a>\n            <\/div><div class=\"carousel-item \">\n                <a href=\"https:\/\/elportillord.com\/fr\/properties\/appartement-de-2-chambres-avec-vue-sur-le-lac\/\" target=\"_self\">\n                    <img decoding=\"async\" width=\"525px\" height=\"420px\" src=\"https:\/\/elportillord.com\/wp-content\/uploads\/2026\/04\/IMG_0394-525x420.jpg\" alt=\"2 chambres mezzanine\" class=\"d-block w-100 img-fluid\" loading=\"lazy\" \/>\n                <\/a>\n            <\/div><div class=\"carousel-item \">\n                <a href=\"https:\/\/elportillord.com\/fr\/properties\/appartement-de-2-chambres-avec-vue-sur-le-lac\/\" target=\"_self\">\n                    <img decoding=\"async\" width=\"525px\" height=\"420px\" src=\"https:\/\/elportillord.com\/wp-content\/uploads\/2026\/04\/IMG_0409-525x420.jpg\" alt=\"2 chambres mezzanine\" class=\"d-block w-100 img-fluid\" loading=\"lazy\" \/>\n                <\/a>\n            <\/div>        <\/div>\n                    <button class=\"carousel-control-prev\" type=\"button\" data-bs-target=\"#property_unit_carousel_69f43c1337019\" data-bs-slide=\"prev\">\n                <span class=\"carousel-control-prev-icon\" aria-hidden=\"true\"><\/span>\n                <span class=\"visually-hidden\">Previous<\/span>\n            <\/button>\n            <button class=\"carousel-control-next\" type=\"button\" data-bs-target=\"#property_unit_carousel_69f43c1337019\" data-bs-slide=\"next\">\n                <span class=\"carousel-control-next-icon\" aria-hidden=\"true\"><\/span>\n                <span class=\"visually-hidden\">Next<\/span>\n            <\/button>\n            <\/div>\n                    <div class=\"tag-wrapper\">\n    <div class=\"status-wrapper\">\n    <div class=\"action_tag_wrapper Locations\">Locations<\/div><div class=\"ribbon-inside actif\">actif<\/div><\/div>\n<\/div>                \n                \n<div class=\"property_agent_wrapper\">\n    \n    <\/div>\n                            <\/div>\n    \n            <div class=\"property-unit-information-wrapper\">\n            <h4>\n  <a href=\"https:\/\/elportillord.com\/fr\/properties\/appartement-de-2-chambres-avec-vue-sur-le-lac\/\" >2 chambres mezzanine<\/a>\n<\/h4><div class=\"property_card_categories_wrapper\"><a href=\"https:\/\/elportillord.com\/fr\/categorie_propriete\/appartements\/\" rel=\"tag\">Appartements<\/a> &#183; <a href=\"https:\/\/elportillord.com\/fr\/type_doperation\/locations\/\" rel=\"tag\">Locations<\/a> &#183; <a href=\"https:\/\/elportillord.com\/fr\/Statut%20de%20la%20propriete\/actif\/\" rel=\"tag\">actif<\/a><\/div><div class=\"property_details_type1_wrapper\">\n    <span class=\"property_details_type1_rooms\"><span class=\"property_details_type1_value\">2<\/span> Chambres<\/span> <span>&#183;<\/span> <span class=\"property_details_type1_baths\"><span class=\"property_details_type1_value\">2<\/span> Salles de bains<\/span><\/div><div class=\"listing_unit_price_wrapper\">\n    <span class=\"price_label price_label_before\">De<\/span> $ 180 <span class=\"price_label\">par nuit<\/span><\/div>            <\/div>\n            <\/div>    \n<\/div><\/div><div class=\"shortcode_wrapper_grid_item\">  \n\n<div class=\" listing_wrapper  property_unit_type8\" \n    data-org=\"\"   \n    data-main-modal=\"https:\/\/elportillord.com\/wp-content\/uploads\/2026\/04\/IMG_9910-835x467.jpg\"\n    data-modal-title=\"Appartement 2 chambres avec vue sur le lac\"\n    data-modal-link=\"https:\/\/elportillord.com\/fr\/properties\/appartement-2-chambres-avec-vue-sur-le-lac\/\"\n    data-listid=\"26952\"> \n    \n    <div class=\"property_listing property_unit_type8 \" \n         data-link=\"\">\n\n                    <div class=\"listing-unit-img-wrapper\">\n                <div class=\"featured_gradient\"><\/div>\n                    <div id=\"property_unit_carousel_69f43c1337685\" class=\"carousel property_unit_carousel slide\" data-bs-interval=\"false\">\n        <div class=\"carousel-inner\">\n           \n            <div class=\"carousel-item active\">\n                <a href=\"https:\/\/elportillord.com\/fr\/properties\/appartement-2-chambres-avec-vue-sur-le-lac\/\" target=\"_self\">\n                    <img decoding=\"async\" width=\"525px\" height=\"420px\" src=\"https:\/\/elportillord.com\/wp-content\/uploads\/2026\/04\/IMG_9910-525x420.jpg\" alt=\"Appartement 2 chambres avec vue sur le lac\" class=\"d-block w-100 img-fluid\" loading=\"lazy\" \/>\n                <\/a>\n            <\/div><div class=\"carousel-item \">\n                <a href=\"https:\/\/elportillord.com\/fr\/properties\/appartement-2-chambres-avec-vue-sur-le-lac\/\" target=\"_self\">\n                    <img decoding=\"async\" width=\"525px\" height=\"420px\" src=\"https:\/\/elportillord.com\/wp-content\/uploads\/2026\/04\/IMG_9910-525x420.jpg\" alt=\"Appartement 2 chambres avec vue sur le lac\" class=\"d-block w-100 img-fluid\" loading=\"lazy\" \/>\n                <\/a>\n            <\/div><div class=\"carousel-item \">\n                <a href=\"https:\/\/elportillord.com\/fr\/properties\/appartement-2-chambres-avec-vue-sur-le-lac\/\" target=\"_self\">\n                    <img decoding=\"async\" width=\"525px\" height=\"420px\" src=\"https:\/\/elportillord.com\/wp-content\/uploads\/2026\/04\/IMG_0004-525x420.jpg\" alt=\"Appartement 2 chambres avec vue sur le lac\" class=\"d-block w-100 img-fluid\" loading=\"lazy\" \/>\n                <\/a>\n            <\/div><div class=\"carousel-item \">\n                <a href=\"https:\/\/elportillord.com\/fr\/properties\/appartement-2-chambres-avec-vue-sur-le-lac\/\" target=\"_self\">\n                    <img decoding=\"async\" width=\"525px\" height=\"420px\" src=\"https:\/\/elportillord.com\/wp-content\/uploads\/2026\/04\/IMG_9956-525x420.jpg\" alt=\"Appartement 2 chambres avec vue sur le lac\" class=\"d-block w-100 img-fluid\" loading=\"lazy\" \/>\n                <\/a>\n            <\/div><div class=\"carousel-item \">\n                <a href=\"https:\/\/elportillord.com\/fr\/properties\/appartement-2-chambres-avec-vue-sur-le-lac\/\" target=\"_self\">\n                    <img decoding=\"async\" width=\"525px\" height=\"420px\" src=\"https:\/\/elportillord.com\/wp-content\/uploads\/2026\/04\/IMG_9958-525x420.jpg\" alt=\"Appartement 2 chambres avec vue sur le lac\" class=\"d-block w-100 img-fluid\" loading=\"lazy\" \/>\n                <\/a>\n            <\/div>        <\/div>\n                    <button class=\"carousel-control-prev\" type=\"button\" data-bs-target=\"#property_unit_carousel_69f43c1337685\" data-bs-slide=\"prev\">\n                <span class=\"carousel-control-prev-icon\" aria-hidden=\"true\"><\/span>\n                <span class=\"visually-hidden\">Previous<\/span>\n            <\/button>\n            <button class=\"carousel-control-next\" type=\"button\" data-bs-target=\"#property_unit_carousel_69f43c1337685\" data-bs-slide=\"next\">\n                <span class=\"carousel-control-next-icon\" aria-hidden=\"true\"><\/span>\n                <span class=\"visually-hidden\">Next<\/span>\n            <\/button>\n            <\/div>\n                    <div class=\"tag-wrapper\">\n    <div class=\"status-wrapper\">\n    <div class=\"action_tag_wrapper Locations\">Locations<\/div><div class=\"ribbon-inside actif\">actif<\/div><\/div>\n<\/div>                \n                \n<div class=\"property_agent_wrapper\">\n    \n    <\/div>\n                            <\/div>\n    \n            <div class=\"property-unit-information-wrapper\">\n            <h4>\n  <a href=\"https:\/\/elportillord.com\/fr\/properties\/appartement-2-chambres-avec-vue-sur-le-lac\/\" >Appartement 2 chambres avec vue sur le lac<\/a>\n<\/h4><div class=\"property_card_categories_wrapper\"><a href=\"https:\/\/elportillord.com\/fr\/categorie_propriete\/appartements\/\" rel=\"tag\">Appartements<\/a> &#183; <a href=\"https:\/\/elportillord.com\/fr\/type_doperation\/locations\/\" rel=\"tag\">Locations<\/a> &#183; <a href=\"https:\/\/elportillord.com\/fr\/Statut%20de%20la%20propriete\/actif\/\" rel=\"tag\">actif<\/a><\/div><div class=\"property_details_type1_wrapper\">\n    <span class=\"property_details_type1_rooms\"><span class=\"property_details_type1_value\">2<\/span> Chambres<\/span> <span>&#183;<\/span> <span class=\"property_details_type1_baths\"><span class=\"property_details_type1_value\">2<\/span> Salles de bains<\/span><\/div><div class=\"listing_unit_price_wrapper\">\n    <span class=\"price_label price_label_before\">De<\/span> $ 180 <span class=\"price_label\">par nuit<\/span><\/div>            <\/div>\n            <\/div>    \n<\/div><\/div><div class=\"shortcode_wrapper_grid_item\">  \n\n<div class=\" listing_wrapper  property_unit_type8\" \n    data-org=\"\"   \n    data-main-modal=\"https:\/\/elportillord.com\/wp-content\/uploads\/2026\/04\/IMG_9788-835x467.jpg\"\n    data-modal-title=\"3 chambres \u00e0 coucher duplex avec vue sur le lac\"\n    data-modal-link=\"https:\/\/elportillord.com\/fr\/properties\/3-chambres-a-coucher-duplex-avec-vue-sur-le-lac\/\"\n    data-listid=\"26931\"> \n    \n    <div class=\"property_listing property_unit_type8 \" \n         data-link=\"\">\n\n                    <div class=\"listing-unit-img-wrapper\">\n                <div class=\"featured_gradient\"><\/div>\n                    <div id=\"property_unit_carousel_69f43c1337cfb\" class=\"carousel property_unit_carousel slide\" data-bs-interval=\"false\">\n        <div class=\"carousel-inner\">\n           \n            <div class=\"carousel-item active\">\n                <a href=\"https:\/\/elportillord.com\/fr\/properties\/3-chambres-a-coucher-duplex-avec-vue-sur-le-lac\/\" target=\"_self\">\n                    <img decoding=\"async\" width=\"525px\" height=\"420px\" src=\"https:\/\/elportillord.com\/wp-content\/uploads\/2026\/04\/IMG_9788-525x420.jpg\" alt=\"3 chambres \u00e0 coucher duplex avec vue sur le lac\" class=\"d-block w-100 img-fluid\" loading=\"lazy\" \/>\n                <\/a>\n            <\/div><div class=\"carousel-item \">\n                <a href=\"https:\/\/elportillord.com\/fr\/properties\/3-chambres-a-coucher-duplex-avec-vue-sur-le-lac\/\" target=\"_self\">\n                    <img decoding=\"async\" width=\"525px\" height=\"420px\" src=\"https:\/\/elportillord.com\/wp-content\/uploads\/2026\/04\/IMG_9788-525x420.jpg\" alt=\"3 chambres \u00e0 coucher duplex avec vue sur le lac\" class=\"d-block w-100 img-fluid\" loading=\"lazy\" \/>\n                <\/a>\n            <\/div><div class=\"carousel-item \">\n                <a href=\"https:\/\/elportillord.com\/fr\/properties\/3-chambres-a-coucher-duplex-avec-vue-sur-le-lac\/\" target=\"_self\">\n                    <img decoding=\"async\" width=\"525px\" height=\"420px\" src=\"https:\/\/elportillord.com\/wp-content\/uploads\/2026\/04\/IMG_9787-525x420.jpg\" alt=\"3 chambres \u00e0 coucher duplex avec vue sur le lac\" class=\"d-block w-100 img-fluid\" loading=\"lazy\" \/>\n                <\/a>\n            <\/div><div class=\"carousel-item \">\n                <a href=\"https:\/\/elportillord.com\/fr\/properties\/3-chambres-a-coucher-duplex-avec-vue-sur-le-lac\/\" target=\"_self\">\n                    <img decoding=\"async\" width=\"525px\" height=\"420px\" src=\"https:\/\/elportillord.com\/wp-content\/uploads\/2026\/04\/IMG_9790-525x420.jpg\" alt=\"3 chambres \u00e0 coucher duplex avec vue sur le lac\" class=\"d-block w-100 img-fluid\" loading=\"lazy\" \/>\n                <\/a>\n            <\/div><div class=\"carousel-item \">\n                <a href=\"https:\/\/elportillord.com\/fr\/properties\/3-chambres-a-coucher-duplex-avec-vue-sur-le-lac\/\" target=\"_self\">\n                    <img decoding=\"async\" width=\"525px\" height=\"420px\" src=\"https:\/\/elportillord.com\/wp-content\/uploads\/2026\/04\/IMG_9841-525x420.jpg\" alt=\"3 chambres \u00e0 coucher duplex avec vue sur le lac\" class=\"d-block w-100 img-fluid\" loading=\"lazy\" \/>\n                <\/a>\n            <\/div>        <\/div>\n                    <button class=\"carousel-control-prev\" type=\"button\" data-bs-target=\"#property_unit_carousel_69f43c1337cfb\" data-bs-slide=\"prev\">\n                <span class=\"carousel-control-prev-icon\" aria-hidden=\"true\"><\/span>\n                <span class=\"visually-hidden\">Previous<\/span>\n            <\/button>\n            <button class=\"carousel-control-next\" type=\"button\" data-bs-target=\"#property_unit_carousel_69f43c1337cfb\" data-bs-slide=\"next\">\n                <span class=\"carousel-control-next-icon\" aria-hidden=\"true\"><\/span>\n                <span class=\"visually-hidden\">Next<\/span>\n            <\/button>\n            <\/div>\n                    <div class=\"tag-wrapper\">\n    <div class=\"status-wrapper\">\n    <div class=\"action_tag_wrapper Locations\">Locations<\/div><div class=\"ribbon-inside actif\">actif<\/div><\/div>\n<\/div>                \n                \n<div class=\"property_agent_wrapper\">\n    \n    <\/div>\n                            <\/div>\n    \n            <div class=\"property-unit-information-wrapper\">\n            <h4>\n  <a href=\"https:\/\/elportillord.com\/fr\/properties\/3-chambres-a-coucher-duplex-avec-vue-sur-le-lac\/\" >3 chambres \u00e0 coucher duplex avec vue sur le ...<\/a>\n<\/h4><div class=\"property_card_categories_wrapper\"><a href=\"https:\/\/elportillord.com\/fr\/categorie_propriete\/appartements\/\" rel=\"tag\">Appartements<\/a> &#183; <a href=\"https:\/\/elportillord.com\/fr\/type_doperation\/locations\/\" rel=\"tag\">Locations<\/a> &#183; <a href=\"https:\/\/elportillord.com\/fr\/Statut%20de%20la%20propriete\/actif\/\" rel=\"tag\">actif<\/a><\/div><div class=\"property_details_type1_wrapper\">\n    <span class=\"property_details_type1_rooms\"><span class=\"property_details_type1_value\">3<\/span> Chambres<\/span> <span>&#183;<\/span> <span class=\"property_details_type1_baths\"><span class=\"property_details_type1_value\">3<\/span> Salles de bains<\/span><\/div><div class=\"listing_unit_price_wrapper\">\n    <span class=\"price_label price_label_before\">De<\/span> $ 150 <span class=\"price_label\">par nuit<\/span><\/div>            <\/div>\n            <\/div>    \n<\/div><\/div><\/div><div class=\"wpestate_listing_sh_loader\"><div class=\"new_prelader\"><\/div><\/div><div class=\"listinglink-wrapper_sh_listings exclude-rtl\"><span class=\"wpresidence_button wpestate_item_list_sh\">D\u00e9couvrir<\/span><\/div><\/div>\t\t\t\t<\/div>\n\t\t\t\t<\/div>\n\t\t\t\t<div class=\"elementor-element elementor-element-21d05c3 elementor-align-center elementor-widget elementor-widget-button\" data-id=\"21d05c3\" data-element_type=\"widget\" data-e-type=\"widget\" data-widget_type=\"button.default\">\n\t\t\t\t\t\t\t\t\t\t<a class=\"elementor-button elementor-button-link elementor-size-sm\" href=\"https:\/\/elportillord.com\/fr\/el-portillo-appartements-a-louer\/\">\n\t\t\t\t\t\t<span class=\"elementor-button-content-wrapper\">\n\t\t\t\t\t\t\t\t\t<span class=\"elementor-button-text\">Voir tous les appartements \u00e0 louer<\/span>\n\t\t\t\t\t<\/span>\n\t\t\t\t\t<\/a>\n\t\t\t\t\t\t\t\t<\/div>\n\t\t\t\t\t<\/div>\n\t\t\t\t<\/div>\n\t\t<div class=\"elementor-element elementor-element-89e8c08 e-flex e-con-boxed e-con e-parent\" data-id=\"89e8c08\" data-element_type=\"container\" data-e-type=\"container\" data-settings=\"{&quot;background_background&quot;:&quot;classic&quot;}\">\n\t\t\t\t\t<div class=\"e-con-inner\">\n\t\t<div class=\"elementor-element elementor-element-3c8827e e-flex e-con-boxed e-con e-child\" data-id=\"3c8827e\" data-element_type=\"container\" data-e-type=\"container\" data-settings=\"{&quot;background_background&quot;:&quot;classic&quot;}\">\n\t\t\t\t\t<div class=\"e-con-inner\">\n\t\t<div class=\"elementor-element elementor-element-ed48652 e-con-full e-flex e-con e-child\" data-id=\"ed48652\" data-element_type=\"container\" data-e-type=\"container\" data-settings=\"{&quot;background_background&quot;:&quot;classic&quot;}\">\n\t\t<div class=\"elementor-element elementor-element-c1058fc e-con-full e-grid e-con e-child\" data-id=\"c1058fc\" data-element_type=\"container\" data-e-type=\"container\" data-settings=\"{&quot;background_background&quot;:&quot;classic&quot;}\">\n\t\t<div class=\"elementor-element elementor-element-7f6109d e-con-full e-flex e-con e-child\" data-id=\"7f6109d\" data-element_type=\"container\" data-e-type=\"container\" data-settings=\"{&quot;background_background&quot;:&quot;classic&quot;}\">\n\t\t<div class=\"elementor-element elementor-element-84e1207 e-con-full e-flex e-con e-child\" data-id=\"84e1207\" data-element_type=\"container\" data-e-type=\"container\">\n\t\t\t\t<div class=\"elementor-element elementor-element-8191d0f elementor-widget elementor-widget-image\" data-id=\"8191d0f\" data-element_type=\"widget\" data-e-type=\"widget\" data-widget_type=\"image.default\">\n\t\t\t\t\t\t\t\t\t\t\t\t\t\t\t<img fetchpriority=\"high\" decoding=\"async\" width=\"512\" height=\"512\" src=\"https:\/\/elportillord.com\/wp-content\/uploads\/2025\/08\/icono-1-blanco.png\" class=\"attachment-large size-large wp-image-25973\" alt=\"\" srcset=\"https:\/\/elportillord.com\/wp-content\/uploads\/2025\/08\/icono-1-blanco.png 512w, https:\/\/elportillord.com\/wp-content\/uploads\/2025\/08\/icono-1-blanco-150x150.png 150w, https:\/\/elportillord.com\/wp-content\/uploads\/2025\/08\/icono-1-blanco-300x300.png 300w, https:\/\/elportillord.com\/wp-content\/uploads\/2025\/08\/icono-1-blanco-120x120.png 120w, https:\/\/elportillord.com\/wp-content\/uploads\/2025\/08\/icono-1-blanco-45x45.png 45w, https:\/\/elportillord.com\/wp-content\/uploads\/2025\/08\/icono-1-blanco-36x36.png 36w\" sizes=\"(max-width: 512px) 100vw, 512px\" \/>\t\t\t\t\t\t\t\t\t\t\t\t\t\t\t<\/div>\n\t\t\t\t<\/div>\n\t\t<div class=\"elementor-element elementor-element-deec33b e-con-full e-flex e-con e-child\" data-id=\"deec33b\" data-element_type=\"container\" data-e-type=\"container\">\n\t\t\t\t<div class=\"elementor-element elementor-element-c224fd3 elementor-widget elementor-widget-heading\" data-id=\"c224fd3\" data-element_type=\"widget\" data-e-type=\"widget\" data-widget_type=\"heading.default\">\n\t\t\t\t\t<h3 class=\"elementor-heading-title elementor-size-default\">Locations immobili\u00e8res exclusives<\/h3>\t\t\t\t<\/div>\n\t\t\t\t<div class=\"elementor-element elementor-element-a0f8197 elementor-widget elementor-widget-text-editor\" data-id=\"a0f8197\" data-element_type=\"widget\" data-e-type=\"widget\" data-widget_type=\"text-editor.default\">\n\t\t\t\t\t\t\t\t\t<p class=\"p1\">Une s\u00e9lection rigoureuse de propri\u00e9t\u00e9s \u00e0 El Portillo, alliant \u00e9l\u00e9gance, confort et emplacements de choix. Id\u00e9ales pour des vacances en famille, des escapades aquatiques ou des retraites en groupe. <\/p>\t\t\t\t\t\t\t\t<\/div>\n\t\t\t\t<div class=\"elementor-element elementor-element-cf08bf5 elementor-mobile-align-center elementor-align-center elementor-widget elementor-widget-button\" data-id=\"cf08bf5\" data-element_type=\"widget\" data-e-type=\"widget\" data-widget_type=\"button.default\">\n\t\t\t\t\t\t\t\t\t\t<a class=\"elementor-button elementor-button-link elementor-size-sm\" href=\"https:\/\/elportillord.com\/fr\/villas-a-loer-a-el-portillo\/\">\n\t\t\t\t\t\t<span class=\"elementor-button-content-wrapper\">\n\t\t\t\t\t\t\t\t\t<span class=\"elementor-button-text\">En savoir plus<\/span>\n\t\t\t\t\t<\/span>\n\t\t\t\t\t<\/a>\n\t\t\t\t\t\t\t\t<\/div>\n\t\t\t\t<\/div>\n\t\t\t\t<\/div>\n\t\t<div class=\"elementor-element elementor-element-990a0fe e-con-full e-flex e-con e-child\" data-id=\"990a0fe\" data-element_type=\"container\" data-e-type=\"container\" data-settings=\"{&quot;background_background&quot;:&quot;classic&quot;}\">\n\t\t<div class=\"elementor-element elementor-element-676c4a6 e-con-full e-flex e-con e-child\" data-id=\"676c4a6\" data-element_type=\"container\" data-e-type=\"container\">\n\t\t\t\t<div class=\"elementor-element elementor-element-4c7b956 elementor-widget elementor-widget-image\" data-id=\"4c7b956\" data-element_type=\"widget\" data-e-type=\"widget\" data-widget_type=\"image.default\">\n\t\t\t\t\t\t\t\t\t\t\t\t\t\t\t<img decoding=\"async\" width=\"512\" height=\"512\" src=\"https:\/\/elportillord.com\/wp-content\/uploads\/2025\/08\/icono-2-blanco.png\" class=\"attachment-large size-large wp-image-25974\" alt=\"\" srcset=\"https:\/\/elportillord.com\/wp-content\/uploads\/2025\/08\/icono-2-blanco.png 512w, https:\/\/elportillord.com\/wp-content\/uploads\/2025\/08\/icono-2-blanco-150x150.png 150w, https:\/\/elportillord.com\/wp-content\/uploads\/2025\/08\/icono-2-blanco-300x300.png 300w, https:\/\/elportillord.com\/wp-content\/uploads\/2025\/08\/icono-2-blanco-120x120.png 120w, https:\/\/elportillord.com\/wp-content\/uploads\/2025\/08\/icono-2-blanco-45x45.png 45w, https:\/\/elportillord.com\/wp-content\/uploads\/2025\/08\/icono-2-blanco-36x36.png 36w\" sizes=\"(max-width: 512px) 100vw, 512px\" \/>\t\t\t\t\t\t\t\t\t\t\t\t\t\t\t<\/div>\n\t\t\t\t<\/div>\n\t\t<div class=\"elementor-element elementor-element-e8dd618 e-con-full e-flex e-con e-child\" data-id=\"e8dd618\" data-element_type=\"container\" data-e-type=\"container\">\n\t\t\t\t<div class=\"elementor-element elementor-element-ccd6acd elementor-widget elementor-widget-heading\" data-id=\"ccd6acd\" data-element_type=\"widget\" data-e-type=\"widget\" data-widget_type=\"heading.default\">\n\t\t\t\t\t<h3 class=\"elementor-heading-title elementor-size-default\">Exp\u00e9riences personnalis\u00e9es pour les clients<\/h3>\t\t\t\t<\/div>\n\t\t\t\t<div class=\"elementor-element elementor-element-cde873d elementor-widget elementor-widget-text-editor\" data-id=\"cde873d\" data-element_type=\"widget\" data-e-type=\"widget\" data-widget_type=\"text-editor.default\">\n\t\t\t\t\t\t\t\t\t<p class=\"p1\">Des chefs priv\u00e9s aux soins spa dans votre villa, en passant par des excursions sur mesure, des activit\u00e9s et des transferts en taxi priv\u00e9, nous cr\u00e9ons des s\u00e9jours personnalis\u00e9s pour que vous puissiez vous d\u00e9tendre et profiter de chaque instant.<\/p>\t\t\t\t\t\t\t\t<\/div>\n\t\t\t\t<div class=\"elementor-element elementor-element-79ea1cf elementor-mobile-align-center elementor-align-center elementor-widget elementor-widget-button\" data-id=\"79ea1cf\" data-element_type=\"widget\" data-e-type=\"widget\" data-widget_type=\"button.default\">\n\t\t\t\t\t\t\t\t\t\t<a class=\"elementor-button elementor-button-link elementor-size-sm\" href=\"https:\/\/elportillord.com\/fr\/a-propos-de-nous\/\">\n\t\t\t\t\t\t<span class=\"elementor-button-content-wrapper\">\n\t\t\t\t\t\t\t\t\t<span class=\"elementor-button-text\">En savoir plus<\/span>\n\t\t\t\t\t<\/span>\n\t\t\t\t\t<\/a>\n\t\t\t\t\t\t\t\t<\/div>\n\t\t\t\t<\/div>\n\t\t\t\t<\/div>\n\t\t<div class=\"elementor-element elementor-element-e913320 e-con-full e-flex e-con e-child\" data-id=\"e913320\" data-element_type=\"container\" data-e-type=\"container\" data-settings=\"{&quot;background_background&quot;:&quot;classic&quot;}\">\n\t\t<div class=\"elementor-element elementor-element-a736312 e-con-full e-flex e-con e-child\" data-id=\"a736312\" data-element_type=\"container\" data-e-type=\"container\">\n\t\t\t\t<div class=\"elementor-element elementor-element-c031191 elementor-widget elementor-widget-image\" data-id=\"c031191\" data-element_type=\"widget\" data-e-type=\"widget\" data-widget_type=\"image.default\">\n\t\t\t\t\t\t\t\t\t\t\t\t\t\t\t<img decoding=\"async\" width=\"512\" height=\"512\" src=\"https:\/\/elportillord.com\/wp-content\/uploads\/2025\/08\/icono-3-blanco.png\" class=\"attachment-large size-large wp-image-25975\" alt=\"\" srcset=\"https:\/\/elportillord.com\/wp-content\/uploads\/2025\/08\/icono-3-blanco.png 512w, https:\/\/elportillord.com\/wp-content\/uploads\/2025\/08\/icono-3-blanco-150x150.png 150w, https:\/\/elportillord.com\/wp-content\/uploads\/2025\/08\/icono-3-blanco-300x300.png 300w, https:\/\/elportillord.com\/wp-content\/uploads\/2025\/08\/icono-3-blanco-120x120.png 120w, https:\/\/elportillord.com\/wp-content\/uploads\/2025\/08\/icono-3-blanco-45x45.png 45w, https:\/\/elportillord.com\/wp-content\/uploads\/2025\/08\/icono-3-blanco-36x36.png 36w\" sizes=\"(max-width: 512px) 100vw, 512px\" \/>\t\t\t\t\t\t\t\t\t\t\t\t\t\t\t<\/div>\n\t\t\t\t<\/div>\n\t\t<div class=\"elementor-element elementor-element-4903d1d e-con-full e-flex e-con e-child\" data-id=\"4903d1d\" data-element_type=\"container\" data-e-type=\"container\">\n\t\t\t\t<div class=\"elementor-element elementor-element-b1aad36 elementor-widget elementor-widget-heading\" data-id=\"b1aad36\" data-element_type=\"widget\" data-e-type=\"widget\" data-widget_type=\"heading.default\">\n\t\t\t\t\t<h3 class=\"elementor-heading-title elementor-size-default\">Services aux propri\u00e9taires<\/h3>\t\t\t\t<\/div>\n\t\t\t\t<div class=\"elementor-element elementor-element-1d7539c elementor-widget elementor-widget-text-editor\" data-id=\"1d7539c\" data-element_type=\"widget\" data-e-type=\"widget\" data-widget_type=\"text-editor.default\">\n\t\t\t\t\t\t\t\t\t<p class=\"p1\">Gestion immobili\u00e8re compl\u00e8te avec discr\u00e9tion et pr\u00e9cision : exploitation, entretien, recrutement et accueil des clients, le tout g\u00e9r\u00e9 selon les normes les plus \u00e9lev\u00e9es.<\/p>\t\t\t\t\t\t\t\t<\/div>\n\t\t\t\t<div class=\"elementor-element elementor-element-45ae05d elementor-mobile-align-center elementor-align-center elementor-widget elementor-widget-button\" data-id=\"45ae05d\" data-element_type=\"widget\" data-e-type=\"widget\" data-widget_type=\"button.default\">\n\t\t\t\t\t\t\t\t\t\t<a class=\"elementor-button elementor-button-link elementor-size-sm\" href=\"https:\/\/elportillord.com\/fr\/a-propos-de-nous\/\">\n\t\t\t\t\t\t<span class=\"elementor-button-content-wrapper\">\n\t\t\t\t\t\t\t\t\t<span class=\"elementor-button-text\">En savoir plus<\/span>\n\t\t\t\t\t<\/span>\n\t\t\t\t\t<\/a>\n\t\t\t\t\t\t\t\t<\/div>\n\t\t\t\t<\/div>\n\t\t\t\t<\/div>\n\t\t<div class=\"elementor-element elementor-element-5eebf66 e-con-full e-flex e-con e-child\" data-id=\"5eebf66\" data-element_type=\"container\" data-e-type=\"container\" data-settings=\"{&quot;background_background&quot;:&quot;classic&quot;}\">\n\t\t<div class=\"elementor-element elementor-element-33ec6af e-con-full e-flex e-con e-child\" data-id=\"33ec6af\" data-element_type=\"container\" data-e-type=\"container\">\n\t\t\t\t<div class=\"elementor-element elementor-element-35fb4cb elementor-widget elementor-widget-image\" data-id=\"35fb4cb\" data-element_type=\"widget\" data-e-type=\"widget\" data-widget_type=\"image.default\">\n\t\t\t\t\t\t\t\t\t\t\t\t\t\t\t<img loading=\"lazy\" decoding=\"async\" width=\"512\" height=\"512\" src=\"https:\/\/elportillord.com\/wp-content\/uploads\/2025\/08\/icono-4-blanco.png\" class=\"attachment-large size-large wp-image-25976\" alt=\"\" srcset=\"https:\/\/elportillord.com\/wp-content\/uploads\/2025\/08\/icono-4-blanco.png 512w, https:\/\/elportillord.com\/wp-content\/uploads\/2025\/08\/icono-4-blanco-150x150.png 150w, https:\/\/elportillord.com\/wp-content\/uploads\/2025\/08\/icono-4-blanco-300x300.png 300w, https:\/\/elportillord.com\/wp-content\/uploads\/2025\/08\/icono-4-blanco-120x120.png 120w, https:\/\/elportillord.com\/wp-content\/uploads\/2025\/08\/icono-4-blanco-45x45.png 45w, https:\/\/elportillord.com\/wp-content\/uploads\/2025\/08\/icono-4-blanco-36x36.png 36w\" sizes=\"(max-width: 512px) 100vw, 512px\" \/>\t\t\t\t\t\t\t\t\t\t\t\t\t\t\t<\/div>\n\t\t\t\t<\/div>\n\t\t<div class=\"elementor-element elementor-element-c7f31f8 e-con-full e-flex e-con e-child\" data-id=\"c7f31f8\" data-element_type=\"container\" data-e-type=\"container\">\n\t\t\t\t<div class=\"elementor-element elementor-element-c553946 elementor-widget elementor-widget-heading\" data-id=\"c553946\" data-element_type=\"widget\" data-e-type=\"widget\" data-widget_type=\"heading.default\">\n\t\t\t\t\t<h3 class=\"elementor-heading-title elementor-size-default\">Solutions immobili\u00e8res<\/h3>\t\t\t\t<\/div>\n\t\t\t\t<div class=\"elementor-element elementor-element-dae55fb elementor-widget elementor-widget-text-editor\" data-id=\"dae55fb\" data-element_type=\"widget\" data-e-type=\"widget\" data-widget_type=\"text-editor.default\">\n\t\t\t\t\t\t\t\t\t<p class=\"p1\">Conseils d&rsquo;experts pour l&rsquo;achat, la vente et l&rsquo;investissement \u00e0 El Portillo, Las Terrenas et dans toute la R\u00e9publique dominicaine. Opportunit\u00e9s exclusives hors march\u00e9 adapt\u00e9es \u00e0 vos objectifs. <\/p>\t\t\t\t\t\t\t\t<\/div>\n\t\t\t\t<div class=\"elementor-element elementor-element-2b7b886 elementor-mobile-align-center elementor-align-center elementor-widget elementor-widget-button\" data-id=\"2b7b886\" data-element_type=\"widget\" data-e-type=\"widget\" data-widget_type=\"button.default\">\n\t\t\t\t\t\t\t\t\t\t<a class=\"elementor-button elementor-button-link elementor-size-sm\" href=\"https:\/\/elportillord.com\/fr\/a-propos-de-nous\/\">\n\t\t\t\t\t\t<span class=\"elementor-button-content-wrapper\">\n\t\t\t\t\t\t\t\t\t<span class=\"elementor-button-text\">En savoir plus<\/span>\n\t\t\t\t\t<\/span>\n\t\t\t\t\t<\/a>\n\t\t\t\t\t\t\t\t<\/div>\n\t\t\t\t<\/div>\n\t\t\t\t<\/div>\n\t\t\t\t<\/div>\n\t\t\t\t<\/div>\n\t\t\t\t\t<\/div>\n\t\t\t\t<\/div>\n\t\t\t\t\t<\/div>\n\t\t\t\t<\/div>\n\t\t<div class=\"elementor-element elementor-element-654ebb1 e-con-full e-flex e-con e-parent\" data-id=\"654ebb1\" data-element_type=\"container\" data-e-type=\"container\" data-settings=\"{&quot;background_background&quot;:&quot;classic&quot;}\">\n\t\t<div class=\"elementor-element elementor-element-70b25d0 e-flex e-con-boxed e-con e-child\" data-id=\"70b25d0\" data-element_type=\"container\" data-e-type=\"container\">\n\t\t\t\t\t<div class=\"e-con-inner\">\n\t\t\t\t<div class=\"elementor-element elementor-element-df6aeb8 elementor-invisible elementor-widget elementor-widget-heading\" data-id=\"df6aeb8\" data-element_type=\"widget\" data-e-type=\"widget\" data-settings=\"{&quot;_animation&quot;:&quot;fadeIn&quot;}\" data-widget_type=\"heading.default\">\n\t\t\t\t\t<h2 class=\"elementor-heading-title elementor-size-default\">El Portillo. Red\u00e9finir le luxe en R\u00e9publique dominicaine<\/h2>\t\t\t\t<\/div>\n\t\t\t\t<div class=\"elementor-element elementor-element-84d3db8 elementor-widget elementor-widget-text-editor\" data-id=\"84d3db8\" data-element_type=\"widget\" data-e-type=\"widget\" data-widget_type=\"text-editor.default\">\n\t\t\t\t\t\t\t\t\t<p class=\"p1\">D\u00e9couvrez El Portillo, la r\u00e9sidence en bord de mer la plus exclusive de Las Terrenas et l&rsquo;une des adresses les plus prestigieuses des Cara\u00efbes. Bord\u00e9 de plages de sable blanc, d&rsquo;eaux cristallines et de paysages tropicaux luxuriants, El Portillo abrite certaines des propri\u00e9t\u00e9s les plus remarquables de la p\u00e9ninsule de Saman\u00e1. <\/p><p class=\"p1\">R\u00e9put\u00e9e pour son intimit\u00e9, sa s\u00e9curit\u00e9 et son \u00e9l\u00e9gance discr\u00e8te, cette enclave tr\u00e8s convoit\u00e9e offre un m\u00e9lange harmonieux de sophistication moderne et de charme insulaire authentique. Des villas contemporaines \u00e9l\u00e9gantes aux appartements modernes en passant par les grandes propri\u00e9t\u00e9s en bord de mer, chaque propri\u00e9t\u00e9 d&rsquo;El Portillo est con\u00e7ue pour ceux qui appr\u00e9cient la beaut\u00e9, le confort et la discr\u00e9tion. <\/p><p class=\"p1\">Avec son emplacement incomparable, son march\u00e9 du luxe florissant et son cadre naturel \u00e0 couper le souffle, El Portillo est plus qu&rsquo;un simple lieu de vie : c&rsquo;est la v\u00e9ritable d\u00e9finition de l&rsquo;\u00e9l\u00e9gance et de l&rsquo;exclusivit\u00e9 des Cara\u00efbes en R\u00e9publique dominicaine.<\/p>\t\t\t\t\t\t\t\t<\/div>\n\t\t\t\t\t<\/div>\n\t\t\t\t<\/div>\n\t\t<div class=\"elementor-element elementor-element-9ea6693 e-flex e-con-boxed e-con e-child\" data-id=\"9ea6693\" data-element_type=\"container\" data-e-type=\"container\" data-settings=\"{&quot;background_background&quot;:&quot;classic&quot;}\">\n\t\t\t\t\t<div class=\"e-con-inner\">\n\t\t\t\t\t<\/div>\n\t\t\t\t<\/div>\n\t\t\t\t<\/div>\n\t\t<div class=\"elementor-element elementor-element-606a330 e-flex e-con-boxed e-con e-parent\" data-id=\"606a330\" data-element_type=\"container\" data-e-type=\"container\" data-settings=\"{&quot;background_background&quot;:&quot;classic&quot;}\">\n\t\t\t\t\t<div class=\"e-con-inner\">\n\t\t<div class=\"elementor-element elementor-element-cdf7c1c e-flex e-con-boxed e-con e-child\" data-id=\"cdf7c1c\" data-element_type=\"container\" data-e-type=\"container\">\n\t\t\t\t\t<div class=\"e-con-inner\">\n\t\t\t\t<div class=\"elementor-element elementor-element-f4c0502 elementor-hidden-desktop elementor-hidden-tablet elementor-widget elementor-widget-heading\" data-id=\"f4c0502\" data-element_type=\"widget\" data-e-type=\"widget\" data-widget_type=\"heading.default\">\n\t\t\t\t\t<h2 class=\"elementor-heading-title elementor-size-default\">Exp\u00e9riences des clients<\/h2>\t\t\t\t<\/div>\n\t\t<div class=\"elementor-element elementor-element-e253403 e-con-full elementor-hidden-mobile e-flex e-con e-child\" data-id=\"e253403\" data-element_type=\"container\" data-e-type=\"container\">\n\t\t\t\t<div class=\"elementor-element elementor-element-2e9758c elementor-invisible elementor-widget elementor-widget-heading\" data-id=\"2e9758c\" data-element_type=\"widget\" data-e-type=\"widget\" data-settings=\"{&quot;_animation&quot;:&quot;fadeIn&quot;}\" data-widget_type=\"heading.default\">\n\t\t\t\t\t<h2 class=\"elementor-heading-title elementor-size-default\">T\u00e9moignages de<\/h2>\t\t\t\t<\/div>\n\t\t\t\t<\/div>\n\t\t<div class=\"elementor-element elementor-element-e06092e e-con-full elementor-hidden-mobile e-flex elementor-invisible e-con e-child\" data-id=\"e06092e\" data-element_type=\"container\" data-e-type=\"container\" data-settings=\"{&quot;animation&quot;:&quot;fadeIn&quot;}\">\n\t\t\t\t<div class=\"elementor-element elementor-element-d3314b4 elementor-widget elementor-widget-heading\" data-id=\"d3314b4\" data-element_type=\"widget\" data-e-type=\"widget\" data-widget_type=\"heading.default\">\n\t\t\t\t\t<h2 class=\"elementor-heading-title elementor-size-default\">Nos chers clients<\/h2>\t\t\t\t<\/div>\n\t\t\t\t<\/div>\n\t\t<div class=\"elementor-element elementor-element-e7c2168 e-con-full e-flex e-con e-child\" data-id=\"e7c2168\" data-element_type=\"container\" data-e-type=\"container\">\n\t\t\t\t<div class=\"elementor-element elementor-element-4fc4dc0 elementor-widget elementor-widget-shortcode\" data-id=\"4fc4dc0\" data-element_type=\"widget\" data-e-type=\"widget\" data-widget_type=\"shortcode.default\">\n\t\t\t\t\t\t\t<div class=\"elementor-shortcode\"><pre class=\"ti-widget\"><template id=\"trustindex-airbnb-widget-html\"><div class=\" ti-widget  ti-airb ti-review-text-mode-readmore ti-text-align-left\" data-no-translation=\"true\" data-time-locale=\"%d %s ago|today|day|days|week|weeks|month|months|year|years\" data-plugin-version=\"13.2.9\" data-layout-id=\"4\" data-layout-category=\"slider\" data-set-id=\"dark-minimal\" data-pid=\"\" data-language=\"en\" data-close-locale=\"Close\" data-review-target-width=\"300\" data-css-version=\"2\" data-reply-by-locale=\"Owner's reply\" data-only-rating-locale=\"This user only left a rating.\" data-pager-autoplay-timeout=\"6\"> <div class=\"ti-widget-container ti-col-3\"> <div class=\"ti-reviews-container\"> <div class=\"ti-controls\"> <div class=\"ti-next\" aria-label=\"Next review\" role=\"button\" tabindex=\"0\"><\/div> <div class=\"ti-prev\" aria-label=\"Previous review\" role=\"button\" tabindex=\"0\"><\/div> <\/div> <div class=\"ti-reviews-container-wrapper\">  <div data-empty=\"0\" data-time=\"1768694400\" class=\"ti-review-item source-Airbnb ti-image-layout-thumbnail\" data-id=\"cfcd208495d565ef66e7dff9f98764da\"> <div class=\"ti-inner\"> <div class=\"ti-review-header\"> <div class=\"ti-platform-icon ti-with-tooltip\"> <span class=\"ti-tooltip\">Posted on <\/span> <trustindex-image data-imgurl=\"https:\/\/cdn.trustindex.io\/assets\/platform\/Airbnb\/icon.svg\" alt=\"\" width=\"20\" height=\"20\" loading=\"lazy\"><\/trustindex-image> <\/div> <div class=\"ti-profile-img\"> <trustindex-image data-imgurl=\"https:\/\/a0.muscache.com\/im\/pictures\/user\/8c7a4a48-78e8-493e-9663-e38b4e2ebabc.jpg\" alt=\"Edward profile picture\" loading=\"lazy\"><\/trustindex-image> <\/div> <div class=\"ti-profile-details\"> <div class=\"ti-name\"> Edward <\/div> <div class=\"ti-date\"><\/div> <\/div> <\/div> <span class=\"ti-stars\"><trustindex-image class=\"ti-star\" data-imgurl=\"https:\/\/cdn.trustindex.io\/assets\/platform\/Airbnb\/star\/f.svg\" alt=\"Airbnb star 1\" width=\"17\" height=\"17\" loading=\"lazy\"><\/trustindex-image><trustindex-image class=\"ti-star\" data-imgurl=\"https:\/\/cdn.trustindex.io\/assets\/platform\/Airbnb\/star\/f.svg\" alt=\"Airbnb star 2\" width=\"17\" height=\"17\" loading=\"lazy\"><\/trustindex-image><trustindex-image class=\"ti-star\" data-imgurl=\"https:\/\/cdn.trustindex.io\/assets\/platform\/Airbnb\/star\/f.svg\" alt=\"Airbnb star 3\" width=\"17\" height=\"17\" loading=\"lazy\"><\/trustindex-image><trustindex-image class=\"ti-star\" data-imgurl=\"https:\/\/cdn.trustindex.io\/assets\/platform\/Airbnb\/star\/f.svg\" alt=\"Airbnb star 4\" width=\"17\" height=\"17\" loading=\"lazy\"><\/trustindex-image><trustindex-image class=\"ti-star\" data-imgurl=\"https:\/\/cdn.trustindex.io\/assets\/platform\/Airbnb\/star\/f.svg\" alt=\"Airbnb star 5\" width=\"17\" height=\"17\" loading=\"lazy\"><\/trustindex-image><span class=\"ti-verified-review\"><span class=\"ti-verified-tooltip\">Verified<\/span><\/span><\/span> <div class=\"ti-review-text-container ti-review-content\"><!-- R-CONTENT -->Excelente todo un sue\u00f1o el alojamiento!<!-- R-CONTENT --><\/div> <span class=\"ti-read-more\" data-container=\".ti-review-content\" data-collapse-text=\"Hide\" data-open-text=\"Read more\"><\/span> <\/div> <\/div>  <div data-empty=\"0\" data-time=\"1764547200\" class=\"ti-review-item source-Airbnb ti-image-layout-thumbnail\" data-id=\"cfcd208495d565ef66e7dff9f98764da\"> <div class=\"ti-inner\"> <div class=\"ti-review-header\"> <div class=\"ti-platform-icon ti-with-tooltip\"> <span class=\"ti-tooltip\">Posted on <\/span> <trustindex-image data-imgurl=\"https:\/\/cdn.trustindex.io\/assets\/platform\/Airbnb\/icon.svg\" alt=\"\" width=\"20\" height=\"20\" loading=\"lazy\"><\/trustindex-image> <\/div> <div class=\"ti-profile-img\"> <trustindex-image data-imgurl=\"https:\/\/a0.muscache.com\/im\/Portrait\/Avatars\/messaging\/b3e03835-ade9-4eb7-a0bb-2466ab9a534d.jpg?im_t=G&amp;im_w=240&amp;im_f=airbnb-cereal-medium.ttf&amp;im_c=ffffff\" alt=\"Gunther profile picture\" loading=\"lazy\"><\/trustindex-image> <\/div> <div class=\"ti-profile-details\"> <div class=\"ti-name\"> Gunther <\/div> <div class=\"ti-date\"><\/div> <\/div> <\/div> <span class=\"ti-stars\"><trustindex-image class=\"ti-star\" data-imgurl=\"https:\/\/cdn.trustindex.io\/assets\/platform\/Airbnb\/star\/f.svg\" alt=\"Airbnb star 1\" width=\"17\" height=\"17\" loading=\"lazy\"><\/trustindex-image><trustindex-image class=\"ti-star\" data-imgurl=\"https:\/\/cdn.trustindex.io\/assets\/platform\/Airbnb\/star\/f.svg\" alt=\"Airbnb star 2\" width=\"17\" height=\"17\" loading=\"lazy\"><\/trustindex-image><trustindex-image class=\"ti-star\" data-imgurl=\"https:\/\/cdn.trustindex.io\/assets\/platform\/Airbnb\/star\/f.svg\" alt=\"Airbnb star 3\" width=\"17\" height=\"17\" loading=\"lazy\"><\/trustindex-image><trustindex-image class=\"ti-star\" data-imgurl=\"https:\/\/cdn.trustindex.io\/assets\/platform\/Airbnb\/star\/f.svg\" alt=\"Airbnb star 4\" width=\"17\" height=\"17\" loading=\"lazy\"><\/trustindex-image><trustindex-image class=\"ti-star\" data-imgurl=\"https:\/\/cdn.trustindex.io\/assets\/platform\/Airbnb\/star\/f.svg\" alt=\"Airbnb star 5\" width=\"17\" height=\"17\" loading=\"lazy\"><\/trustindex-image><span class=\"ti-verified-review\"><span class=\"ti-verified-tooltip\">Verified<\/span><\/span><\/span> <div class=\"ti-review-text-container ti-review-content\"><!-- R-CONTENT -->This place is definitely worth the money. The location is amazing, you practically have your own private beach, secluded and super safe for young children. The pool was heated so little kids were super comfortable. The place is spotless, super friendly due to the amazing staff that are always there to help with a friendly smile and an amazing attitude. They cooked amazing meals for us and were not only extremely trustworthy and responsive but also proactive with lots of helpful suggestions. The host was very responsive and even helped us coordinate transportation, activities and rentals. I will definitely come back to this place.<!-- R-CONTENT --><\/div> <span class=\"ti-read-more\" data-container=\".ti-review-content\" data-collapse-text=\"Hide\" data-open-text=\"Read more\"><\/span> <\/div> <\/div>  <div data-empty=\"0\" data-time=\"1755475200\" class=\"ti-review-item source-Airbnb ti-image-layout-thumbnail\" data-id=\"cfcd208495d565ef66e7dff9f98764da\"> <div class=\"ti-inner\"> <div class=\"ti-review-header\"> <div class=\"ti-platform-icon ti-with-tooltip\"> <span class=\"ti-tooltip\">Posted on <\/span> <trustindex-image data-imgurl=\"https:\/\/cdn.trustindex.io\/assets\/platform\/Airbnb\/icon.svg\" alt=\"\" width=\"20\" height=\"20\" loading=\"lazy\"><\/trustindex-image> <\/div> <div class=\"ti-profile-img\"> <trustindex-image data-imgurl=\"https:\/\/a0.muscache.com\/im\/pictures\/user\/f066c38b-84b3-44a3-abec-383dab3c1614.jpg\" alt=\"Angelo profile picture\" loading=\"lazy\"><\/trustindex-image> <\/div> <div class=\"ti-profile-details\"> <div class=\"ti-name\"> Angelo <\/div> <div class=\"ti-date\"><\/div> <\/div> <\/div> <span class=\"ti-stars\"><trustindex-image class=\"ti-star\" data-imgurl=\"https:\/\/cdn.trustindex.io\/assets\/platform\/Airbnb\/star\/f.svg\" alt=\"Airbnb star 1\" width=\"17\" height=\"17\" loading=\"lazy\"><\/trustindex-image><trustindex-image class=\"ti-star\" data-imgurl=\"https:\/\/cdn.trustindex.io\/assets\/platform\/Airbnb\/star\/f.svg\" alt=\"Airbnb star 2\" width=\"17\" height=\"17\" loading=\"lazy\"><\/trustindex-image><trustindex-image class=\"ti-star\" data-imgurl=\"https:\/\/cdn.trustindex.io\/assets\/platform\/Airbnb\/star\/f.svg\" alt=\"Airbnb star 3\" width=\"17\" height=\"17\" loading=\"lazy\"><\/trustindex-image><trustindex-image class=\"ti-star\" data-imgurl=\"https:\/\/cdn.trustindex.io\/assets\/platform\/Airbnb\/star\/f.svg\" alt=\"Airbnb star 4\" width=\"17\" height=\"17\" loading=\"lazy\"><\/trustindex-image><trustindex-image class=\"ti-star\" data-imgurl=\"https:\/\/cdn.trustindex.io\/assets\/platform\/Airbnb\/star\/f.svg\" alt=\"Airbnb star 5\" width=\"17\" height=\"17\" loading=\"lazy\"><\/trustindex-image><span class=\"ti-verified-review\"><span class=\"ti-verified-tooltip\">Verified<\/span><\/span><\/span> <div class=\"ti-review-text-container ti-review-content\"><!-- R-CONTENT -->This beach house is a piece of heaven on earthLove the location, although the weather wasn\u2019t in our favor do to a tropical storm my family an I made the best of it , beautiful place felt like a celebrity with the services that Glenda and the others provided, good people with good humble hearts \ud83d\udc95. THANK YOU FOR SHARING YOUR HOME WITH US .<!-- R-CONTENT --><\/div> <span class=\"ti-read-more\" data-container=\".ti-review-content\" data-collapse-text=\"Hide\" data-open-text=\"Read more\"><\/span> <\/div> <\/div>  <div data-empty=\"0\" data-time=\"1753488000\" class=\"ti-review-item source-Airbnb ti-image-layout-thumbnail\" data-id=\"cfcd208495d565ef66e7dff9f98764da\"> <div class=\"ti-inner\"> <div class=\"ti-review-header\"> <div class=\"ti-platform-icon ti-with-tooltip\"> <span class=\"ti-tooltip\">Posted on <\/span> <trustindex-image data-imgurl=\"https:\/\/cdn.trustindex.io\/assets\/platform\/Airbnb\/icon.svg\" alt=\"\" width=\"20\" height=\"20\" loading=\"lazy\"><\/trustindex-image> <\/div> <div class=\"ti-profile-img\"> <trustindex-image data-imgurl=\"https:\/\/a0.muscache.com\/im\/Portrait\/Avatars\/messaging\/b3e03835-ade9-4eb7-a0bb-2466ab9a534d.jpg?im_t=V&amp;im_w=240&amp;im_f=airbnb-cereal-medium.ttf&amp;im_c=ffffff\" alt=\"Valentin profile picture\" loading=\"lazy\"><\/trustindex-image> <\/div> <div class=\"ti-profile-details\"> <div class=\"ti-name\"> Valentin <\/div> <div class=\"ti-date\"><\/div> <\/div> <\/div> <span class=\"ti-stars\"><trustindex-image class=\"ti-star\" data-imgurl=\"https:\/\/cdn.trustindex.io\/assets\/platform\/Airbnb\/star\/f.svg\" alt=\"Airbnb star 1\" width=\"17\" height=\"17\" loading=\"lazy\"><\/trustindex-image><trustindex-image class=\"ti-star\" data-imgurl=\"https:\/\/cdn.trustindex.io\/assets\/platform\/Airbnb\/star\/f.svg\" alt=\"Airbnb star 2\" width=\"17\" height=\"17\" loading=\"lazy\"><\/trustindex-image><trustindex-image class=\"ti-star\" data-imgurl=\"https:\/\/cdn.trustindex.io\/assets\/platform\/Airbnb\/star\/f.svg\" alt=\"Airbnb star 3\" width=\"17\" height=\"17\" loading=\"lazy\"><\/trustindex-image><trustindex-image class=\"ti-star\" data-imgurl=\"https:\/\/cdn.trustindex.io\/assets\/platform\/Airbnb\/star\/f.svg\" alt=\"Airbnb star 4\" width=\"17\" height=\"17\" loading=\"lazy\"><\/trustindex-image><trustindex-image class=\"ti-star\" data-imgurl=\"https:\/\/cdn.trustindex.io\/assets\/platform\/Airbnb\/star\/f.svg\" alt=\"Airbnb star 5\" width=\"17\" height=\"17\" loading=\"lazy\"><\/trustindex-image><span class=\"ti-verified-review\"><span class=\"ti-verified-tooltip\">Verified<\/span><\/span><\/span> <div class=\"ti-review-text-container ti-review-content\"><!-- R-CONTENT -->This was our second time staying at this paradise! Myself and my family not only love this beautiful home but also what comes included with it, the staff! Michael, Glendia and Daniel. After visiting many resorts all over the country we rather stay at this paradise! For us was the perfect vacation! Thanks Miguel and your family for sharing your peace of heaven with us! Looking forward for many more making memories at Casarena Beach Paradise!<!-- R-CONTENT --><\/div> <span class=\"ti-read-more\" data-container=\".ti-review-content\" data-collapse-text=\"Hide\" data-open-text=\"Read more\"><\/span> <\/div> <\/div>  <div data-empty=\"0\" data-time=\"1752796800\" class=\"ti-review-item source-Airbnb ti-image-layout-thumbnail\" data-id=\"cfcd208495d565ef66e7dff9f98764da\"> <div class=\"ti-inner\"> <div class=\"ti-review-header\"> <div class=\"ti-platform-icon ti-with-tooltip\"> <span class=\"ti-tooltip\">Posted on <\/span> <trustindex-image data-imgurl=\"https:\/\/cdn.trustindex.io\/assets\/platform\/Airbnb\/icon.svg\" alt=\"\" width=\"20\" height=\"20\" loading=\"lazy\"><\/trustindex-image> <\/div> <div class=\"ti-profile-img\"> <trustindex-image data-imgurl=\"https:\/\/a0.muscache.com\/im\/pictures\/user\/a269049b-8fe9-4ba7-b7cc-fece8f9126fb.jpg\" alt=\"Sergio profile picture\" loading=\"lazy\"><\/trustindex-image> <\/div> <div class=\"ti-profile-details\"> <div class=\"ti-name\"> Sergio <\/div> <div class=\"ti-date\"><\/div> <\/div> <\/div> <span class=\"ti-stars\"><trustindex-image class=\"ti-star\" data-imgurl=\"https:\/\/cdn.trustindex.io\/assets\/platform\/Airbnb\/star\/f.svg\" alt=\"Airbnb star 1\" width=\"17\" height=\"17\" loading=\"lazy\"><\/trustindex-image><trustindex-image class=\"ti-star\" data-imgurl=\"https:\/\/cdn.trustindex.io\/assets\/platform\/Airbnb\/star\/f.svg\" alt=\"Airbnb star 2\" width=\"17\" height=\"17\" loading=\"lazy\"><\/trustindex-image><trustindex-image class=\"ti-star\" data-imgurl=\"https:\/\/cdn.trustindex.io\/assets\/platform\/Airbnb\/star\/f.svg\" alt=\"Airbnb star 3\" width=\"17\" height=\"17\" loading=\"lazy\"><\/trustindex-image><trustindex-image class=\"ti-star\" data-imgurl=\"https:\/\/cdn.trustindex.io\/assets\/platform\/Airbnb\/star\/f.svg\" alt=\"Airbnb star 4\" width=\"17\" height=\"17\" loading=\"lazy\"><\/trustindex-image><trustindex-image class=\"ti-star\" data-imgurl=\"https:\/\/cdn.trustindex.io\/assets\/platform\/Airbnb\/star\/f.svg\" alt=\"Airbnb star 5\" width=\"17\" height=\"17\" loading=\"lazy\"><\/trustindex-image><span class=\"ti-verified-review\"><span class=\"ti-verified-tooltip\">Verified<\/span><\/span><\/span> <div class=\"ti-review-text-container ti-review-content\"><!-- R-CONTENT -->Excelente ubicaci\u00f3n, la playa genial, la casa muy completa, la ayuda de Michael y Glendia 100 puntos! Un lugar muy recomendable!<!-- R-CONTENT --><\/div> <span class=\"ti-read-more\" data-container=\".ti-review-content\" data-collapse-text=\"Hide\" data-open-text=\"Read more\"><\/span> <\/div> <\/div>  <div data-empty=\"0\" data-time=\"1743292800\" class=\"ti-review-item source-Airbnb ti-image-layout-thumbnail\" data-id=\"cfcd208495d565ef66e7dff9f98764da\"> <div class=\"ti-inner\"> <div class=\"ti-review-header\"> <div class=\"ti-platform-icon ti-with-tooltip\"> <span class=\"ti-tooltip\">Posted on <\/span> <trustindex-image data-imgurl=\"https:\/\/cdn.trustindex.io\/assets\/platform\/Airbnb\/icon.svg\" alt=\"\" width=\"20\" height=\"20\" loading=\"lazy\"><\/trustindex-image> <\/div> <div class=\"ti-profile-img\"> <trustindex-image data-imgurl=\"https:\/\/a0.muscache.com\/im\/pictures\/user\/7791c260-d2de-4400-bfa4-0fbaa1e6ed43.jpg\" alt=\"Idalis profile picture\" loading=\"lazy\"><\/trustindex-image> <\/div> <div class=\"ti-profile-details\"> <div class=\"ti-name\"> Idalis <\/div> <div class=\"ti-date\"><\/div> <\/div> <\/div> <span class=\"ti-stars\"><trustindex-image class=\"ti-star\" data-imgurl=\"https:\/\/cdn.trustindex.io\/assets\/platform\/Airbnb\/star\/f.svg\" alt=\"Airbnb star 1\" width=\"17\" height=\"17\" loading=\"lazy\"><\/trustindex-image><trustindex-image class=\"ti-star\" data-imgurl=\"https:\/\/cdn.trustindex.io\/assets\/platform\/Airbnb\/star\/f.svg\" alt=\"Airbnb star 2\" width=\"17\" height=\"17\" loading=\"lazy\"><\/trustindex-image><trustindex-image class=\"ti-star\" data-imgurl=\"https:\/\/cdn.trustindex.io\/assets\/platform\/Airbnb\/star\/f.svg\" alt=\"Airbnb star 3\" width=\"17\" height=\"17\" loading=\"lazy\"><\/trustindex-image><trustindex-image class=\"ti-star\" data-imgurl=\"https:\/\/cdn.trustindex.io\/assets\/platform\/Airbnb\/star\/f.svg\" alt=\"Airbnb star 4\" width=\"17\" height=\"17\" loading=\"lazy\"><\/trustindex-image><trustindex-image class=\"ti-star\" data-imgurl=\"https:\/\/cdn.trustindex.io\/assets\/platform\/Airbnb\/star\/f.svg\" alt=\"Airbnb star 5\" width=\"17\" height=\"17\" loading=\"lazy\"><\/trustindex-image><span class=\"ti-verified-review\"><span class=\"ti-verified-tooltip\">Verified<\/span><\/span><\/span> <div class=\"ti-review-text-container ti-review-content\"><!-- R-CONTENT -->Miguel was amazing. His staff, Glendia and Michael were great! Felt like i was right at home with Family. Would recommend the place 1000%.<!-- R-CONTENT --><\/div> <span class=\"ti-read-more\" data-container=\".ti-review-content\" data-collapse-text=\"Hide\" data-open-text=\"Read more\"><\/span> <\/div> <\/div>  <div data-empty=\"0\" data-time=\"1741478400\" class=\"ti-review-item source-Airbnb ti-image-layout-thumbnail\" data-id=\"cfcd208495d565ef66e7dff9f98764da\"> <div class=\"ti-inner\"> <div class=\"ti-review-header\"> <div class=\"ti-platform-icon ti-with-tooltip\"> <span class=\"ti-tooltip\">Posted on <\/span> <trustindex-image data-imgurl=\"https:\/\/cdn.trustindex.io\/assets\/platform\/Airbnb\/icon.svg\" alt=\"\" width=\"20\" height=\"20\" loading=\"lazy\"><\/trustindex-image> <\/div> <div class=\"ti-profile-img\"> <trustindex-image data-imgurl=\"https:\/\/a0.muscache.com\/im\/pictures\/user\/User\/original\/89c830f6-6a0d-4f2d-8b55-84f7bc11e3c2.jpeg\" alt=\"Jose profile picture\" loading=\"lazy\"><\/trustindex-image> <\/div> <div class=\"ti-profile-details\"> <div class=\"ti-name\"> Jose <\/div> <div class=\"ti-date\"><\/div> <\/div> <\/div> <span class=\"ti-stars\"><trustindex-image class=\"ti-star\" data-imgurl=\"https:\/\/cdn.trustindex.io\/assets\/platform\/Airbnb\/star\/f.svg\" alt=\"Airbnb star 1\" width=\"17\" height=\"17\" loading=\"lazy\"><\/trustindex-image><trustindex-image class=\"ti-star\" data-imgurl=\"https:\/\/cdn.trustindex.io\/assets\/platform\/Airbnb\/star\/f.svg\" alt=\"Airbnb star 2\" width=\"17\" height=\"17\" loading=\"lazy\"><\/trustindex-image><trustindex-image class=\"ti-star\" data-imgurl=\"https:\/\/cdn.trustindex.io\/assets\/platform\/Airbnb\/star\/f.svg\" alt=\"Airbnb star 3\" width=\"17\" height=\"17\" loading=\"lazy\"><\/trustindex-image><trustindex-image class=\"ti-star\" data-imgurl=\"https:\/\/cdn.trustindex.io\/assets\/platform\/Airbnb\/star\/f.svg\" alt=\"Airbnb star 4\" width=\"17\" height=\"17\" loading=\"lazy\"><\/trustindex-image><trustindex-image class=\"ti-star\" data-imgurl=\"https:\/\/cdn.trustindex.io\/assets\/platform\/Airbnb\/star\/f.svg\" alt=\"Airbnb star 5\" width=\"17\" height=\"17\" loading=\"lazy\"><\/trustindex-image><span class=\"ti-verified-review\"><span class=\"ti-verified-tooltip\">Verified<\/span><\/span><\/span> <div class=\"ti-review-text-container ti-review-content\"><!-- R-CONTENT -->Excelente anfitri\u00f3n, siempre atento. La casa estaba mucho mejor de lo que se aprecia en fotos. la playa inigualable. El servicio o personal que est\u00e1 de apoyo en la casa hizo que aun fuera m\u00e1s placentera la estadia<!-- R-CONTENT --><\/div> <span class=\"ti-read-more\" data-container=\".ti-review-content\" data-collapse-text=\"Hide\" data-open-text=\"Read more\"><\/span> <\/div> <\/div>  <div data-empty=\"0\" data-time=\"1726358400\" class=\"ti-review-item source-Airbnb ti-image-layout-thumbnail\" data-id=\"cfcd208495d565ef66e7dff9f98764da\"> <div class=\"ti-inner\"> <div class=\"ti-review-header\"> <div class=\"ti-platform-icon ti-with-tooltip\"> <span class=\"ti-tooltip\">Posted on <\/span> <trustindex-image data-imgurl=\"https:\/\/cdn.trustindex.io\/assets\/platform\/Airbnb\/icon.svg\" alt=\"\" width=\"20\" height=\"20\" loading=\"lazy\"><\/trustindex-image> <\/div> <div class=\"ti-profile-img\"> <trustindex-image data-imgurl=\"https:\/\/a0.muscache.com\/im\/pictures\/user\/64ddf6c1-75e6-4dc0-806f-7306f8162fa5.jpg\" alt=\"Talia profile picture\" loading=\"lazy\"><\/trustindex-image> <\/div> <div class=\"ti-profile-details\"> <div class=\"ti-name\"> Talia <\/div> <div class=\"ti-date\"><\/div> <\/div> <\/div> <span class=\"ti-stars\"><trustindex-image class=\"ti-star\" data-imgurl=\"https:\/\/cdn.trustindex.io\/assets\/platform\/Airbnb\/star\/f.svg\" alt=\"Airbnb star 1\" width=\"17\" height=\"17\" loading=\"lazy\"><\/trustindex-image><trustindex-image class=\"ti-star\" data-imgurl=\"https:\/\/cdn.trustindex.io\/assets\/platform\/Airbnb\/star\/f.svg\" alt=\"Airbnb star 2\" width=\"17\" height=\"17\" loading=\"lazy\"><\/trustindex-image><trustindex-image class=\"ti-star\" data-imgurl=\"https:\/\/cdn.trustindex.io\/assets\/platform\/Airbnb\/star\/f.svg\" alt=\"Airbnb star 3\" width=\"17\" height=\"17\" loading=\"lazy\"><\/trustindex-image><trustindex-image class=\"ti-star\" data-imgurl=\"https:\/\/cdn.trustindex.io\/assets\/platform\/Airbnb\/star\/f.svg\" alt=\"Airbnb star 4\" width=\"17\" height=\"17\" loading=\"lazy\"><\/trustindex-image><trustindex-image class=\"ti-star\" data-imgurl=\"https:\/\/cdn.trustindex.io\/assets\/platform\/Airbnb\/star\/f.svg\" alt=\"Airbnb star 5\" width=\"17\" height=\"17\" loading=\"lazy\"><\/trustindex-image><span class=\"ti-verified-review\"><span class=\"ti-verified-tooltip\">Verified<\/span><\/span><\/span> <div class=\"ti-review-text-container ti-review-content\"><!-- R-CONTENT -->Tienen que visitar esta casa! Esta es la casa! Todo extremadamente limpio, un servicio inigualable y la cercan\u00eda a la playa no tiene comparaci\u00f3n. Miguel atento todo el tiempo. Nos sentimos como en casa! Regresaremos pronto!<!-- R-CONTENT --><\/div> <span class=\"ti-read-more\" data-container=\".ti-review-content\" data-collapse-text=\"Hide\" data-open-text=\"Read more\"><\/span> <\/div> <\/div>  <div data-empty=\"0\" data-time=\"1723593600\" class=\"ti-review-item source-Airbnb ti-image-layout-thumbnail\" data-id=\"cfcd208495d565ef66e7dff9f98764da\"> <div class=\"ti-inner\"> <div class=\"ti-review-header\"> <div class=\"ti-platform-icon ti-with-tooltip\"> <span class=\"ti-tooltip\">Posted on <\/span> <trustindex-image data-imgurl=\"https:\/\/cdn.trustindex.io\/assets\/platform\/Airbnb\/icon.svg\" alt=\"\" width=\"20\" height=\"20\" loading=\"lazy\"><\/trustindex-image> <\/div> <div class=\"ti-profile-img\"> <trustindex-image data-imgurl=\"https:\/\/a0.muscache.com\/im\/pictures\/user\/da370127-9683-4650-bfb8-0aea1c983f81.jpg\" alt=\"Jay profile picture\" loading=\"lazy\"><\/trustindex-image> <\/div> <div class=\"ti-profile-details\"> <div class=\"ti-name\"> Jay <\/div> <div class=\"ti-date\"><\/div> <\/div> <\/div> <span class=\"ti-stars\"><trustindex-image class=\"ti-star\" data-imgurl=\"https:\/\/cdn.trustindex.io\/assets\/platform\/Airbnb\/star\/f.svg\" alt=\"Airbnb star 1\" width=\"17\" height=\"17\" loading=\"lazy\"><\/trustindex-image><trustindex-image class=\"ti-star\" data-imgurl=\"https:\/\/cdn.trustindex.io\/assets\/platform\/Airbnb\/star\/f.svg\" alt=\"Airbnb star 2\" width=\"17\" height=\"17\" loading=\"lazy\"><\/trustindex-image><trustindex-image class=\"ti-star\" data-imgurl=\"https:\/\/cdn.trustindex.io\/assets\/platform\/Airbnb\/star\/f.svg\" alt=\"Airbnb star 3\" width=\"17\" height=\"17\" loading=\"lazy\"><\/trustindex-image><trustindex-image class=\"ti-star\" data-imgurl=\"https:\/\/cdn.trustindex.io\/assets\/platform\/Airbnb\/star\/f.svg\" alt=\"Airbnb star 4\" width=\"17\" height=\"17\" loading=\"lazy\"><\/trustindex-image><trustindex-image class=\"ti-star\" data-imgurl=\"https:\/\/cdn.trustindex.io\/assets\/platform\/Airbnb\/star\/f.svg\" alt=\"Airbnb star 5\" width=\"17\" height=\"17\" loading=\"lazy\"><\/trustindex-image><span class=\"ti-verified-review\"><span class=\"ti-verified-tooltip\">Verified<\/span><\/span><\/span> <div class=\"ti-review-text-container ti-review-content\"><!-- R-CONTENT -->Everything was awesome. This is the place!<!-- R-CONTENT --><\/div> <span class=\"ti-read-more\" data-container=\".ti-review-content\" data-collapse-text=\"Hide\" data-open-text=\"Read more\"><\/span> <\/div> <\/div>  <div data-empty=\"0\" data-time=\"1721779200\" class=\"ti-review-item source-Airbnb ti-image-layout-thumbnail\" data-id=\"cfcd208495d565ef66e7dff9f98764da\"> <div class=\"ti-inner\"> <div class=\"ti-review-header\"> <div class=\"ti-platform-icon ti-with-tooltip\"> <span class=\"ti-tooltip\">Posted on <\/span> <trustindex-image data-imgurl=\"https:\/\/cdn.trustindex.io\/assets\/platform\/Airbnb\/icon.svg\" alt=\"\" width=\"20\" height=\"20\" loading=\"lazy\"><\/trustindex-image> <\/div> <div class=\"ti-profile-img\"> <trustindex-image data-imgurl=\"https:\/\/a0.muscache.com\/im\/Portrait\/Avatars\/messaging\/b3e03835-ade9-4eb7-a0bb-2466ab9a534d.jpg?im_t=V&amp;im_w=240&amp;im_f=airbnb-cereal-medium.ttf&amp;im_c=ffffff\" alt=\"Valentin profile picture\" loading=\"lazy\"><\/trustindex-image> <\/div> <div class=\"ti-profile-details\"> <div class=\"ti-name\"> Valentin <\/div> <div class=\"ti-date\"><\/div> <\/div> <\/div> <span class=\"ti-stars\"><trustindex-image class=\"ti-star\" data-imgurl=\"https:\/\/cdn.trustindex.io\/assets\/platform\/Airbnb\/star\/f.svg\" alt=\"Airbnb star 1\" width=\"17\" height=\"17\" loading=\"lazy\"><\/trustindex-image><trustindex-image class=\"ti-star\" data-imgurl=\"https:\/\/cdn.trustindex.io\/assets\/platform\/Airbnb\/star\/f.svg\" alt=\"Airbnb star 2\" width=\"17\" height=\"17\" loading=\"lazy\"><\/trustindex-image><trustindex-image class=\"ti-star\" data-imgurl=\"https:\/\/cdn.trustindex.io\/assets\/platform\/Airbnb\/star\/f.svg\" alt=\"Airbnb star 3\" width=\"17\" height=\"17\" loading=\"lazy\"><\/trustindex-image><trustindex-image class=\"ti-star\" data-imgurl=\"https:\/\/cdn.trustindex.io\/assets\/platform\/Airbnb\/star\/f.svg\" alt=\"Airbnb star 4\" width=\"17\" height=\"17\" loading=\"lazy\"><\/trustindex-image><trustindex-image class=\"ti-star\" data-imgurl=\"https:\/\/cdn.trustindex.io\/assets\/platform\/Airbnb\/star\/f.svg\" alt=\"Airbnb star 5\" width=\"17\" height=\"17\" loading=\"lazy\"><\/trustindex-image><span class=\"ti-verified-review\"><span class=\"ti-verified-tooltip\">Verified<\/span><\/span><\/span> <div class=\"ti-review-text-container ti-review-content\"><!-- R-CONTENT -->Place was awesome! Right on the beach! Staff was great! Glendia, Michael and Yahaira went above our expectations. All of us love Glendia\u2019s food. Michael was always on top of everything, never said no to anything, he would do anything without complaining! Great attitude!We will definitely recommend and rebook this beautiful home! Thanks also to Miguel ( host) always willing to help and check in with us occasionally.<!-- R-CONTENT --><\/div> <span class=\"ti-read-more\" data-container=\".ti-review-content\" data-collapse-text=\"Hide\" data-open-text=\"Read more\"><\/span> <\/div> <\/div>  <\/div> <div class=\"ti-controls-line\"> <div class=\"dot\"><\/div> <\/div> <\/div>    <\/div> <\/div> <\/template><\/pre><div data-src=\"https:\/\/cdn.trustindex.io\/loader.js?wp-widget\" data-template-id=\"trustindex-airbnb-widget-html\" data-css-url=\"https:\/\/elportillord.com\/wp-content\/uploads\/trustindex-airbnb-widget.css?1776191739\"><\/div><\/div>\n\t\t\t\t\t\t<\/div>\n\t\t\t\t<\/div>\n\t\t\t\t\t<\/div>\n\t\t\t\t<\/div>\n\t\t\t\t\t<\/div>\n\t\t\t\t<\/div>\n\t\t<div class=\"elementor-element elementor-element-76686633 e-con-full e-flex e-con e-parent\" data-id=\"76686633\" data-element_type=\"container\" data-e-type=\"container\">\n\t\t<div class=\"elementor-element elementor-element-56faa6fb e-flex e-con-boxed e-con e-child\" data-id=\"56faa6fb\" data-element_type=\"container\" data-e-type=\"container\" data-settings=\"{&quot;background_background&quot;:&quot;classic&quot;}\">\n\t\t\t\t\t<div class=\"e-con-inner\">\n\t\t\t\t\t<\/div>\n\t\t\t\t<\/div>\n\t\t<div class=\"elementor-element elementor-element-4a07e363 e-flex e-con-boxed e-con e-child\" data-id=\"4a07e363\" data-element_type=\"container\" data-e-type=\"container\" data-settings=\"{&quot;background_background&quot;:&quot;classic&quot;}\">\n\t\t\t\t\t<div class=\"e-con-inner\">\n\t\t<div class=\"elementor-element elementor-element-f1ee10e e-con-full e-flex e-con e-child\" data-id=\"f1ee10e\" data-element_type=\"container\" data-e-type=\"container\">\n\t\t\t\t<div class=\"elementor-element elementor-element-70c8199 elementor-hidden-tablet elementor-hidden-mobile elementor-invisible elementor-widget elementor-widget-heading\" data-id=\"70c8199\" data-element_type=\"widget\" data-e-type=\"widget\" data-settings=\"{&quot;_animation&quot;:&quot;fadeIn&quot;}\" data-widget_type=\"heading.default\">\n\t\t\t\t\t<h2 class=\"elementor-heading-title elementor-size-default\">El Portillo Real Estate<\/h2>\t\t\t\t<\/div>\n\t\t\t\t<div class=\"elementor-element elementor-element-61f0891 elementor-hidden-desktop elementor-widget-mobile__width-initial elementor-invisible elementor-widget elementor-widget-heading\" data-id=\"61f0891\" data-element_type=\"widget\" data-e-type=\"widget\" data-settings=\"{&quot;_animation&quot;:&quot;fadeIn&quot;}\" data-widget_type=\"heading.default\">\n\t\t\t\t\t<h2 class=\"elementor-heading-title elementor-size-default\">El Portillo Real Estate. Acheter, vendre, louer <\/h2>\t\t\t\t<\/div>\n\t\t<div class=\"elementor-element elementor-element-592131b e-con-full elementor-hidden-tablet elementor-hidden-mobile e-flex elementor-invisible e-con e-child\" data-id=\"592131b\" data-element_type=\"container\" data-e-type=\"container\" data-settings=\"{&quot;animation&quot;:&quot;fadeIn&quot;}\">\n\t\t\t\t<div class=\"elementor-element elementor-element-8effc74 elementor-widget elementor-widget-heading\" data-id=\"8effc74\" data-element_type=\"widget\" data-e-type=\"widget\" data-widget_type=\"heading.default\">\n\t\t\t\t\t<h2 class=\"elementor-heading-title elementor-size-default\">Acheter, vendre, louer<\/h2>\t\t\t\t<\/div>\n\t\t\t\t<\/div>\n\t\t<div class=\"elementor-element elementor-element-7ab1e33 e-con-full e-flex elementor-invisible e-con e-child\" data-id=\"7ab1e33\" data-element_type=\"container\" data-e-type=\"container\" data-settings=\"{&quot;animation&quot;:&quot;fadeIn&quot;}\">\n\t\t\t\t<div class=\"elementor-element elementor-element-4d2f927 elementor-invisible elementor-widget elementor-widget-text-editor\" data-id=\"4d2f927\" data-element_type=\"widget\" data-e-type=\"widget\" data-settings=\"{&quot;_animation&quot;:&quot;fadeIn&quot;}\" data-widget_type=\"text-editor.default\">\n\t\t\t\t\t\t\t\t\t<p>Que vous souhaitiez r\u00e9server la villa de vos r\u00eaves \u00e0 El Portillo, planifier une escapade sur mesure dans les Cara\u00efbes ou explorer les possibilit\u00e9s d&rsquo;achat immobilier et d&rsquo;investissement, nous sommes l\u00e0 pour vous aider.<\/p>\t\t\t\t\t\t\t\t<\/div>\n\t\t\t\t<div class=\"elementor-element elementor-element-fcddf45 elementor-invisible elementor-widget elementor-widget-text-editor\" data-id=\"fcddf45\" data-element_type=\"widget\" data-e-type=\"widget\" data-settings=\"{&quot;_animation&quot;:&quot;fadeIn&quot;}\" data-widget_type=\"text-editor.default\">\n\t\t\t\t\t\t\t\t\t<p>Notre \u00e9quipe d\u00e9vou\u00e9e allie expertise locale, normes internationales et passion pour cr\u00e9er des s\u00e9jours inoubliables qui d\u00e9passent toutes les attentes. De votre premi\u00e8re demande jusqu&rsquo;aux derniers d\u00e9tails, nous veillons \u00e0 ce que chaque \u00e9tape se d\u00e9roule sans heurts et sans stress. <\/p>\t\t\t\t\t\t\t\t<\/div>\n\t\t\t\t<div class=\"elementor-element elementor-element-a463300 elementor-invisible elementor-widget elementor-widget-text-editor\" data-id=\"a463300\" data-element_type=\"widget\" data-e-type=\"widget\" data-settings=\"{&quot;_animation&quot;:&quot;fadeIn&quot;}\" data-widget_type=\"text-editor.default\">\n\t\t\t\t\t\t\t\t\t<p>Nous comprenons que votre s\u00e9jour dans les Cara\u00efbes doit \u00eatre tout simplement exceptionnel. C&rsquo;est pourquoi nous sommes \u00e0 votre \u00e9coute, planifions et vous proposons des exp\u00e9riences qui refl\u00e8tent v\u00e9ritablement vos besoins et votre style. <\/p>\t\t\t\t\t\t\t\t<\/div>\n\t\t\t\t<\/div>\n\t\t\t\t<\/div>\n\t\t<div class=\"elementor-element elementor-element-0226ef3 e-con-full e-flex e-con e-child\" data-id=\"0226ef3\" data-element_type=\"container\" data-e-type=\"container\">\n\t\t\t\t<div class=\"elementor-element elementor-element-3cd38b19 elementor-align-left elementor-mobile-align-center elementor-invisible elementor-widget elementor-widget-button\" data-id=\"3cd38b19\" data-element_type=\"widget\" data-e-type=\"widget\" data-settings=\"{&quot;_animation&quot;:&quot;fadeIn&quot;}\" data-widget_type=\"button.default\">\n\t\t\t\t\t\t\t\t\t\t<a class=\"elementor-button elementor-button-link elementor-size-sm\" href=\"https:\/\/elportillord.com\/fr\/contact\/\">\n\t\t\t\t\t\t<span class=\"elementor-button-content-wrapper\">\n\t\t\t\t\t\t\t\t\t<span class=\"elementor-button-text\">Contactez-nous<\/span>\n\t\t\t\t\t<\/span>\n\t\t\t\t\t<\/a>\n\t\t\t\t\t\t\t\t<\/div>\n\t\t\t\t<\/div>\n\t\t\t\t\t<\/div>\n\t\t\t\t<\/div>\n\t\t\t\t<\/div>\n\t\t\t\t<\/div>\n\t\t","protected":false},"excerpt":{"rendered":"<p>El Portillo Real Estate Le luxe pieds nus. Le joyau cach\u00e9 des Cara\u00efbes. La vraie vie en bord de mer. D\u00e9couvrez nos propri\u00e9t\u00e9s D\u00e9couvrez la vie exclusive au bord de la mer dans les Cara\u00efbes D\u00e9couvrez une collection exclusive de propri\u00e9t\u00e9s de luxe \u00e0 El Portillo, Las Terrenas, \u00e0 quelques pas des eaux turquoise et du sable blanc. Chaque r\u00e9sidence offre intimit\u00e9, confort et &#8230;<\/p>\n","protected":false},"author":1,"featured_media":25972,"parent":0,"menu_order":0,"comment_status":"closed","ping_status":"closed","template":"elementor_header_footer","meta":{"footnotes":""},"class_list":["post-25984","page","type-page","status-publish","has-post-thumbnail","hentry"],"_links":{"self":[{"href":"https:\/\/elportillord.com\/fr\/wp-json\/wp\/v2\/pages\/25984","targetHints":{"allow":["GET"]}}],"collection":[{"href":"https:\/\/elportillord.com\/fr\/wp-json\/wp\/v2\/pages"}],"about":[{"href":"https:\/\/elportillord.com\/fr\/wp-json\/wp\/v2\/types\/page"}],"author":[{"embeddable":true,"href":"https:\/\/elportillord.com\/fr\/wp-json\/wp\/v2\/users\/1"}],"replies":[{"embeddable":true,"href":"https:\/\/elportillord.com\/fr\/wp-json\/wp\/v2\/comments?post=25984"}],"version-history":[{"count":4,"href":"https:\/\/elportillord.com\/fr\/wp-json\/wp\/v2\/pages\/25984\/revisions"}],"predecessor-version":[{"id":26979,"href":"https:\/\/elportillord.com\/fr\/wp-json\/wp\/v2\/pages\/25984\/revisions\/26979"}],"wp:featuredmedia":[{"embeddable":true,"href":"https:\/\/elportillord.com\/fr\/wp-json\/wp\/v2\/media\/25972"}],"wp:attachment":[{"href":"https:\/\/elportillord.com\/fr\/wp-json\/wp\/v2\/media?parent=25984"}],"curies":[{"name":"wp","href":"https:\/\/api.w.org\/{rel}","templated":true}]}}